{"id":32655,"date":"2025-09-29T12:44:42","date_gmt":"2025-09-29T10:44:42","guid":{"rendered":"https:\/\/alteriade-clients.alwaysdata.net\/appel\/?page_id=32655"},"modified":"2025-09-29T12:45:36","modified_gmt":"2025-09-29T10:45:36","slug":"politique-de-confidentialite","status":"publish","type":"page","link":"https:\/\/alteriade-clients.alwaysdata.net\/appel\/politique-de-confidentialite\/","title":{"rendered":"Politique de confidentialit\u00e9"},"content":{"rendered":"\t\t<div data-elementor-type=\"wp-page\" data-elementor-id=\"32655\" class=\"elementor elementor-32655\" data-elementor-post-type=\"page\">\n\t\t\t\t<div class=\"has_eae_slider elementor-element elementor-element-3b88a73d e-flex e-con-boxed e-con e-parent\" data-eae-slider=\"42924\" data-id=\"3b88a73d\" data-element_type=\"container\">\n\t\t\t\t\t<div class=\"e-con-inner\">\n\t\t\t\t<div class=\"elementor-element elementor-element-ed856cc elementor-widget elementor-widget-text-editor\" data-id=\"ed856cc\" data-element_type=\"widget\" data-widget_type=\"text-editor.default\">\n\t\t\t\t<div class=\"elementor-widget-container\">\n\t\t\t\t\t\t\t\t\t\n<p><strong>L\u2019Appel<\/strong>\u00a0apporte une attention particuli\u00e8re \u00e0 la protection des donn\u00e9es \u00e0 caract\u00e8re personnel. Il s\u2019agit d\u2019une condition essentielle de la relation de confiance que\u00a0<strong>L\u2019Appel<\/strong>\u00a0souhaite \u00e9tablir avec tous ceux qui lui confient leurs donn\u00e9es \u00e0 caract\u00e8re personnel.<\/p>\n\n<p>La pr\u00e9sente politique de confidentialit\u00e9 et de protection des Donn\u00e9es \u00e0 caract\u00e8re personnel (ci-apr\u00e8s la \u00ab\u00a0Politique\u00a0\u00bb) \u00e9nonce les pratiques et les conditions dans lesquelles\u00a0<strong>L\u2019<\/strong><strong>A<\/strong><strong>ppel<\/strong>\u00a0(ci-apr\u00e8s la \u00ab\u00a0L\u2019Association\u00a0<strong>L\u2019<\/strong><strong>A<\/strong><strong>ppel<\/strong>\u00a0\u00bb) traite vos Donn\u00e9es \u00e0 caract\u00e8re personnel.<br \/>La pr\u00e9sente Politique s\u2019applique lorsque vos Donn\u00e9es sont collect\u00e9es sur les sites internes de\u00a0<strong>L\u2019<\/strong><strong>A<\/strong><strong>ppel<\/strong>\u00a0(ci-apr\u00e8s \u00ab\u00a0les Sites lappel.org et nutricartes.org\u00a0\u00bb) et \/ ou les applications mobiles de l\u2019Association\u00a0<strong>L\u2019<\/strong><strong>A<\/strong><strong>ppel<\/strong>\u00a0(ci-apr\u00e8s les \u00ab\u00a0Application mobile Nutricartes\u00ae\u00a0\u00bb) ainsi que dans le cadre de vos relations, de quelque nature qu\u2019elles soient, avec l\u2019association.<\/p>\n\n<p>Les Donn\u00e9es \u00e0 caract\u00e8re personnel (ci-apr\u00e8s les \u00ab\u00a0Donn\u00e9es\u00a0\u00bb) sont toute information se rapportant \u00e0 une personne physique identifi\u00e9e ou identifiable\u00a0; est r\u00e9put\u00e9e \u00eatre une \u00ab\u00a0personne physique identifiable\u00a0\u00bb une personne physique qui peut \u00eatre identifi\u00e9e, directement ou indirectement, notamment par r\u00e9f\u00e9rence \u00e0 un identifiant, tel qu\u2019un nom, un num\u00e9ro d\u2019identification, des donn\u00e9es de localisation, un identifiant en ligne, ou \u00e0 un ou plusieurs \u00e9l\u00e9ments sp\u00e9cifiques propres \u00e0 son identit\u00e9 physique, physiologique, g\u00e9n\u00e9tique, psychique, \u00e9conomique, culturelle ou sociale\u00a0; tel que ce terme est d\u00e9fini par la r\u00e9glementation en vigueur.<\/p>\n\n<h4 class=\"wp-block-heading\"><strong>1 \u2013 QUELLES SONT LES DONN\u00c9ES COLLECT\u00c9ES\u00a0?<\/strong><\/h4>\n\n<p>En fonction de la fa\u00e7on dont vous interagissez avec l\u2019Association et de la finalit\u00e9 de cette interaction, l\u2019Association\u00a0<strong>L\u2019<\/strong><strong>A<\/strong><strong>ppel<\/strong>\u00a0est susceptible de collecter les Donn\u00e9es suivantes\u00a0:<\/p>\n\n<ul class=\"wp-block-list\">\n<li>Donn\u00e9s relatives \u00e0 votre identit\u00e9\u00a0: nom, pr\u00e9nom, date de naissance, adresse, t\u00e9l\u00e9phone, email, coordonn\u00e9es bancaires\u2026 ces Donn\u00e9es d\u00e9signent notamment votre nom, votre pr\u00e9nom, votre adresse \u00e9lectronique, votre adresse postale ou encore votre num\u00e9ro de t\u00e9l\u00e9phone et votre profil (partenaires, animateur, b\u00e9n\u00e9ficiaire, &#8230;), vos coordonn\u00e9es bancaires.<\/li>\n\n<li>Donn\u00e9es relatives \u00e0 la connexion et \u00e0 l\u2019utilisation du Compte lorsque vous en \u00eates titulaire\u00a0: ces Donn\u00e9es d\u00e9signent l\u2019ensemble des informations dont vous avez besoin pour acc\u00e9der \u00e0 votre espace personnel ainsi que celles relatives \u00e0 l\u2019utilisation du Compte et notamment, vos identifiant et mot de passe, vos choix et pr\u00e9f\u00e9rences.<\/li>\n\n<li>Donn\u00e9es relatives \u00e0 la navigation\u00a0: ces Donn\u00e9es concernent la mani\u00e8re dont l\u2019Utilisateur navigue sur les Sites et \/ ou l\u2019Application Nutricartes\u00ae. Ces Donn\u00e9es peuvent inclure l\u2019adresse IP, la r\u00e9solution de l\u2019\u00e9cran, le navigateur utilis\u00e9, le temps de navigation, l\u2019historique de recherche, le syst\u00e8me d\u2019exploitation utilis\u00e9, la langue et les pages visualis\u00e9es.<\/li>\n\n<li>Donn\u00e9es relatives \u00e0 l\u2019utilisation des r\u00e9seaux sociaux\u00a0: lorsque vous interagissez avec les fonctionnalit\u00e9s de r\u00e9seaux sociaux.<\/li>\n<\/ul>\n\n<h4 class=\"wp-block-heading\"><strong>2 \u2013 COMMENT VOS DONN\u00c9ES SONT-ELLES COLLECT\u00c9ES\u00a0?<\/strong><\/h4>\n\n<p><strong>2.1.<\/strong>\u00a0En fonction de la fa\u00e7on dont vous interagissez avec l\u2019Association\u00a0<strong>L\u2019<\/strong><strong>A<\/strong><strong>ppel<\/strong>, cette derni\u00e8re est susceptible de collecter vos Donn\u00e9es selon les modalit\u00e9s d\u00e9crites comme suit.<\/p>\n\n<p><strong>2.2.\u00a0<\/strong>L\u2019Association\u00a0<strong>L\u2019<\/strong><strong>A<\/strong><strong>ppel<\/strong>\u00a0collecte vos Donn\u00e9es directement aupr\u00e8s de vous lorsque notamment vous remplissez un formulaire d\u2019inscription ou encore que vous vous adressez \u00e0 l\u2019Association\u00a0<strong>L\u2019<\/strong><strong>A<\/strong><strong>ppel<\/strong>\u00a0(par exemple en lui adressant un courrier \u00e9lectronique).<\/p>\n\n<p><strong>2.3.<\/strong>\u00a0L\u2019Association\u00a0<strong>L\u2019<\/strong><strong>A<\/strong><strong>ppel<\/strong>\u00a0collecte indirectement vos Donn\u00e9es lorsque vous naviguez sur les Sites lappel.org et nutricartes.org et \/ ou l\u2019Application Nutricartes\u00ae.<\/p>\n\n<p><strong>2.4.<\/strong>\u00a0Lorsque vous communiquez des Donn\u00e9es \u00e0 L\u2019Association\u00a0<strong>L\u2019<\/strong><strong>A<\/strong><strong>ppel<\/strong>, il vous appartient de vous assurer qu\u2019elles sont exactes et compl\u00e8tes. Le cas \u00e9ch\u00e9ant, vous devez les mettre \u00e0 jour.<\/p>\n\n<p><strong>2.5.<\/strong>\u00a0Les Donn\u00e9es pr\u00e9sent\u00e9es comme obligatoires sont n\u00e9cessaires \u00e0 la gestion de votre demande et pour nous permettre de vous fournir les services sollicit\u00e9s. Le caract\u00e8re obligatoire ou facultatif des Donn\u00e9es est indiqu\u00e9 sur les formulaires ainsi que les \u00e9ventuelles cons\u00e9quences en cas de d\u00e9faut de r\u00e9ponse.<\/p>\n\n<h4 class=\"wp-block-heading\"><strong>3 \u2013 POURQUOI VOS DONN\u00c9ES SONT-ELLES COLLECT\u00c9ES\u00a0?<\/strong><\/h4>\n\n<p>Vos Donn\u00e9es font l\u2019objet de traitements automatis\u00e9s mis en \u0153uvre par l\u2019Association\u00a0<strong>L\u2019<\/strong><strong>A<\/strong><strong>ppel<\/strong>\u00a0pour les diverses finalit\u00e9s ci-apr\u00e8s d\u00e9crites dans le cadre de votre utilisation des Sites lappel.org et nutricartes.org et \/ ou de l\u2019Application Nutricartes\u00ae.<\/p>\n\n<p>Sur la base de votre consentement, l\u2019Association\u00a0<strong>L\u2019<\/strong><strong>A<\/strong><strong>ppel<\/strong>\u00a0peut vous adresser, par tous canaux, des actualit\u00e9s.<\/p>\n\n<p>Avec votre consentement lorsqu\u2019il est requis, vos Donn\u00e9es sont aussi susceptibles d\u2019\u00eatre trait\u00e9es pour (i) analyser vos pr\u00e9f\u00e9rences et vos habitudes, (ii) r\u00e9aliser des statistiques.<\/p>\n\n<h4 class=\"wp-block-heading\"><strong>4 \u2013 A QUI VOS DONN\u00c9ES SONT-ELLES DESTIN\u00c9ES\u00a0?<\/strong><\/h4>\n\n<p><strong>4.1.\u00a0<\/strong>Vos Donn\u00e9es sont trait\u00e9es par les \u00e9quipes internes de l\u2019Association\u00a0<strong>L\u2019<\/strong><strong>A<\/strong><strong>ppel<\/strong>. En outre, seuls les prestataires de service et leur personnel limitativement habilit\u00e9s sont autoris\u00e9s \u00e0 acc\u00e9der \u00e0 vos Donn\u00e9es et ce, eu \u00e9gard aux prestations sp\u00e9cifiques qui leur sont confi\u00e9es et qu\u2019ils doivent r\u00e9aliser pour le compte exclusif de l\u2019Association\u00a0<strong>L\u2019<\/strong><strong>A<\/strong><strong>ppel<\/strong>\u00a0dans le strict respect d\u2019obligations notamment de s\u00e9curit\u00e9 et de confidentialit\u00e9.<\/p>\n\n<p><strong>4.2. Vos donn\u00e9es ne sont pas \u00e9chang\u00e9es ni c\u00e9d\u00e9es avec d\u2019autres associations caritatives ou soci\u00e9t\u00e9s commerciales.<\/strong><\/p>\n\n<p><strong>4.3.\u00a0<\/strong>Lorsque la r\u00e9glementation en vigueur l\u2019exige, l\u2019Association\u00a0<strong>L\u2019<\/strong><strong>A<\/strong><strong>ppel<\/strong>\u00a0est susceptible de transmettre vos Donn\u00e9es aux organismes et autorit\u00e9s l\u00e9galement autoris\u00e9s \u00e0 y acc\u00e9der (notamment les autorit\u00e9s judiciaires et administratives).<\/p>\n\n<h4 class=\"wp-block-heading\"><strong>5 \u2013 COMMENT VOS DONN\u00c9ES SONT-ELLES PROT\u00c9G\u00c9ES\u00a0?<\/strong><\/h4>\n\n<p>L\u2019Association\u00a0<strong>L\u2019<\/strong><strong>A<\/strong><strong>ppel<\/strong>\u00a0prend toutes pr\u00e9cautions utiles afin de pr\u00e9server la s\u00e9curit\u00e9 et la confidentialit\u00e9 de vos Donn\u00e9es afin, notamment, d\u2019emp\u00eacher qu\u2019elles soient d\u00e9form\u00e9es, endommag\u00e9es, divulgu\u00e9es et que des tiers non-autoris\u00e9s y aient acc\u00e8s.<\/p>\n\n<h4 class=\"wp-block-heading\"><strong>6 \u2013 QUELS SONT VOS DROITS\u00a0?<\/strong><\/h4>\n\n<p><strong>6.1.<\/strong>\u00a0Conform\u00e9ment \u00e0 la r\u00e9glementation applicable et dans les conditions qu\u2019elle d\u00e9finit, vous pouvez \u00e0 tout moment exercer votre\u00a0:<\/p>\n\n<ul class=\"wp-block-list\">\n<li>Droit d\u2019acc\u00e8s\u00a0: vous pouvez demander \u00e0 l\u2019Association\u00a0<strong>L\u2019<\/strong><strong>A<\/strong><strong>ppel<\/strong>\u00a0des informations sur les traitements dont les Donn\u00e9es vous concernent.<\/li>\n\n<li>Droit de rectification\u00a0: vous pouvez demander la rectification des Donn\u00e9es inexactes vous concernant lorsque celles d\u00e9tenues par l\u2019Association\u00a0<strong>L\u2019<\/strong><strong>A<\/strong><strong>ppel<\/strong>\u00a0sont erron\u00e9es ou incompl\u00e8tes.<\/li>\n\n<li>Droit \u00e0 l\u2019effacement\u00a0: vous avez le droit d\u2019obtenir de l\u2019Association\u00a0<strong>L\u2019<\/strong><strong>A<\/strong><strong>ppel<\/strong>\u00a0l\u2019effacement de vos Donn\u00e9es lorsqu\u2019un des motifs pr\u00e9vus par la r\u00e9glementation existe (inutilit\u00e9 des Donn\u00e9es, retrait de votre consentement pour les traitements fond\u00e9s sur ce dernier, etc.).<\/li>\n\n<li>Droit d\u2019opposition\u00a0: vous avez le droit de vous opposer \u00e0 tout moment, pour des raisons tenant \u00e0 votre situation particuli\u00e8re, au traitement de vos Donn\u00e9es y compris \u00e0 des fins de prospection.<\/li>\n\n<li>Droit \u00e0 la portabilit\u00e9 de vos Donn\u00e9es\u00a0: vous avez le droit de recevoir les Donn\u00e9es dans un format exploitable.<\/li>\n\n<li>Droit \u00e0 la limitation\u00a0: vous pouvez demander \u00e0 l\u2019Association\u00a0<strong>L\u2019<\/strong><strong>A<\/strong><strong>ppel<\/strong>\u00a0la suspension du traitement de vos Donn\u00e9es lorsqu\u2019un des motifs pr\u00e9vus par la r\u00e9glementation existe (contestation de l\u2019exactitude des donn\u00e9es, etc.).<\/li>\n<\/ul>\n\n<p><strong>6.2.<\/strong>\u00a0Lorsque vos Donn\u00e9es sont trait\u00e9es avec votre consentement, vous pouvez, \u00e0 tout moment, le r\u00e9voquer.<\/p>\n\n<p><strong>6.3.<\/strong>\u00a0Vous pouvez exercer vos droits en contactant l\u2019Association\u00a0<strong>L\u2019<\/strong><strong>A<\/strong><strong>ppel<\/strong>\u00a0:<br \/>par voie \u00e9lectronique \u00e0 l\u2019adresse\u00a0: association@lappel.org<br \/>par voie postale aux coordonn\u00e9es suivantes\u00a0: L\u2019Apppel &#8211; 89 avenue de Flandre, 75019 Paris, FRANCE<\/p>\n\n<h4 class=\"wp-block-heading\"><strong>7 \u2013 PENDANT COMBIEN DE TEMPS CONSERVONS NOUS VOS DONN\u00c9ES\u00a0?<\/strong><\/h4>\n\n<p><strong>7.1.<\/strong>\u00a0L\u2019Association\u00a0<strong>L\u2019<\/strong><strong>A<\/strong><strong>ppel<\/strong>\u00a0conserve vos Donn\u00e9es pendant une dur\u00e9e qui n\u2019exc\u00e8de pas la dur\u00e9e n\u00e9cessaire aux finalit\u00e9s expos\u00e9es par la pr\u00e9sente Politique. Au-del\u00e0, vos Donn\u00e9es sont susceptibles d\u2019\u00eatre archiv\u00e9es pour respecter les obligations l\u00e9gales auxquelles l\u2019Association\u00a0<strong>L\u2019<\/strong><strong>A<\/strong><strong>ppel<\/strong>\u00a0est soumise ou supprim\u00e9es.<\/p>\n\n<p><strong>7.2.<\/strong>\u00a0Les Donn\u00e9es permettant d\u2019\u00e9tablir la preuve d\u2019un droit ou d\u2019un contrat, ou conserv\u00e9es au titre du respect d\u2019une obligation l\u00e9gale par l\u2019Association\u00a0<strong>L\u2019<\/strong><strong>A<\/strong><strong>ppel<\/strong>\u00a0sont archiv\u00e9es conform\u00e9ment aux dispositions en vigueur.<\/p>\n\n<h4 class=\"wp-block-heading\"><strong>8 \u2013 TRANSFERT DES DONN\u00c9ES<\/strong><\/h4>\n\n<p>Pour l\u2019h\u00e9bergement et le traitement de vos Donn\u00e9es, l\u2019Association\u00a0<strong>L\u2019<\/strong><strong>A<\/strong><strong>ppel<\/strong>\u00a0utilise des moyens situ\u00e9s sur le territoire de l\u2019Union europ\u00e9enne.<\/p>\n\n<h4 class=\"wp-block-heading\"><strong>9 \u2013 COOKIES<\/strong><\/h4>\n\n<p>Vous \u00eates inform\u00e9 que, lors de vos visites sur les Sites lappel.org et nutricartes.org et \/ ou l\u2019Application Nutricartes\u00ae, un ou plusieurs Cookies peuvent \u00eatre install\u00e9s sur votre terminal.<\/p>\n\n<p><strong>9.1. Qu\u2019est-ce qu\u2019un Cookie\u00a0?<\/strong><\/p>\n\n<p>Au sens de la pr\u00e9sente Politique, le Cookie d\u00e9signe l\u2019ensemble des formes d\u2019acc\u00e8s et d\u2019inscription d\u2019informations sur votre terminal et notamment les informations envoy\u00e9es par les Sites lappel.org et nutricartes.org et \/ ou l\u2019Application Nutricartes\u00ae et stock\u00e9es par votre navigateur sur un espace d\u00e9di\u00e9 du disque dur dudit terminal.<\/p>\n\n<p><strong>9.2. Pourquoi et comment les Cookies sont-ils utilis\u00e9s\u00a0?<\/strong><\/p>\n\n<p>9.2.1. L\u2019association utilise des Cookies pour\u00a0:<\/p>\n\n<ul class=\"wp-block-list\">\n<li>assurer le fonctionnement et optimiser la performance des Sites lappel.org et nutricartes.org et \/ ou de l\u2019Application Nutricartes\u00ae,<\/li>\n\n<li>adapter les Sites lappel.org et nutricartes.org et \/ ou l\u2019Application Nutricartes\u00ae \u00e0 vos pr\u00e9f\u00e9rences. A titre d\u2019exemple, les Sites et \/ ou l\u2019Application Nutricartes\u00ae s\u2019adaptent aux pr\u00e9f\u00e9rences d\u2019affichage de votre terminal,<\/li>\n\n<li>faciliter votre navigation notamment en vous \u00e9vitant d\u2019avoir \u00e0 ressaisir des informations \u00e0 chaque visite sur les Sites lappel.org et nutricartes.org et \/ ou l\u2019Application Nutricartes\u00ae,<\/li>\n\n<li>r\u00e9aliser la mesure d\u2019audience des Sites lappel.org et nutricartes.org et \/ ou de l\u2019Application Nutricartes\u00ae et des communications qui vous sont adress\u00e9es,<\/li>\n\n<li>r\u00e9aliser des incitations \u00e0 dons adapt\u00e9es \u00e0 vos centres d\u2019int\u00e9r\u00eats,<br \/>d\u00e9velopper l\u2019interactivit\u00e9 des Sites lappel.org et nutricartes.org et \/ ou de l\u2019Application Nutricartes\u00ae,<\/li>\n<\/ul>\n\n<p>9.2.2. Vous \u00eates \u00e9galement inform\u00e9 que l\u2019Association\u00a0<strong>L\u2019<\/strong><strong>A<\/strong><strong>ppel<\/strong>\u00a0permet \u00e0 des tiers de d\u00e9poser des Cookies via les Sites lappel.org et nutricartes.org et \/ ou l\u2019Application Nutricartes\u00ae. L\u2019Association\u00a0<strong>L\u2019<\/strong><strong>A<\/strong><strong>ppel<\/strong>\u00a0attire votre attention sur le fait que ces Cookies sont uniquement et seulement exploit\u00e9s par ces tiers.<\/p>\n\n<p><strong>9.3. Quels sont les types de Cookies utilis\u00e9s\u00a0?<\/strong><\/p>\n\n<p>9.3.1 Les Cookies Techniques<br \/>Les Cookies Techniques ont pour finalit\u00e9 de faciliter la navigation sur les Sites lappel.org et nutricartes.org et \/ ou l\u2019Application Nutricartes\u00ae, de permettre et d\u2019am\u00e9liorer le fonctionnement des Sites et \/ ou de l\u2019Application Nutricartes\u00ae ainsi que l\u2019acc\u00e8s aux diff\u00e9rentes fonctionnalit\u00e9s des Sites lappel.org et nutricartes.org et \/ ou de l\u2019Application Nutricartes\u00ae.<br \/>Vous \u00eates inform\u00e9 que si vous choisissez de d\u00e9sactiver ces Cookies Techniques, l\u2019acc\u00e8s aux services pourrait alors se r\u00e9v\u00e9ler alt\u00e9r\u00e9. Dans ce contexte, la responsabilit\u00e9 de l\u2019Association\u00a0<strong>L\u2019<\/strong><strong>A<\/strong><strong>ppel<\/strong>\u00a0ne saurait \u00eatre engag\u00e9e \u00e0 aucun titre.<\/p>\n\n<p>9.3.2. Les Cookies de Mesure d\u2019Audience<br \/>Les Cookies de Mesure d\u2019Audience permettent de mesurer la fr\u00e9quentation des Sites et des communications qui vous sont adress\u00e9es (contenus, rubriques, temps pass\u00e9, navigateur utilis\u00e9\u2026).<br \/>Vous \u00eates inform\u00e9 que ces Cookies de Mesure d\u2019Audience peuvent, le cas \u00e9ch\u00e9ant, \u00eatre d\u00e9pos\u00e9s sur les Sites lappel.org et nutricartes.org et \/ ou l\u2019Application Nutricartes\u00ae par des tiers pour le compte de l\u2019Association\u00a0<strong>L\u2019<\/strong><strong>A<\/strong><strong>ppel<\/strong>.<\/p>\n\n<p>9.3.3. Les Cookies Tiers li\u00e9s aux boutons de partage des r\u00e9seaux sociaux (Cookies Tiers de r\u00e9seaux sociaux)<br \/>Les Cookies Tiers de r\u00e9seaux sociaux permettent de partager le contenu des Sites lappel.org et nutricartes.org et \/ ou de l\u2019Application Nutricartes\u00ae avec des tiers. Tel est, notamment, le cas pour des boutons \u00ab\u00a0partager\u00a0\u00bb ou \u00ab\u00a0j\u2019aime\u00a0\u00bb \u00e9manant de tiers tel que Facebook ou Twitter. l\u2019Association\u00a0<strong>L\u2019<\/strong><strong>A<\/strong><strong>ppel<\/strong>\u00a0ne contr\u00f4le pas ces Cookies Tiers de r\u00e9seaux sociaux et les Donn\u00e9es collect\u00e9es par le biais par les soci\u00e9t\u00e9s gestionnaires de ces r\u00e9seaux sociaux.<br \/>Si vous ne souhaitez pas que les soci\u00e9t\u00e9s gestionnaires des r\u00e9seaux sociaux relient les donn\u00e9es collect\u00e9es par l\u2019interm\u00e9diaire des Sites lappel.org et nutricartes.org et \/ ou de l\u2019Application Nutricartes\u00ae au compte dont vous \u00eates titulaire, vous devez auparavant vous d\u00e9connecter du r\u00e9seau social.<br \/>L\u2019Utilisateur est invit\u00e9 \u00e0 consulter les politiques de protection de donn\u00e9es \u00e0 caract\u00e8re personnel des soci\u00e9t\u00e9s gestionnaires des r\u00e9seaux sociaux concern\u00e9s.<\/p>\n\n<p><strong>9.4. Quelle est la dur\u00e9e de conservation des Cookies\u00a0?<\/strong><\/p>\n\n<p>Conform\u00e9ment aux principes relatifs \u00e0 la protection des Donn\u00e9es, vous \u00eates inform\u00e9 que les Cookies sont conserv\u00e9s pendant la dur\u00e9e strictement n\u00e9cessaire aux finalit\u00e9s pour lesquelles ils sont utilis\u00e9s et ce, dans les limites d\u00e9finies par l\u2019autorit\u00e9 de protection comp\u00e9tente.<\/p>\n\n<p><strong>9.5. Comment pouvez-vous g\u00e9rer le d\u00e9p\u00f4t et la lecture des Cookies\u00a0?<\/strong><\/p>\n\n<p>9.5.1. Vous \u00eates inform\u00e9 que vous pouvez modifier les param\u00e8tres de notre navigateur relatifs aux cookies afin de d\u00e9sactiver tout ou une partie des cookies\u00a0:<\/p>\n\n<ul class=\"wp-block-list\">\n<li>Pour Internet Explorer\u2122\u00a0: ouvrez le menu \u00ab\u00a0Outils\u00a0\u00bb, puis s\u00e9lectionnez \u00ab\u00a0Options internet\u00a0\u00bb\u00a0; cliquez sur l\u2019onglet \u00ab\u00a0Confidentialit\u00e9\u00a0\u00bb puis l\u2019onglet \u00ab\u00a0Avanc\u00e9\u00a0\u00bb choisissez le niveau souhait\u00e9 ou suivez ce lien\u00a0:\u00a0<a href=\"http:\/\/windows.microsoft.com\/fr-FR\/windows-vista\/Block-or-allow-cookies\">http:\/\/windows.microsoft.com\/fr-FR\/windows-vista\/Block-or-allow-cookies<\/a><\/li>\n\n<li>Pour Firefox\u2122\u00a0: ouvrez le menu \u00ab\u00a0Outils\u00a0\u00bb, puis s\u00e9lectionnez \u00ab\u00a0Options\u00a0\u00bb\u00a0; cliquez sur l\u2019onglet \u00ab\u00a0Vie priv\u00e9e\u00a0\u00bb puis choisissez les options souhait\u00e9es ou suivez ce lien\u00a0:\u00a0<a href=\"http:\/\/support.mozilla.org\/fr\/kb\/Activer%20et%20d%C3%A9sactiver%20les%20cookies\">http:\/\/support.mozilla.org\/fr\/kb\/Activer%20et%20d%C3%A9sactiver%20les%20cookies<\/a><\/li>\n\n<li>Pour Chrome\u2122\u00a0: ouvrez le menu de configuration (logo cl\u00e9 \u00e0 molette), puis s\u00e9lectionnez \u00ab\u00a0Options\u00a0\u00bb\u00a0; cliquez sur \u00ab\u00a0Options avanc\u00e9es\u00a0\u00bb puis dans la section \u00ab\u00a0Confidentialit\u00e9\u00a0\u00bb, cliquez sur \u00ab\u00a0Param\u00e8tres de contenu\u00a0\u00bb, et choisissez les options souhait\u00e9es ou suivez le lien suivant\u00a0:<a href=\"http:\/\/support.google.com\/chrome\/bin\/answer.py?hl=fr&amp;hlrm=en&amp;answer=95647\">http:\/\/support.google.com\/chrome\/bin\/answer.py?hl=fr&amp;hlrm=en&amp;answer=95647<\/a><\/li>\n\n<li>Pour Opera\u2122\u00a0: ouvrez le menu \u00ab\u00a0Outils\u00a0\u00bb ou \u00ab\u00a0R\u00e9glages\u00a0\u00bb, puis s\u00e9lectionnez \u00ab\u00a0Supprimer les donn\u00e9es priv\u00e9es\u00a0\u00bb\u00a0; cliquez sur l\u2019onglet \u00ab\u00a0Options d\u00e9taill\u00e9es\u00a0\u00bb, puis choisissez les options souhait\u00e9es ou suivez ce lien\u00a0:\u00a0<a href=\"http:\/\/help.opera.com\/Windows\/10.20\/fr\/cookies.html\">http:\/\/help.opera.com\/Windows\/10.20\/fr\/cookies.html<\/a><\/li>\n<\/ul>\n\n<p>9.5.2. Les principales soci\u00e9t\u00e9s gestionnaires des r\u00e9seaux sociaux disposent \u00e9galement de pages d\u00e9di\u00e9es aux Cookies comme pr\u00e9sent\u00e9 ci-dessous\u00a0:<\/p>\n\n<ul class=\"wp-block-list\">\n<li>Pour Facebook\u00a0:\u00a0<a href=\"https:\/\/www.facebook.com\/policies\/cookies\">https:\/\/www.facebook.com\/policies\/cookies<\/a><\/li>\n\n<li>Pour Twitter\u00a0:\u00a0<a href=\"https:\/\/support.twitter.com\/articles\/20171379-twitter-prend-en-charge-la-desactivation-du-suivi-dnt#\">https:\/\/support.twitter.com\/articles\/20171379-twitter-prend-en-charge-la-desactivation-du-suivi-dnt#<\/a><\/li>\n\n<li>Pour Google\u00a0:\u00a0<a href=\"https:\/\/support.google.com\/accounts\/answer\/61416?hl=fr\">https:\/\/support.google.com\/accounts\/answer\/61416?hl=fr<\/a><\/li>\n\n<li>Pour LinkedIn\u00a0:\u00a0<a href=\"http:\/\/www.linkedin.com\/legal\/cookie-policy\">http:\/\/www.linkedin.com\/legal\/cookie-policy<\/a><\/li>\n<\/ul>\n\n<p>En ce qui concerne les r\u00e9seaux sociaux, l\u2019Utilisateur doit suivre les d\u00e9marches sp\u00e9cifiques au r\u00e9seau social concern\u00e9 pour d\u00e9sactiver les cookies.<\/p>\n\n<h4 class=\"wp-block-heading\"><strong>10 \u2013 MODIFICATION DE LA POLITIQUE DE PROTECTION DES DONN\u00c9ES<\/strong><\/h4>\n\n<p><strong>10.1.<\/strong>\u00a0Toute modification par l\u2019Association\u00a0<strong>L\u2019<\/strong><strong>A<\/strong><strong>ppel<\/strong>\u00a0de la pr\u00e9sente Politique fera l\u2019objet d\u2019une mise \u00e0 jour sur les Sites lappel.org et nutricartes.org et \/ ou l\u2019Application Nutricartes\u00ae.<\/p>\n\n<p><strong>10.2.\u00a0<\/strong>L\u2019Utilisateur est invit\u00e9 \u00e0 consulter r\u00e9guli\u00e8rement la pr\u00e9sente Politique afin de prendre connaissance de toute mise \u00e0 jour ou modification.<\/p>\n\n<p><strong>10.3.<\/strong>\u00a0Si l\u2019une quelconque des clauses de la pr\u00e9sente Politique est d\u00e9clar\u00e9e nulle ou contraire \u00e0 la r\u00e9glementation, elle sera r\u00e9put\u00e9e non \u00e9crite mais n\u2019entra\u00eenera pas la nullit\u00e9 des autres clauses de la Politique.<\/p>\n\n<p>\u00a0<\/p>\n\t\t\t\t\t\t\t\t<\/div>\n\t\t\t\t<\/div>\n\t\t\t\t\t<\/div>\n\t\t\t\t<\/div>\n\t\t\t\t<\/div>\n\t\t","protected":false},"excerpt":{"rendered":"<p>L\u2019Appel\u00a0apporte une attention particuli\u00e8re \u00e0 la protection des donn\u00e9es \u00e0 caract\u00e8re personnel. Il s\u2019agit d\u2019une condition essentielle de la relation de confiance que\u00a0L\u2019Appel\u00a0souhaite \u00e9tablir avec tous ceux qui lui confient leurs donn\u00e9es \u00e0 caract\u00e8re personnel. La pr\u00e9sente politique de confidentialit\u00e9 et de protection des Donn\u00e9es \u00e0 caract\u00e8re personnel (ci-apr\u00e8s la \u00ab\u00a0Politique\u00a0\u00bb) \u00e9nonce les pratiques et [&hellip;]<\/p>\n","protected":false},"author":1,"featured_media":0,"parent":0,"menu_order":0,"comment_status":"closed","ping_status":"closed","template":"","meta":{"_acf_changed":false,"footnotes":""},"class_list":["post-32655","page","type-page","status-publish","hentry","entry"],"acf":[],"yoast_head":"<!-- This site is optimized with the Yoast SEO plugin v26.1 - https:\/\/yoast.com\/wordpress\/plugins\/seo\/ -->\n<title>Politique de confidentialit\u00e9 - Association humanitaire L&#039;Appel et parrainages d&#039;enfants<\/title>\n<meta name=\"robots\" content=\"noindex, follow, max-snippet:-1, max-image-preview:large, max-video-preview:-1\" \/>\n<meta property=\"og:locale\" content=\"fr_FR\" \/>\n<meta property=\"og:type\" content=\"article\" \/>\n<meta property=\"og:title\" content=\"Politique de confidentialit\u00e9 - Association humanitaire L&#039;Appel et parrainages d&#039;enfants\" \/>\n<meta property=\"og:description\" content=\"L\u2019Appel\u00a0apporte une attention particuli\u00e8re \u00e0 la protection des donn\u00e9es \u00e0 caract\u00e8re personnel. Il s\u2019agit d\u2019une condition essentielle de la relation de confiance que\u00a0L\u2019Appel\u00a0souhaite \u00e9tablir avec tous ceux qui lui confient leurs donn\u00e9es \u00e0 caract\u00e8re personnel. La pr\u00e9sente politique de confidentialit\u00e9 et de protection des Donn\u00e9es \u00e0 caract\u00e8re personnel (ci-apr\u00e8s la \u00ab\u00a0Politique\u00a0\u00bb) \u00e9nonce les pratiques et [&hellip;]\" \/>\n<meta property=\"og:url\" content=\"https:\/\/alteriade-clients.alwaysdata.net\/appel\/politique-de-confidentialite\/\" \/>\n<meta property=\"og:site_name\" content=\"Association humanitaire L&#039;Appel et parrainages d&#039;enfants\" \/>\n<meta property=\"article:modified_time\" content=\"2025-09-29T10:45:36+00:00\" \/>\n<meta name=\"twitter:card\" content=\"summary_large_image\" \/>\n<meta name=\"twitter:label1\" content=\"Dur\u00e9e de lecture estim\u00e9e\" \/>\n\t<meta name=\"twitter:data1\" content=\"11 minutes\" \/>\n<script type=\"application\/ld+json\" class=\"yoast-schema-graph\">{\"@context\":\"https:\/\/schema.org\",\"@graph\":[{\"@type\":\"WebPage\",\"@id\":\"https:\/\/alteriade-clients.alwaysdata.net\/appel\/politique-de-confidentialite\/\",\"url\":\"https:\/\/alteriade-clients.alwaysdata.net\/appel\/politique-de-confidentialite\/\",\"name\":\"Politique de confidentialit\u00e9 - Association humanitaire L&#039;Appel et parrainages d&#039;enfants\",\"isPartOf\":{\"@id\":\"https:\/\/alteriade-clients.alwaysdata.net\/appel\/#website\"},\"datePublished\":\"2025-09-29T10:44:42+00:00\",\"dateModified\":\"2025-09-29T10:45:36+00:00\",\"breadcrumb\":{\"@id\":\"https:\/\/alteriade-clients.alwaysdata.net\/appel\/politique-de-confidentialite\/#breadcrumb\"},\"inLanguage\":\"fr-FR\",\"potentialAction\":[{\"@type\":\"ReadAction\",\"target\":[\"https:\/\/alteriade-clients.alwaysdata.net\/appel\/politique-de-confidentialite\/\"]}]},{\"@type\":\"BreadcrumbList\",\"@id\":\"https:\/\/alteriade-clients.alwaysdata.net\/appel\/politique-de-confidentialite\/#breadcrumb\",\"itemListElement\":[{\"@type\":\"ListItem\",\"position\":1,\"name\":\"Accueil\",\"item\":\"https:\/\/alteriade-clients.alwaysdata.net\/appel\/\"},{\"@type\":\"ListItem\",\"position\":2,\"name\":\"Politique de confidentialit\u00e9\"}]},{\"@type\":\"WebSite\",\"@id\":\"https:\/\/alteriade-clients.alwaysdata.net\/appel\/#website\",\"url\":\"https:\/\/alteriade-clients.alwaysdata.net\/appel\/\",\"name\":\"Association humanitaire l'Appel et parrainages d'enfants\",\"description\":\"Solidarit\u00e9 avec les enfants du monde\",\"publisher\":{\"@id\":\"https:\/\/alteriade-clients.alwaysdata.net\/appel\/#organization\"},\"alternateName\":\"L'Appel\",\"potentialAction\":[{\"@type\":\"SearchAction\",\"target\":{\"@type\":\"EntryPoint\",\"urlTemplate\":\"https:\/\/alteriade-clients.alwaysdata.net\/appel\/?s={search_term_string}\"},\"query-input\":{\"@type\":\"PropertyValueSpecification\",\"valueRequired\":true,\"valueName\":\"search_term_string\"}}],\"inLanguage\":\"fr-FR\"},{\"@type\":\"Organization\",\"@id\":\"https:\/\/alteriade-clients.alwaysdata.net\/appel\/#organization\",\"name\":\"Association humanitaire L'Appel et parrainages d'enfants\",\"url\":\"https:\/\/alteriade-clients.alwaysdata.net\/appel\/\",\"logo\":{\"@type\":\"ImageObject\",\"inLanguage\":\"fr-FR\",\"@id\":\"https:\/\/alteriade-clients.alwaysdata.net\/appel\/#\/schema\/logo\/image\/\",\"url\":\"https:\/\/alteriade-clients.alwaysdata.net\/appel\/wp-content\/uploads\/2020\/09\/Logo-web.png\",\"contentUrl\":\"https:\/\/alteriade-clients.alwaysdata.net\/appel\/wp-content\/uploads\/2020\/09\/Logo-web.png\",\"width\":1834,\"height\":1333,\"caption\":\"Association humanitaire L'Appel et parrainages d'enfants\"},\"image\":{\"@id\":\"https:\/\/alteriade-clients.alwaysdata.net\/appel\/#\/schema\/logo\/image\/\"}}]}<\/script>\n<!-- \/ Yoast SEO plugin. -->","yoast_head_json":{"title":"Politique de confidentialit\u00e9 - Association humanitaire L&#039;Appel et parrainages d&#039;enfants","robots":{"index":"noindex","follow":"follow","max-snippet":"max-snippet:-1","max-image-preview":"max-image-preview:large","max-video-preview":"max-video-preview:-1"},"og_locale":"fr_FR","og_type":"article","og_title":"Politique de confidentialit\u00e9 - Association humanitaire L&#039;Appel et parrainages d&#039;enfants","og_description":"L\u2019Appel\u00a0apporte une attention particuli\u00e8re \u00e0 la protection des donn\u00e9es \u00e0 caract\u00e8re personnel. Il s\u2019agit d\u2019une condition essentielle de la relation de confiance que\u00a0L\u2019Appel\u00a0souhaite \u00e9tablir avec tous ceux qui lui confient leurs donn\u00e9es \u00e0 caract\u00e8re personnel. La pr\u00e9sente politique de confidentialit\u00e9 et de protection des Donn\u00e9es \u00e0 caract\u00e8re personnel (ci-apr\u00e8s la \u00ab\u00a0Politique\u00a0\u00bb) \u00e9nonce les pratiques et [&hellip;]","og_url":"https:\/\/alteriade-clients.alwaysdata.net\/appel\/politique-de-confidentialite\/","og_site_name":"Association humanitaire L&#039;Appel et parrainages d&#039;enfants","article_modified_time":"2025-09-29T10:45:36+00:00","twitter_card":"summary_large_image","twitter_misc":{"Dur\u00e9e de lecture estim\u00e9e":"11 minutes"},"schema":{"@context":"https:\/\/schema.org","@graph":[{"@type":"WebPage","@id":"https:\/\/alteriade-clients.alwaysdata.net\/appel\/politique-de-confidentialite\/","url":"https:\/\/alteriade-clients.alwaysdata.net\/appel\/politique-de-confidentialite\/","name":"Politique de confidentialit\u00e9 - Association humanitaire L&#039;Appel et parrainages d&#039;enfants","isPartOf":{"@id":"https:\/\/alteriade-clients.alwaysdata.net\/appel\/#website"},"datePublished":"2025-09-29T10:44:42+00:00","dateModified":"2025-09-29T10:45:36+00:00","breadcrumb":{"@id":"https:\/\/alteriade-clients.alwaysdata.net\/appel\/politique-de-confidentialite\/#breadcrumb"},"inLanguage":"fr-FR","potentialAction":[{"@type":"ReadAction","target":["https:\/\/alteriade-clients.alwaysdata.net\/appel\/politique-de-confidentialite\/"]}]},{"@type":"BreadcrumbList","@id":"https:\/\/alteriade-clients.alwaysdata.net\/appel\/politique-de-confidentialite\/#breadcrumb","itemListElement":[{"@type":"ListItem","position":1,"name":"Accueil","item":"https:\/\/alteriade-clients.alwaysdata.net\/appel\/"},{"@type":"ListItem","position":2,"name":"Politique de confidentialit\u00e9"}]},{"@type":"WebSite","@id":"https:\/\/alteriade-clients.alwaysdata.net\/appel\/#website","url":"https:\/\/alteriade-clients.alwaysdata.net\/appel\/","name":"Association humanitaire l'Appel et parrainages d'enfants","description":"Solidarit\u00e9 avec les enfants du monde","publisher":{"@id":"https:\/\/alteriade-clients.alwaysdata.net\/appel\/#organization"},"alternateName":"L'Appel","potentialAction":[{"@type":"SearchAction","target":{"@type":"EntryPoint","urlTemplate":"https:\/\/alteriade-clients.alwaysdata.net\/appel\/?s={search_term_string}"},"query-input":{"@type":"PropertyValueSpecification","valueRequired":true,"valueName":"search_term_string"}}],"inLanguage":"fr-FR"},{"@type":"Organization","@id":"https:\/\/alteriade-clients.alwaysdata.net\/appel\/#organization","name":"Association humanitaire L'Appel et parrainages d'enfants","url":"https:\/\/alteriade-clients.alwaysdata.net\/appel\/","logo":{"@type":"ImageObject","inLanguage":"fr-FR","@id":"https:\/\/alteriade-clients.alwaysdata.net\/appel\/#\/schema\/logo\/image\/","url":"https:\/\/alteriade-clients.alwaysdata.net\/appel\/wp-content\/uploads\/2020\/09\/Logo-web.png","contentUrl":"https:\/\/alteriade-clients.alwaysdata.net\/appel\/wp-content\/uploads\/2020\/09\/Logo-web.png","width":1834,"height":1333,"caption":"Association humanitaire L'Appel et parrainages d'enfants"},"image":{"@id":"https:\/\/alteriade-clients.alwaysdata.net\/appel\/#\/schema\/logo\/image\/"}}]}},"_links":{"self":[{"href":"https:\/\/alteriade-clients.alwaysdata.net\/appel\/wp-json\/wp\/v2\/pages\/32655","targetHints":{"allow":["GET"]}}],"collection":[{"href":"https:\/\/alteriade-clients.alwaysdata.net\/appel\/wp-json\/wp\/v2\/pages"}],"about":[{"href":"https:\/\/alteriade-clients.alwaysdata.net\/appel\/wp-json\/wp\/v2\/types\/page"}],"author":[{"embeddable":true,"href":"https:\/\/alteriade-clients.alwaysdata.net\/appel\/wp-json\/wp\/v2\/users\/1"}],"replies":[{"embeddable":true,"href":"https:\/\/alteriade-clients.alwaysdata.net\/appel\/wp-json\/wp\/v2\/comments?post=32655"}],"version-history":[{"count":8,"href":"https:\/\/alteriade-clients.alwaysdata.net\/appel\/wp-json\/wp\/v2\/pages\/32655\/revisions"}],"predecessor-version":[{"id":32663,"href":"https:\/\/alteriade-clients.alwaysdata.net\/appel\/wp-json\/wp\/v2\/pages\/32655\/revisions\/32663"}],"wp:attachment":[{"href":"https:\/\/alteriade-clients.alwaysdata.net\/appel\/wp-json\/wp\/v2\/media?parent=32655"}],"curies":[{"name":"wp","href":"https:\/\/api.w.org\/{rel}","templated":true}]}}