{"id":23235,"date":"2025-06-04T15:02:05","date_gmt":"2025-06-04T13:02:05","guid":{"rendered":"https:\/\/alteriade-clients.alwaysdata.net\/appel\/?page_id=23235"},"modified":"2025-10-07T11:00:35","modified_gmt":"2025-10-07T09:00:35","slug":"faq","status":"publish","type":"page","link":"https:\/\/alteriade-clients.alwaysdata.net\/appel\/agir-a-nos-cotes\/faq\/","title":{"rendered":"FAQ"},"content":{"rendered":"\t\t<div data-elementor-type=\"wp-page\" data-elementor-id=\"23235\" class=\"elementor elementor-23235\" data-elementor-post-type=\"page\">\n\t\t\t\t\t\t<header class=\"has_eae_slider elementor-section elementor-top-section elementor-element elementor-element-736a8e9 elementor-section-full_width elementor-section-height-min-height elementor-section-content-middle elementor-section-height-default elementor-section-items-middle\" data-eae-slider=\"13319\" data-id=\"736a8e9\" data-element_type=\"section\" data-settings=\"{&quot;background_background&quot;:&quot;classic&quot;}\">\n\t\t\t\t\t\t\t<div class=\"elementor-background-overlay\"><\/div>\n\t\t\t\t\t\t\t<div class=\"elementor-container elementor-column-gap-default\">\n\t\t\t\t\t<div class=\"has_eae_slider elementor-column elementor-col-100 elementor-top-column elementor-element elementor-element-8930b2f\" data-eae-slider=\"69584\" data-id=\"8930b2f\" data-element_type=\"column\">\n\t\t\t<div class=\"elementor-widget-wrap elementor-element-populated\">\n\t\t\t\t\t\t<section class=\"has_eae_slider elementor-section elementor-inner-section elementor-element elementor-element-8c63b4e elementor-section-boxed elementor-section-height-default elementor-section-height-default\" data-eae-slider=\"57981\" data-id=\"8c63b4e\" data-element_type=\"section\">\n\t\t\t\t\t\t<div class=\"elementor-container elementor-column-gap-default\">\n\t\t\t\t\t<div class=\"has_eae_slider elementor-column elementor-col-100 elementor-inner-column elementor-element elementor-element-7b267cf\" data-eae-slider=\"93322\" data-id=\"7b267cf\" data-element_type=\"column\">\n\t\t\t<div class=\"elementor-widget-wrap elementor-element-populated\">\n\t\t\t\t\t\t<div class=\"elementor-element elementor-element-8e9ddaf elementor-widget__width-inherit elementor-widget elementor-widget-heading\" data-id=\"8e9ddaf\" data-element_type=\"widget\" data-widget_type=\"heading.default\">\n\t\t\t\t<div class=\"elementor-widget-container\">\n\t\t\t\t\t<h1 class=\"elementor-heading-title elementor-size-default\">FAQ<\/h1>\t\t\t\t<\/div>\n\t\t\t\t<\/div>\n\t\t\t\t<div class=\"elementor-element elementor-element-9e564ad elementor-widget elementor-widget-text-editor\" data-id=\"9e564ad\" data-element_type=\"widget\" data-widget_type=\"text-editor.default\">\n\t\t\t\t<div class=\"elementor-widget-container\">\n\t\t\t\t\t\t\t\t\t<p>Toutes les r\u00e9ponses \u00e0 vos questions<\/p>\t\t\t\t\t\t\t\t<\/div>\n\t\t\t\t<\/div>\n\t\t\t\t\t<\/div>\n\t\t<\/div>\n\t\t\t\t\t<\/div>\n\t\t<\/section>\n\t\t\t\t\t<\/div>\n\t\t<\/div>\n\t\t\t\t\t<\/div>\n\t\t<\/header>\n\t\t\t\t<section class=\"has_eae_slider elementor-section elementor-top-section elementor-element elementor-element-1fcc6b0 elementor-section-boxed elementor-section-height-default elementor-section-height-default\" data-eae-slider=\"70933\" data-id=\"1fcc6b0\" data-element_type=\"section\">\n\t\t\t\t\t\t<div class=\"elementor-container elementor-column-gap-default\">\n\t\t\t\t\t<div class=\"has_eae_slider elementor-column elementor-col-100 elementor-top-column elementor-element elementor-element-7dec8a0\" data-eae-slider=\"21912\" data-id=\"7dec8a0\" data-element_type=\"column\">\n\t\t\t<div class=\"elementor-widget-wrap elementor-element-populated\">\n\t\t\t\t\t\t<section class=\"has_eae_slider elementor-section elementor-inner-section elementor-element elementor-element-4db8b65 elementor-section-boxed elementor-section-height-default elementor-section-height-default\" data-eae-slider=\"91475\" data-id=\"4db8b65\" data-element_type=\"section\">\n\t\t\t\t\t\t<div class=\"elementor-container elementor-column-gap-default\">\n\t\t\t\t\t<div class=\"has_eae_slider elementor-column elementor-col-100 elementor-inner-column elementor-element elementor-element-1c88585\" data-eae-slider=\"69214\" data-id=\"1c88585\" data-element_type=\"column\">\n\t\t\t<div class=\"elementor-widget-wrap elementor-element-populated\">\n\t\t\t\t\t\t<div class=\"elementor-element elementor-element-91a3f18 elementor-widget elementor-widget-heading\" data-id=\"91a3f18\" data-element_type=\"widget\" data-widget_type=\"heading.default\">\n\t\t\t\t<div class=\"elementor-widget-container\">\n\t\t\t\t\t<h2 class=\"elementor-heading-title elementor-size-default\">Mes dons<\/h2>\t\t\t\t<\/div>\n\t\t\t\t<\/div>\n\t\t\t\t<div class=\"elementor-element elementor-element-9053003 elementor-widget elementor-widget-accordion\" data-id=\"9053003\" data-element_type=\"widget\" data-widget_type=\"accordion.default\">\n\t\t\t\t<div class=\"elementor-widget-container\">\n\t\t\t\t\t\t\t<div class=\"elementor-accordion\">\n\t\t\t\t\t\t\t<div class=\"elementor-accordion-item\">\n\t\t\t\t\t<div id=\"elementor-tab-title-1511\" class=\"elementor-tab-title\" data-tab=\"1\" role=\"button\" aria-controls=\"elementor-tab-content-1511\" aria-expanded=\"false\">\n\t\t\t\t\t\t\t\t\t\t\t\t\t<span class=\"elementor-accordion-icon elementor-accordion-icon-left\" aria-hidden=\"true\">\n\t\t\t\t\t\t\t\t\t\t\t\t\t\t\t<span class=\"elementor-accordion-icon-closed\"><i class=\"fas fa-plus\"><\/i><\/span>\n\t\t\t\t\t\t\t\t<span class=\"elementor-accordion-icon-opened\"><i class=\"fas fa-minus\"><\/i><\/span>\n\t\t\t\t\t\t\t\t\t\t\t\t\t\t<\/span>\n\t\t\t\t\t\t\t\t\t\t\t\t<a class=\"elementor-accordion-title\" tabindex=\"0\">Comment obtenir mon re\u00e7u fiscal ? <\/a>\n\t\t\t\t\t<\/div>\n\t\t\t\t\t<div id=\"elementor-tab-content-1511\" class=\"elementor-tab-content elementor-clearfix\" data-tab=\"1\" role=\"region\" aria-labelledby=\"elementor-tab-title-1511\"><p data-start=\"106\" data-end=\"398\">L\u2019Appel vous envoie <strong data-start=\"126\" data-end=\"163\">un seul re\u00e7u fiscal r\u00e9capitulatif<\/strong> de l\u2019ensemble de vos dons de l\u2019ann\u00e9e, <strong data-start=\"202\" data-end=\"251\">au cours du 1er trimestre de l\u2019ann\u00e9e suivante<\/strong> \u2013 juste \u00e0 temps pour votre d\u00e9claration d\u2019imp\u00f4ts.<br data-start=\"300\" data-end=\"303\" \/>Par exemple, vos dons faits en 2025 seront regroup\u00e9s dans un re\u00e7u fiscal unique qui vous sera envoy\u00e9 d\u00e9but 2026.<\/p><p data-start=\"400\" data-end=\"477\">\ud83d\udcec Ce re\u00e7u vous est adress\u00e9 par email, sauf si vous n&rsquo;avez pas d&rsquo;adresse courriel. Dans ce cas il vous est adress\u00e9 par courrier postal.<\/p><p data-start=\"574\" data-end=\"775\">En cas de perte ou si vous ne parvenez pas \u00e0 acc\u00e9der \u00e0 votre re\u00e7u, vous pouvez en faire la demande aupr\u00e8s du formulaire de contact en bas de cette page.\u00a0<\/p><\/div>\n\t\t\t\t<\/div>\n\t\t\t\t\t\t\t<div class=\"elementor-accordion-item\">\n\t\t\t\t\t<div id=\"elementor-tab-title-1512\" class=\"elementor-tab-title\" data-tab=\"2\" role=\"button\" aria-controls=\"elementor-tab-content-1512\" aria-expanded=\"false\">\n\t\t\t\t\t\t\t\t\t\t\t\t\t<span class=\"elementor-accordion-icon elementor-accordion-icon-left\" aria-hidden=\"true\">\n\t\t\t\t\t\t\t\t\t\t\t\t\t\t\t<span class=\"elementor-accordion-icon-closed\"><i class=\"fas fa-plus\"><\/i><\/span>\n\t\t\t\t\t\t\t\t<span class=\"elementor-accordion-icon-opened\"><i class=\"fas fa-minus\"><\/i><\/span>\n\t\t\t\t\t\t\t\t\t\t\t\t\t\t<\/span>\n\t\t\t\t\t\t\t\t\t\t\t\t<a class=\"elementor-accordion-title\" tabindex=\"0\">Comment faire un don \u00e0 L'Appel ?<\/a>\n\t\t\t\t\t<\/div>\n\t\t\t\t\t<div id=\"elementor-tab-content-1512\" class=\"elementor-tab-content elementor-clearfix\" data-tab=\"2\" role=\"region\" aria-labelledby=\"elementor-tab-title-1512\"><ul><li data-start=\"128\" data-end=\"159\">Faire un don r\u00e9gulier<\/li><\/ul><p data-start=\"160\" data-end=\"366\">Un don mensuel, c\u2019est un <strong data-start=\"185\" data-end=\"204\">soutien durable<\/strong> qui nous permet d\u2019agir sur le long terme : mieux anticiper les besoins, r\u00e9agir en cas d\u2019urgence, et accompagner nos projets aupr\u00e8s des enfants et des familles.<\/p><p data-start=\"368\" data-end=\"651\">Vous pouvez mettre en place ce don r\u00e9gulier directement <strong data-start=\"424\" data-end=\"436\">en ligne<\/strong>, par pr\u00e9l\u00e8vement automatique s\u00e9curis\u00e9 ou carte bancaire.<br data-start=\"493\" data-end=\"496\" \/>\u00c0 tout moment, vous pouvez <strong data-start=\"523\" data-end=\"557\">modifier, suspendre ou arr\u00eater<\/strong> en nous contactant :<br data-start=\"619\" data-end=\"622\" \/>\ud83d\udce7 <strong data-start=\"625\" data-end=\"651\"><a class=\"cursor-pointer\" rel=\"noopener\" data-start=\"627\" data-end=\"649\">association@lappel.org<\/a><\/strong><\/p><ul><li data-start=\"653\" data-end=\"684\">Faire un don ponctuel<\/li><\/ul><p data-start=\"685\" data-end=\"820\">Vous pouvez faire un don unique en ligne, <strong data-start=\"727\" data-end=\"780\">par carte bancaire, Paypal, ApplePay , GooglePay ou virement instantan\u00e9<\/strong>, en vous rendant sur notre page de don.<\/p><p data-start=\"822\" data-end=\"965\"><span style=\"text-decoration: underline;\"><strong>Vous pr\u00e9f\u00e9rez envoyer un ch\u00e8que ? <\/strong><\/span>Libellez-le \u00e0 l\u2019ordre de <strong data-start=\"883\" data-end=\"894\">L\u2019Appel<\/strong> et envoyez-le \u00e0 :<br data-start=\"912\" data-end=\"915\" \/><strong data-start=\"915\" data-end=\"926\">L\u2019Appel<\/strong><br data-start=\"926\" data-end=\"929\" \/>89 avenue de Flandre<br data-start=\"949\" data-end=\"952\" \/>75019 PARIS<\/p><p data-start=\"967\" data-end=\"1129\">\ud83e\uddfe Un <strong data-start=\"973\" data-end=\"988\">re\u00e7u fiscal<\/strong> vous est envoy\u00e9 \u00e0 partir d\u2019un don de 5 \u20ac.<br data-start=\"1030\" data-end=\"1033\" \/>\ud83d\udca1 Vous b\u00e9n\u00e9ficiez d\u2019une <strong data-start=\"1058\" data-end=\"1087\">r\u00e9duction d\u2019imp\u00f4t de 66 %<\/strong>, dans la limite de 1 000 \u20ac de don par an.<\/p><\/div>\n\t\t\t\t<\/div>\n\t\t\t\t\t\t\t\t<\/div>\n\t\t\t\t\t\t<\/div>\n\t\t\t\t<\/div>\n\t\t\t\t\t<\/div>\n\t\t<\/div>\n\t\t\t\t\t<\/div>\n\t\t<\/section>\n\t\t\t\t\t<\/div>\n\t\t<\/div>\n\t\t\t\t\t<\/div>\n\t\t<\/section>\n\t\t\t\t<section class=\"has_eae_slider elementor-section elementor-top-section elementor-element elementor-element-c0f9ab3 elementor-section-boxed elementor-section-height-default elementor-section-height-default\" data-eae-slider=\"6593\" data-id=\"c0f9ab3\" data-element_type=\"section\">\n\t\t\t\t\t\t<div class=\"elementor-container elementor-column-gap-default\">\n\t\t\t\t\t<div class=\"has_eae_slider elementor-column elementor-col-100 elementor-top-column elementor-element elementor-element-705a01d\" data-eae-slider=\"66152\" data-id=\"705a01d\" data-element_type=\"column\">\n\t\t\t<div class=\"elementor-widget-wrap elementor-element-populated\">\n\t\t\t\t\t\t<section class=\"has_eae_slider elementor-section elementor-inner-section elementor-element elementor-element-cd9710f elementor-section-boxed elementor-section-height-default elementor-section-height-default\" data-eae-slider=\"20795\" data-id=\"cd9710f\" data-element_type=\"section\">\n\t\t\t\t\t\t<div class=\"elementor-container elementor-column-gap-default\">\n\t\t\t\t\t<div class=\"has_eae_slider elementor-column elementor-col-100 elementor-inner-column elementor-element elementor-element-d44e44d\" data-eae-slider=\"41952\" data-id=\"d44e44d\" data-element_type=\"column\">\n\t\t\t<div class=\"elementor-widget-wrap elementor-element-populated\">\n\t\t\t\t\t\t<div class=\"elementor-element elementor-element-89ecc52 elementor-widget elementor-widget-heading\" data-id=\"89ecc52\" data-element_type=\"widget\" data-widget_type=\"heading.default\">\n\t\t\t\t<div class=\"elementor-widget-container\">\n\t\t\t\t\t<h2 class=\"elementor-heading-title elementor-size-default\">Pour aller plus loin<\/h2>\t\t\t\t<\/div>\n\t\t\t\t<\/div>\n\t\t\t\t<div class=\"elementor-element elementor-element-fc3a614 elementor-widget elementor-widget-accordion\" data-id=\"fc3a614\" data-element_type=\"widget\" data-widget_type=\"accordion.default\">\n\t\t\t\t<div class=\"elementor-widget-container\">\n\t\t\t\t\t\t\t<div class=\"elementor-accordion\">\n\t\t\t\t\t\t\t<div class=\"elementor-accordion-item\">\n\t\t\t\t\t<div id=\"elementor-tab-title-2641\" class=\"elementor-tab-title\" data-tab=\"1\" role=\"button\" aria-controls=\"elementor-tab-content-2641\" aria-expanded=\"false\">\n\t\t\t\t\t\t\t\t\t\t\t\t\t<span class=\"elementor-accordion-icon elementor-accordion-icon-left\" aria-hidden=\"true\">\n\t\t\t\t\t\t\t\t\t\t\t\t\t\t\t<span class=\"elementor-accordion-icon-closed\"><i class=\"fas fa-plus\"><\/i><\/span>\n\t\t\t\t\t\t\t\t<span class=\"elementor-accordion-icon-opened\"><i class=\"fas fa-minus\"><\/i><\/span>\n\t\t\t\t\t\t\t\t\t\t\t\t\t\t<\/span>\n\t\t\t\t\t\t\t\t\t\t\t\t<a class=\"elementor-accordion-title\" tabindex=\"0\">Qui sont les b\u00e9n\u00e9ficiaires des programmes de L'Appel ? <\/a>\n\t\t\t\t\t<\/div>\n\t\t\t\t\t<div id=\"elementor-tab-content-2641\" class=\"elementor-tab-content elementor-clearfix\" data-tab=\"1\" role=\"region\" aria-labelledby=\"elementor-tab-title-2641\"><p><span style=\"color: #f79444;\"><strong>Agir au profit des ENFANTS, avant tout !<\/strong> <\/span><\/p><p>N\u00e9e d\u2019un \u00e9lan de solidarit\u00e9 en faveur des enfants victimes de la guerre du Vietnam, L\u2019Appel m\u00e8ne aujourd\u2019hui des actions destin\u00e9es \u00e0 am\u00e9liorer durablement la vie des enfants et de leurs familles ; des actions de d\u00e9veloppement de l\u2019acc\u00e8s \u00e0 l\u2019eau, aux soins, aux connaissances en mati\u00e8re de sant\u00e9, \u00e0 l\u2019\u00e9ducation etc.<\/p><p>Depuis plus de 55 ans, nous nous mobilisons pour les enfants,<strong>\u00a0premi\u00e8res victimes<\/strong> de la pauvret\u00e9 et de ses cons\u00e9quences, des catastrophes naturelles, des \u00e9pid\u00e9mies, etc.<\/p><p><em>\u00ab\u00a0Rien n\u2019est plus important que de b\u00e2tir un monde dans lequel<\/em><br \/><em>tous nos enfants auront la possibilit\u00e9 de r\u00e9aliser pleinement leur potentiel<\/em><br \/><em>et de grandir en bonne sant\u00e9, dans la paix et dans la dignit\u00e9.\u00a0\u00bb\u00a0<\/em><br \/>_ Kofi A. Annan, secr\u00e9taire g\u00e9n\u00e9ral de l\u2019Organisation des Nations-Unies<\/p><\/div>\n\t\t\t\t<\/div>\n\t\t\t\t\t\t\t<div class=\"elementor-accordion-item\">\n\t\t\t\t\t<div id=\"elementor-tab-title-2642\" class=\"elementor-tab-title\" data-tab=\"2\" role=\"button\" aria-controls=\"elementor-tab-content-2642\" aria-expanded=\"false\">\n\t\t\t\t\t\t\t\t\t\t\t\t\t<span class=\"elementor-accordion-icon elementor-accordion-icon-left\" aria-hidden=\"true\">\n\t\t\t\t\t\t\t\t\t\t\t\t\t\t\t<span class=\"elementor-accordion-icon-closed\"><i class=\"fas fa-plus\"><\/i><\/span>\n\t\t\t\t\t\t\t\t<span class=\"elementor-accordion-icon-opened\"><i class=\"fas fa-minus\"><\/i><\/span>\n\t\t\t\t\t\t\t\t\t\t\t\t\t\t<\/span>\n\t\t\t\t\t\t\t\t\t\t\t\t<a class=\"elementor-accordion-title\" tabindex=\"0\">Comment L'Appel construit ses projets ?<\/a>\n\t\t\t\t\t<\/div>\n\t\t\t\t\t<div id=\"elementor-tab-content-2642\" class=\"elementor-tab-content elementor-clearfix\" data-tab=\"2\" role=\"region\" aria-labelledby=\"elementor-tab-title-2642\"><p>A L\u2019Appel, nous pensons que contribuer au d\u00e9veloppement d\u2019un pays, d\u2019une r\u00e9gion, d\u2019une commune ou d\u2019un village, n\u2019est pas se substituer aux acteurs locaux, qui connaissent mieux que nous leur territoire, les probl\u00e9matiques de la population etc. Nous mettons nos connaissances et comp\u00e9tences en commun afin de r\u00e9pondre aux d\u00e9fis auxquels ils sont confront\u00e9s, <strong>en identifiant les solutions les plus efficaces et adapt\u00e9es au contexte local.<\/strong><\/p><p>Nos actions visent donc principalement \u00e0 renforcer les capacit\u00e9s des acteurs locaux, afin que chaque enfant puisse b\u00e9n\u00e9ficier des meilleures conditions pour d\u00e9velopper ses potentialit\u00e9s et avoir un avenir.<\/p><p>Qu\u2019il s\u2019agisse, par exemples, d\u2019ouvrir des opportunit\u00e9s de formation professionnelle aux enfants des rues au P\u00e9rou ou de pr\u00e9venir la morbidit\u00e9 infantile \u00e0 Madagascar, c\u2019est uniquement avec ses partenaires que L\u2019Appel peut co-construire des actions sur-mesure, r\u00e9pondant \u00e0 des probl\u00e8mes bien identifi\u00e9s sur les territoires et des objectifs pr\u00e9cis\u00e9ment d\u00e9finis, dans une <strong>logique de d\u00e9veloppement durable<\/strong>.<\/p><\/div>\n\t\t\t\t<\/div>\n\t\t\t\t\t\t\t<div class=\"elementor-accordion-item\">\n\t\t\t\t\t<div id=\"elementor-tab-title-2643\" class=\"elementor-tab-title\" data-tab=\"3\" role=\"button\" aria-controls=\"elementor-tab-content-2643\" aria-expanded=\"false\">\n\t\t\t\t\t\t\t\t\t\t\t\t\t<span class=\"elementor-accordion-icon elementor-accordion-icon-left\" aria-hidden=\"true\">\n\t\t\t\t\t\t\t\t\t\t\t\t\t\t\t<span class=\"elementor-accordion-icon-closed\"><i class=\"fas fa-plus\"><\/i><\/span>\n\t\t\t\t\t\t\t\t<span class=\"elementor-accordion-icon-opened\"><i class=\"fas fa-minus\"><\/i><\/span>\n\t\t\t\t\t\t\t\t\t\t\t\t\t\t<\/span>\n\t\t\t\t\t\t\t\t\t\t\t\t<a class=\"elementor-accordion-title\" tabindex=\"0\">Qui construit les projets ? <\/a>\n\t\t\t\t\t<\/div>\n\t\t\t\t\t<div id=\"elementor-tab-content-2643\" class=\"elementor-tab-content elementor-clearfix\" data-tab=\"3\" role=\"region\" aria-labelledby=\"elementor-tab-title-2643\"><p>L&rsquo;Appel co-construit ses projets avec des partenaires, <strong>acteurs locaux<\/strong>.<\/p><p>Quelles que soient les solutions apport\u00e9es, elles r\u00e9pondent \u00e0 un besoin pr\u00e9cis\u00e9ment identifi\u00e9 par L&rsquo;Appel et exprim\u00e9 par le partenaire.<\/p><p>Pour r\u00e9pondre \u00e0 la sollicitation dudit partenaire, que ce soit une association, une \u00e9cole, un centre de sant\u00e9, un organisme &#8230; local, L\u2019Appel b\u00e9n\u00e9ficie de l\u2019expertise vari\u00e9e (m\u00e9decine, ing\u00e9nierie, enseignement, secteur social, comptabilit\u00e9, etc) d\u2019<strong>une cinquantaine de professionnels tr\u00e8s engag\u00e9s, qui mettent leurs comp\u00e9tences b\u00e9n\u00e9volement au service <\/strong>des besoins des enfants. Renforcement de comp\u00e9tences et transfert de savoir-faire \u00ab des pairs par les pairs \u00bb, conseil technique, soutien mat\u00e9riel, etc. Sur le terrain, les besoins sont importants et les riches exp\u00e9riences des b\u00e9n\u00e9voles de L\u2019Appel permettent d\u2019adapter notre r\u00e9ponse au plus pr\u00e8s des r\u00e9alit\u00e9s des familles.<\/p><p>Par ailleurs, autant que possible, <span class=\"lappel\">L\u2019<\/span><span class=\"a_bleu\">A<\/span><span class=\"lappel\">ppel<\/span>\u00a0agit en coop\u00e9ration avec des associations intervenant sur le m\u00eame territoire et en partenariat avec les autorit\u00e9s locales.<\/p><p>L\u2019Appel s\u2019attache ainsi \u00e0 :<\/p><ul><li>Valoriser, mutualiser, partager et renforcer les <strong>comp\u00e9tences et savoir-faire des acteurs locau<\/strong>x : Familles, communaut\u00e9s et soci\u00e9t\u00e9 civile sont accompagn\u00e9es dans une perspective de renforcement de l\u2019autonomie.<\/li><li>Privil\u00e9gier une d\u00e9marche de d\u00e9veloppement, par une <strong>collaboration globale<\/strong>, pas uniquement financi\u00e8re.<\/li><li>Engager une<strong> d\u00e9marche responsable des diff\u00e9rents acteurs<\/strong>, notamment en veillant \u00e0 l\u2019impact des actions men\u00e9es.<\/li><\/ul><\/div>\n\t\t\t\t<\/div>\n\t\t\t\t\t\t\t\t<\/div>\n\t\t\t\t\t\t<\/div>\n\t\t\t\t<\/div>\n\t\t\t\t\t<\/div>\n\t\t<\/div>\n\t\t\t\t\t<\/div>\n\t\t<\/section>\n\t\t\t\t\t<\/div>\n\t\t<\/div>\n\t\t\t\t\t<\/div>\n\t\t<\/section>\n\t\t\t\t<\/div>\n\t\t","protected":false},"excerpt":{"rendered":"<p>Toutes les r\u00e9ponses \u00e0 vos questions Mes dons Comment obtenir mon re\u00e7u fiscal ? L\u2019Appel vous envoie un seul re\u00e7u fiscal r\u00e9capitulatif de l\u2019ensemble de vos dons de l\u2019ann\u00e9e, au cours du 1er trimestre de l\u2019ann\u00e9e suivante \u2013 juste \u00e0 temps pour votre d\u00e9claration d\u2019imp\u00f4ts.Par exemple, vos dons faits en 2025 seront regroup\u00e9s dans un [&hellip;]<\/p>\n","protected":false},"author":1,"featured_media":24893,"parent":22747,"menu_order":0,"comment_status":"closed","ping_status":"closed","template":"elementor_header_footer","meta":{"_acf_changed":false,"footnotes":""},"class_list":["post-23235","page","type-page","status-publish","has-post-thumbnail","hentry","entry"],"acf":[],"yoast_head":"<!-- This site is optimized with the Yoast SEO plugin v26.1 - https:\/\/yoast.com\/wordpress\/plugins\/seo\/ -->\n<title>FAQ - Association humanitaire L&#039;Appel et parrainages d&#039;enfants<\/title>\n<meta name=\"description\" content=\"Toutes les r\u00e9ponses \u00e0 vos questions : quand vais-je recevoir mon re\u00e7u fiscal ? comment faire une donation ? Est-ce-que ...\" \/>\n<meta name=\"robots\" content=\"noindex, follow, max-snippet:-1, max-image-preview:large, max-video-preview:-1\" \/>\n<meta property=\"og:locale\" content=\"fr_FR\" \/>\n<meta property=\"og:type\" content=\"article\" \/>\n<meta property=\"og:title\" content=\"FAQ - Association humanitaire L&#039;Appel et parrainages d&#039;enfants\" \/>\n<meta property=\"og:description\" content=\"Toutes les r\u00e9ponses \u00e0 vos questions : quand vais-je recevoir mon re\u00e7u fiscal ? comment faire une donation ? Est-ce-que ...\" \/>\n<meta property=\"og:url\" content=\"https:\/\/alteriade-clients.alwaysdata.net\/appel\/agir-a-nos-cotes\/faq\/\" \/>\n<meta property=\"og:site_name\" content=\"Association humanitaire L&#039;Appel et parrainages d&#039;enfants\" \/>\n<meta property=\"article:modified_time\" content=\"2025-10-07T09:00:35+00:00\" \/>\n<meta property=\"og:image\" content=\"https:\/\/alteriade-clients.alwaysdata.net\/appel\/wp-content\/uploads\/2025\/07\/Tchad_2019_Koumogo_portrait_enfants-souriant-scaled.jpg\" \/>\n\t<meta property=\"og:image:width\" content=\"2560\" \/>\n\t<meta property=\"og:image:height\" content=\"1707\" \/>\n\t<meta property=\"og:image:type\" content=\"image\/jpeg\" \/>\n<meta name=\"twitter:card\" content=\"summary_large_image\" \/>\n<meta name=\"twitter:label1\" content=\"Dur\u00e9e de lecture estim\u00e9e\" \/>\n\t<meta name=\"twitter:data1\" content=\"5 minutes\" \/>\n<script type=\"application\/ld+json\" class=\"yoast-schema-graph\">{\"@context\":\"https:\/\/schema.org\",\"@graph\":[{\"@type\":\"WebPage\",\"@id\":\"https:\/\/alteriade-clients.alwaysdata.net\/appel\/agir-a-nos-cotes\/faq\/\",\"url\":\"https:\/\/alteriade-clients.alwaysdata.net\/appel\/agir-a-nos-cotes\/faq\/\",\"name\":\"FAQ - Association humanitaire L&#039;Appel et parrainages d&#039;enfants\",\"isPartOf\":{\"@id\":\"https:\/\/alteriade-clients.alwaysdata.net\/appel\/#website\"},\"primaryImageOfPage\":{\"@id\":\"https:\/\/alteriade-clients.alwaysdata.net\/appel\/agir-a-nos-cotes\/faq\/#primaryimage\"},\"image\":{\"@id\":\"https:\/\/alteriade-clients.alwaysdata.net\/appel\/agir-a-nos-cotes\/faq\/#primaryimage\"},\"thumbnailUrl\":\"https:\/\/alteriade-clients.alwaysdata.net\/appel\/wp-content\/uploads\/2025\/07\/Tchad_2019_Koumogo_portrait_enfants-souriant-scaled.jpg\",\"datePublished\":\"2025-06-04T13:02:05+00:00\",\"dateModified\":\"2025-10-07T09:00:35+00:00\",\"description\":\"Toutes les r\u00e9ponses \u00e0 vos questions : quand vais-je recevoir mon re\u00e7u fiscal ? comment faire une donation ? Est-ce-que ...\",\"breadcrumb\":{\"@id\":\"https:\/\/alteriade-clients.alwaysdata.net\/appel\/agir-a-nos-cotes\/faq\/#breadcrumb\"},\"inLanguage\":\"fr-FR\",\"potentialAction\":[{\"@type\":\"ReadAction\",\"target\":[\"https:\/\/alteriade-clients.alwaysdata.net\/appel\/agir-a-nos-cotes\/faq\/\"]}]},{\"@type\":\"ImageObject\",\"inLanguage\":\"fr-FR\",\"@id\":\"https:\/\/alteriade-clients.alwaysdata.net\/appel\/agir-a-nos-cotes\/faq\/#primaryimage\",\"url\":\"https:\/\/alteriade-clients.alwaysdata.net\/appel\/wp-content\/uploads\/2025\/07\/Tchad_2019_Koumogo_portrait_enfants-souriant-scaled.jpg\",\"contentUrl\":\"https:\/\/alteriade-clients.alwaysdata.net\/appel\/wp-content\/uploads\/2025\/07\/Tchad_2019_Koumogo_portrait_enfants-souriant-scaled.jpg\",\"width\":2560,\"height\":1707,\"caption\":\"enfants-koumogo-tchad\"},{\"@type\":\"BreadcrumbList\",\"@id\":\"https:\/\/alteriade-clients.alwaysdata.net\/appel\/agir-a-nos-cotes\/faq\/#breadcrumb\",\"itemListElement\":[{\"@type\":\"ListItem\",\"position\":1,\"name\":\"Accueil\",\"item\":\"https:\/\/alteriade-clients.alwaysdata.net\/appel\/\"},{\"@type\":\"ListItem\",\"position\":2,\"name\":\"Agir \u00e0 nos c\u00f4t\u00e9s\",\"item\":\"https:\/\/alteriade-clients.alwaysdata.net\/appel\/agir-a-nos-cotes\/\"},{\"@type\":\"ListItem\",\"position\":3,\"name\":\"FAQ\"}]},{\"@type\":\"WebSite\",\"@id\":\"https:\/\/alteriade-clients.alwaysdata.net\/appel\/#website\",\"url\":\"https:\/\/alteriade-clients.alwaysdata.net\/appel\/\",\"name\":\"Association humanitaire l'Appel et parrainages d'enfants\",\"description\":\"Solidarit\u00e9 avec les enfants du monde\",\"publisher\":{\"@id\":\"https:\/\/alteriade-clients.alwaysdata.net\/appel\/#organization\"},\"alternateName\":\"L'Appel\",\"potentialAction\":[{\"@type\":\"SearchAction\",\"target\":{\"@type\":\"EntryPoint\",\"urlTemplate\":\"https:\/\/alteriade-clients.alwaysdata.net\/appel\/?s={search_term_string}\"},\"query-input\":{\"@type\":\"PropertyValueSpecification\",\"valueRequired\":true,\"valueName\":\"search_term_string\"}}],\"inLanguage\":\"fr-FR\"},{\"@type\":\"Organization\",\"@id\":\"https:\/\/alteriade-clients.alwaysdata.net\/appel\/#organization\",\"name\":\"Association humanitaire L'Appel et parrainages d'enfants\",\"url\":\"https:\/\/alteriade-clients.alwaysdata.net\/appel\/\",\"logo\":{\"@type\":\"ImageObject\",\"inLanguage\":\"fr-FR\",\"@id\":\"https:\/\/alteriade-clients.alwaysdata.net\/appel\/#\/schema\/logo\/image\/\",\"url\":\"https:\/\/alteriade-clients.alwaysdata.net\/appel\/wp-content\/uploads\/2020\/09\/Logo-web.png\",\"contentUrl\":\"https:\/\/alteriade-clients.alwaysdata.net\/appel\/wp-content\/uploads\/2020\/09\/Logo-web.png\",\"width\":1834,\"height\":1333,\"caption\":\"Association humanitaire L'Appel et parrainages d'enfants\"},\"image\":{\"@id\":\"https:\/\/alteriade-clients.alwaysdata.net\/appel\/#\/schema\/logo\/image\/\"}}]}<\/script>\n<!-- \/ Yoast SEO plugin. -->","yoast_head_json":{"title":"FAQ - Association humanitaire L&#039;Appel et parrainages d&#039;enfants","description":"Toutes les r\u00e9ponses \u00e0 vos questions : quand vais-je recevoir mon re\u00e7u fiscal ? comment faire une donation ? Est-ce-que ...","robots":{"index":"noindex","follow":"follow","max-snippet":"max-snippet:-1","max-image-preview":"max-image-preview:large","max-video-preview":"max-video-preview:-1"},"og_locale":"fr_FR","og_type":"article","og_title":"FAQ - Association humanitaire L&#039;Appel et parrainages d&#039;enfants","og_description":"Toutes les r\u00e9ponses \u00e0 vos questions : quand vais-je recevoir mon re\u00e7u fiscal ? comment faire une donation ? Est-ce-que ...","og_url":"https:\/\/alteriade-clients.alwaysdata.net\/appel\/agir-a-nos-cotes\/faq\/","og_site_name":"Association humanitaire L&#039;Appel et parrainages d&#039;enfants","article_modified_time":"2025-10-07T09:00:35+00:00","og_image":[{"width":2560,"height":1707,"url":"https:\/\/alteriade-clients.alwaysdata.net\/appel\/wp-content\/uploads\/2025\/07\/Tchad_2019_Koumogo_portrait_enfants-souriant-scaled.jpg","type":"image\/jpeg"}],"twitter_card":"summary_large_image","twitter_misc":{"Dur\u00e9e de lecture estim\u00e9e":"5 minutes"},"schema":{"@context":"https:\/\/schema.org","@graph":[{"@type":"WebPage","@id":"https:\/\/alteriade-clients.alwaysdata.net\/appel\/agir-a-nos-cotes\/faq\/","url":"https:\/\/alteriade-clients.alwaysdata.net\/appel\/agir-a-nos-cotes\/faq\/","name":"FAQ - Association humanitaire L&#039;Appel et parrainages d&#039;enfants","isPartOf":{"@id":"https:\/\/alteriade-clients.alwaysdata.net\/appel\/#website"},"primaryImageOfPage":{"@id":"https:\/\/alteriade-clients.alwaysdata.net\/appel\/agir-a-nos-cotes\/faq\/#primaryimage"},"image":{"@id":"https:\/\/alteriade-clients.alwaysdata.net\/appel\/agir-a-nos-cotes\/faq\/#primaryimage"},"thumbnailUrl":"https:\/\/alteriade-clients.alwaysdata.net\/appel\/wp-content\/uploads\/2025\/07\/Tchad_2019_Koumogo_portrait_enfants-souriant-scaled.jpg","datePublished":"2025-06-04T13:02:05+00:00","dateModified":"2025-10-07T09:00:35+00:00","description":"Toutes les r\u00e9ponses \u00e0 vos questions : quand vais-je recevoir mon re\u00e7u fiscal ? comment faire une donation ? Est-ce-que ...","breadcrumb":{"@id":"https:\/\/alteriade-clients.alwaysdata.net\/appel\/agir-a-nos-cotes\/faq\/#breadcrumb"},"inLanguage":"fr-FR","potentialAction":[{"@type":"ReadAction","target":["https:\/\/alteriade-clients.alwaysdata.net\/appel\/agir-a-nos-cotes\/faq\/"]}]},{"@type":"ImageObject","inLanguage":"fr-FR","@id":"https:\/\/alteriade-clients.alwaysdata.net\/appel\/agir-a-nos-cotes\/faq\/#primaryimage","url":"https:\/\/alteriade-clients.alwaysdata.net\/appel\/wp-content\/uploads\/2025\/07\/Tchad_2019_Koumogo_portrait_enfants-souriant-scaled.jpg","contentUrl":"https:\/\/alteriade-clients.alwaysdata.net\/appel\/wp-content\/uploads\/2025\/07\/Tchad_2019_Koumogo_portrait_enfants-souriant-scaled.jpg","width":2560,"height":1707,"caption":"enfants-koumogo-tchad"},{"@type":"BreadcrumbList","@id":"https:\/\/alteriade-clients.alwaysdata.net\/appel\/agir-a-nos-cotes\/faq\/#breadcrumb","itemListElement":[{"@type":"ListItem","position":1,"name":"Accueil","item":"https:\/\/alteriade-clients.alwaysdata.net\/appel\/"},{"@type":"ListItem","position":2,"name":"Agir \u00e0 nos c\u00f4t\u00e9s","item":"https:\/\/alteriade-clients.alwaysdata.net\/appel\/agir-a-nos-cotes\/"},{"@type":"ListItem","position":3,"name":"FAQ"}]},{"@type":"WebSite","@id":"https:\/\/alteriade-clients.alwaysdata.net\/appel\/#website","url":"https:\/\/alteriade-clients.alwaysdata.net\/appel\/","name":"Association humanitaire l'Appel et parrainages d'enfants","description":"Solidarit\u00e9 avec les enfants du monde","publisher":{"@id":"https:\/\/alteriade-clients.alwaysdata.net\/appel\/#organization"},"alternateName":"L'Appel","potentialAction":[{"@type":"SearchAction","target":{"@type":"EntryPoint","urlTemplate":"https:\/\/alteriade-clients.alwaysdata.net\/appel\/?s={search_term_string}"},"query-input":{"@type":"PropertyValueSpecification","valueRequired":true,"valueName":"search_term_string"}}],"inLanguage":"fr-FR"},{"@type":"Organization","@id":"https:\/\/alteriade-clients.alwaysdata.net\/appel\/#organization","name":"Association humanitaire L'Appel et parrainages d'enfants","url":"https:\/\/alteriade-clients.alwaysdata.net\/appel\/","logo":{"@type":"ImageObject","inLanguage":"fr-FR","@id":"https:\/\/alteriade-clients.alwaysdata.net\/appel\/#\/schema\/logo\/image\/","url":"https:\/\/alteriade-clients.alwaysdata.net\/appel\/wp-content\/uploads\/2020\/09\/Logo-web.png","contentUrl":"https:\/\/alteriade-clients.alwaysdata.net\/appel\/wp-content\/uploads\/2020\/09\/Logo-web.png","width":1834,"height":1333,"caption":"Association humanitaire L'Appel et parrainages d'enfants"},"image":{"@id":"https:\/\/alteriade-clients.alwaysdata.net\/appel\/#\/schema\/logo\/image\/"}}]}},"_links":{"self":[{"href":"https:\/\/alteriade-clients.alwaysdata.net\/appel\/wp-json\/wp\/v2\/pages\/23235","targetHints":{"allow":["GET"]}}],"collection":[{"href":"https:\/\/alteriade-clients.alwaysdata.net\/appel\/wp-json\/wp\/v2\/pages"}],"about":[{"href":"https:\/\/alteriade-clients.alwaysdata.net\/appel\/wp-json\/wp\/v2\/types\/page"}],"author":[{"embeddable":true,"href":"https:\/\/alteriade-clients.alwaysdata.net\/appel\/wp-json\/wp\/v2\/users\/1"}],"replies":[{"embeddable":true,"href":"https:\/\/alteriade-clients.alwaysdata.net\/appel\/wp-json\/wp\/v2\/comments?post=23235"}],"version-history":[{"count":22,"href":"https:\/\/alteriade-clients.alwaysdata.net\/appel\/wp-json\/wp\/v2\/pages\/23235\/revisions"}],"predecessor-version":[{"id":33383,"href":"https:\/\/alteriade-clients.alwaysdata.net\/appel\/wp-json\/wp\/v2\/pages\/23235\/revisions\/33383"}],"up":[{"embeddable":true,"href":"https:\/\/alteriade-clients.alwaysdata.net\/appel\/wp-json\/wp\/v2\/pages\/22747"}],"wp:featuredmedia":[{"embeddable":true,"href":"https:\/\/alteriade-clients.alwaysdata.net\/appel\/wp-json\/wp\/v2\/media\/24893"}],"wp:attachment":[{"href":"https:\/\/alteriade-clients.alwaysdata.net\/appel\/wp-json\/wp\/v2\/media?parent=23235"}],"curies":[{"name":"wp","href":"https:\/\/api.w.org\/{rel}","templated":true}]}}