{"id":23141,"date":"2025-06-04T14:37:08","date_gmt":"2025-06-04T12:37:08","guid":{"rendered":"https:\/\/alteriade-clients.alwaysdata.net\/appel\/?page_id=23141"},"modified":"2025-10-07T11:27:12","modified_gmt":"2025-10-07T09:27:12","slug":"notre-equipe","status":"publish","type":"page","link":"https:\/\/alteriade-clients.alwaysdata.net\/appel\/qui-sommes-nous\/notre-equipe\/","title":{"rendered":"Notre \u00e9quipe"},"content":{"rendered":"\t\t<div data-elementor-type=\"wp-page\" data-elementor-id=\"23141\" class=\"elementor elementor-23141\" data-elementor-post-type=\"page\">\n\t\t\t\t\t\t<header class=\"has_eae_slider elementor-section elementor-top-section elementor-element elementor-element-7f79c27 elementor-section-full_width elementor-section-height-min-height elementor-section-content-middle elementor-section-height-default elementor-section-items-middle\" data-eae-slider=\"93271\" data-id=\"7f79c27\" data-element_type=\"section\" data-settings=\"{&quot;background_background&quot;:&quot;classic&quot;,&quot;background_motion_fx_motion_fx_scrolling&quot;:&quot;yes&quot;,&quot;background_motion_fx_translateY_effect&quot;:&quot;yes&quot;,&quot;background_motion_fx_scale_effect&quot;:&quot;yes&quot;,&quot;background_motion_fx_devices&quot;:[&quot;tablet&quot;,&quot;mobile&quot;],&quot;background_motion_fx_translateY_speed&quot;:{&quot;unit&quot;:&quot;px&quot;,&quot;size&quot;:4,&quot;sizes&quot;:[]},&quot;background_motion_fx_translateY_affectedRange&quot;:{&quot;unit&quot;:&quot;%&quot;,&quot;size&quot;:&quot;&quot;,&quot;sizes&quot;:{&quot;start&quot;:0,&quot;end&quot;:100}},&quot;background_motion_fx_scale_direction&quot;:&quot;out-in&quot;,&quot;background_motion_fx_scale_speed&quot;:{&quot;unit&quot;:&quot;px&quot;,&quot;size&quot;:4,&quot;sizes&quot;:[]},&quot;background_motion_fx_scale_range&quot;:{&quot;unit&quot;:&quot;%&quot;,&quot;size&quot;:&quot;&quot;,&quot;sizes&quot;:{&quot;start&quot;:20,&quot;end&quot;:80}}}\">\n\t\t\t\t\t\t\t<div class=\"elementor-background-overlay\"><\/div>\n\t\t\t\t\t\t\t<div class=\"elementor-container elementor-column-gap-default\">\n\t\t\t\t\t<div class=\"has_eae_slider elementor-column elementor-col-100 elementor-top-column elementor-element elementor-element-8bce9e2\" data-eae-slider=\"24736\" data-id=\"8bce9e2\" data-element_type=\"column\">\n\t\t\t<div class=\"elementor-widget-wrap elementor-element-populated\">\n\t\t\t\t\t\t<section class=\"has_eae_slider elementor-section elementor-inner-section elementor-element elementor-element-829994e elementor-section-boxed elementor-section-height-default elementor-section-height-default\" data-eae-slider=\"3018\" data-id=\"829994e\" data-element_type=\"section\">\n\t\t\t\t\t\t<div class=\"elementor-container elementor-column-gap-default\">\n\t\t\t\t\t<div class=\"has_eae_slider elementor-column elementor-col-100 elementor-inner-column elementor-element elementor-element-70d446f\" data-eae-slider=\"92445\" data-id=\"70d446f\" data-element_type=\"column\">\n\t\t\t<div class=\"elementor-widget-wrap elementor-element-populated\">\n\t\t\t\t\t\t<div class=\"elementor-element elementor-element-81f1d0e elementor-widget__width-inherit elementor-widget elementor-widget-heading\" data-id=\"81f1d0e\" data-element_type=\"widget\" data-widget_type=\"heading.default\">\n\t\t\t\t<div class=\"elementor-widget-container\">\n\t\t\t\t\t<h1 class=\"elementor-heading-title elementor-size-default\">Equipe et gouvernance<\/h1>\t\t\t\t<\/div>\n\t\t\t\t<\/div>\n\t\t\t\t<div class=\"elementor-element elementor-element-cae20e7 elementor-widget elementor-widget-text-editor\" data-id=\"cae20e7\" data-element_type=\"widget\" data-widget_type=\"text-editor.default\">\n\t\t\t\t<div class=\"elementor-widget-container\">\n\t\t\t\t\t\t\t\t\t<p>Notre \u00e9quipe de b\u00e9n\u00e9voles engag\u00e9s toute l&rsquo;ann\u00e9e<\/p>\t\t\t\t\t\t\t\t<\/div>\n\t\t\t\t<\/div>\n\t\t\t\t<div class=\"elementor-element elementor-element-c62aab1 elementor-widget elementor-widget-spacer\" data-id=\"c62aab1\" data-element_type=\"widget\" data-widget_type=\"spacer.default\">\n\t\t\t\t<div class=\"elementor-widget-container\">\n\t\t\t\t\t\t\t<div class=\"elementor-spacer\">\n\t\t\t<div class=\"elementor-spacer-inner\"><\/div>\n\t\t<\/div>\n\t\t\t\t\t\t<\/div>\n\t\t\t\t<\/div>\n\t\t\t\t\t<\/div>\n\t\t<\/div>\n\t\t\t\t\t<\/div>\n\t\t<\/section>\n\t\t\t\t\t<\/div>\n\t\t<\/div>\n\t\t\t\t\t<\/div>\n\t\t<\/header>\n\t\t\t\t<section class=\"has_eae_slider elementor-section elementor-top-section elementor-element elementor-element-2d9288a elementor-section-boxed elementor-section-height-default elementor-section-height-default\" data-eae-slider=\"40336\" data-id=\"2d9288a\" data-element_type=\"section\">\n\t\t\t\t\t\t<div class=\"elementor-container elementor-column-gap-default\">\n\t\t\t\t\t\t<\/div>\n\t\t<\/section>\n\t\t\t\t<section class=\"has_eae_slider elementor-section elementor-top-section elementor-element elementor-element-91ad83f elementor-section-boxed elementor-section-height-default elementor-section-height-default\" data-eae-slider=\"8597\" data-id=\"91ad83f\" data-element_type=\"section\">\n\t\t\t\t\t\t<div class=\"elementor-container elementor-column-gap-default\">\n\t\t\t\t\t\t<\/div>\n\t\t<\/section>\n\t\t\t\t<section class=\"has_eae_slider elementor-section elementor-top-section elementor-element elementor-element-3aed0d0 elementor-section-boxed elementor-section-height-default elementor-section-height-default\" data-eae-slider=\"46936\" data-id=\"3aed0d0\" data-element_type=\"section\">\n\t\t\t\t\t\t<div class=\"elementor-container elementor-column-gap-default\">\n\t\t\t\t\t\t<\/div>\n\t\t<\/section>\n\t\t\t\t<section class=\"has_eae_slider elementor-section elementor-top-section elementor-element elementor-element-3162021 elementor-section-full_width elementor-section-height-default elementor-section-height-default\" data-eae-slider=\"81879\" data-id=\"3162021\" data-element_type=\"section\">\n\t\t\t\t\t\t<div class=\"elementor-container elementor-column-gap-default\">\n\t\t\t\t\t<div class=\"has_eae_slider elementor-column elementor-col-100 elementor-top-column elementor-element elementor-element-a33ae58\" data-eae-slider=\"13205\" data-id=\"a33ae58\" data-element_type=\"column\">\n\t\t\t<div class=\"elementor-widget-wrap elementor-element-populated\">\n\t\t\t\t\t\t<div class=\"elementor-element elementor-element-a98a987 elementor-widget elementor-widget-breadcrumbs\" data-id=\"a98a987\" data-element_type=\"widget\" data-widget_type=\"breadcrumbs.default\">\n\t\t\t\t<div class=\"elementor-widget-container\">\n\t\t\t\t\t<p id=\"breadcrumbs\"><span><span><a href=\"https:\/\/alteriade-clients.alwaysdata.net\/appel\/\">Accueil<\/a><\/span><\/span><\/p>\t\t\t\t<\/div>\n\t\t\t\t<\/div>\n\t\t\t\t\t<\/div>\n\t\t<\/div>\n\t\t\t\t\t<\/div>\n\t\t<\/section>\n\t\t\t\t<section class=\"has_eae_slider elementor-section elementor-top-section elementor-element elementor-element-aec925b elementor-section-boxed elementor-section-height-default elementor-section-height-default\" data-eae-slider=\"59956\" data-id=\"aec925b\" data-element_type=\"section\">\n\t\t\t\t\t\t<div class=\"elementor-container elementor-column-gap-default\">\n\t\t\t\t\t<div class=\"has_eae_slider elementor-column elementor-col-100 elementor-top-column elementor-element elementor-element-cf8604c\" data-eae-slider=\"3117\" data-id=\"cf8604c\" data-element_type=\"column\">\n\t\t\t<div class=\"elementor-widget-wrap elementor-element-populated\">\n\t\t\t\t\t\t<div class=\"elementor-element elementor-element-6b7290a elementor-widget elementor-widget-heading\" data-id=\"6b7290a\" data-element_type=\"widget\" data-widget_type=\"heading.default\">\n\t\t\t\t<div class=\"elementor-widget-container\">\n\t\t\t\t\t<h2 class=\"elementor-heading-title elementor-size-default\">Notre bureau et notre gouvernance<\/h2>\t\t\t\t<\/div>\n\t\t\t\t<\/div>\n\t\t\t\t\t<\/div>\n\t\t<\/div>\n\t\t\t\t\t<\/div>\n\t\t<\/section>\n\t\t\t\t<section class=\"has_eae_slider elementor-section elementor-top-section elementor-element elementor-element-66f58b5 elementor-hidden-tablet elementor-hidden-mobile elementor-section-boxed elementor-section-height-default elementor-section-height-default\" data-eae-slider=\"528\" data-id=\"66f58b5\" data-element_type=\"section\">\n\t\t\t\t\t\t<div class=\"elementor-container elementor-column-gap-default\">\n\t\t\t\t\t<div class=\"has_eae_slider elementor-column elementor-col-20 elementor-top-column elementor-element elementor-element-266ab25\" data-eae-slider=\"70399\" data-id=\"266ab25\" data-element_type=\"column\">\n\t\t\t<div class=\"elementor-widget-wrap elementor-element-populated\">\n\t\t\t\t\t\t<div class=\"elementor-element elementor-element-03af590 elementor-widget elementor-widget-be-image-box\" data-id=\"03af590\" data-element_type=\"widget\" data-widget_type=\"be-image-box.skin-nevado\">\n\t\t\t\t<div class=\"elementor-widget-container\">\n\t\t\t\t\t\t\t\t<div class=\"elementor-image-box elementor-image-box--skin-nevado\">\n\t\t<h3 class=\"elementor-image-box__title\"><a href=\"#\">Pr\u00e9sidente<\/a><\/h3>\n\t\t<div class=\"elementor-image-box__image\">\n      <div class=\"elementor-image-box__overlay\"><\/div>\n\t\t\t<img decoding=\"async\" src=\"https:\/\/alteriade-clients.alwaysdata.net\/appel\/wp-content\/uploads\/2025\/07\/Notre-equipe-professionnels-benevoles-6-min-scaled.jpg\" alt=\"\"\/><div class=\"elementor-image-box__desc\">Th\u00e9r\u00e8se Guichard-Gaudin\n\n\u00e0 L'Appel depuis 2017<\/div>\t\t<\/div>\n\n    \n\t\t\t\t\t<\/div>\n\t\t\t\t\t\t<\/div>\n\t\t\t\t<\/div>\n\t\t\t\t\t<\/div>\n\t\t<\/div>\n\t\t\t\t<div class=\"has_eae_slider elementor-column elementor-col-20 elementor-top-column elementor-element elementor-element-21b7916\" data-eae-slider=\"74551\" data-id=\"21b7916\" data-element_type=\"column\">\n\t\t\t<div class=\"elementor-widget-wrap elementor-element-populated\">\n\t\t\t\t\t\t<div class=\"elementor-element elementor-element-1f60640 elementor-widget elementor-widget-be-image-box\" data-id=\"1f60640\" data-element_type=\"widget\" data-widget_type=\"be-image-box.skin-nevado\">\n\t\t\t\t<div class=\"elementor-widget-container\">\n\t\t\t\t\t\t\t\t<div class=\"elementor-image-box elementor-image-box--skin-nevado\">\n\t\t<h3 class=\"elementor-image-box__title\"><a href=\"#\">Vice-pr\u00e9sidente<\/a><\/h3>\n\t\t<div class=\"elementor-image-box__image\">\n      <div class=\"elementor-image-box__overlay\"><\/div>\n\t\t\t<img decoding=\"async\" src=\"https:\/\/alteriade-clients.alwaysdata.net\/appel\/wp-content\/uploads\/2025\/07\/Notre-equipe-professionnels-benevoles-3-min-scaled.jpg\" alt=\"\"\/><div class=\"elementor-image-box__desc\">Pascale Guimard \u00e0 L'Appel depuis 2015<\/div>\t\t<\/div>\n\n    \n\t\t\t\t\t<\/div>\n\t\t\t\t\t\t<\/div>\n\t\t\t\t<\/div>\n\t\t\t\t\t<\/div>\n\t\t<\/div>\n\t\t\t\t<div class=\"has_eae_slider elementor-column elementor-col-20 elementor-top-column elementor-element elementor-element-eabb146\" data-eae-slider=\"12057\" data-id=\"eabb146\" data-element_type=\"column\">\n\t\t\t<div class=\"elementor-widget-wrap elementor-element-populated\">\n\t\t\t\t\t\t<div class=\"elementor-element elementor-element-e009ddf elementor-widget elementor-widget-be-image-box\" data-id=\"e009ddf\" data-element_type=\"widget\" data-widget_type=\"be-image-box.skin-nevado\">\n\t\t\t\t<div class=\"elementor-widget-container\">\n\t\t\t\t\t\t\t\t<div class=\"elementor-image-box elementor-image-box--skin-nevado\">\n\t\t<h3 class=\"elementor-image-box__title\"><a href=\"#\">Tr\u00e9sori\u00e8re<\/a><\/h3>\n\t\t<div class=\"elementor-image-box__image\">\n      <div class=\"elementor-image-box__overlay\"><\/div>\n\t\t\t<img decoding=\"async\" src=\"https:\/\/alteriade-clients.alwaysdata.net\/appel\/wp-content\/uploads\/2025\/07\/Notre-equipe-professionnels-benevoles-5-min-scaled.jpg\" alt=\"\"\/><div class=\"elementor-image-box__desc\">Sylvie Andral \u00e0 L'Appel depuis 2016<\/div>\t\t<\/div>\n\n    \n\t\t\t\t\t<\/div>\n\t\t\t\t\t\t<\/div>\n\t\t\t\t<\/div>\n\t\t\t\t\t<\/div>\n\t\t<\/div>\n\t\t\t\t<div class=\"has_eae_slider elementor-column elementor-col-20 elementor-top-column elementor-element elementor-element-d341b1a\" data-eae-slider=\"4843\" data-id=\"d341b1a\" data-element_type=\"column\">\n\t\t\t<div class=\"elementor-widget-wrap elementor-element-populated\">\n\t\t\t\t\t\t<div class=\"elementor-element elementor-element-26d44f4 elementor-widget elementor-widget-be-image-box\" data-id=\"26d44f4\" data-element_type=\"widget\" data-widget_type=\"be-image-box.skin-nevado\">\n\t\t\t\t<div class=\"elementor-widget-container\">\n\t\t\t\t\t\t\t\t<div class=\"elementor-image-box elementor-image-box--skin-nevado\">\n\t\t<h3 class=\"elementor-image-box__title\"><a href=\"#\">Secr\u00e9taire<\/a><\/h3>\n\t\t<div class=\"elementor-image-box__image\">\n      <div class=\"elementor-image-box__overlay\"><\/div>\n\t\t\t<img decoding=\"async\" src=\"https:\/\/alteriade-clients.alwaysdata.net\/appel\/wp-content\/uploads\/2025\/07\/Notre-equipe-professionnels-benevoles-4-min-scaled.jpg\" alt=\"\"\/><div class=\"elementor-image-box__desc\">Patricia Rochelemagne \u00e0 L'Appel depuis 2014<\/div>\t\t<\/div>\n\n    \n\t\t\t\t\t<\/div>\n\t\t\t\t\t\t<\/div>\n\t\t\t\t<\/div>\n\t\t\t\t\t<\/div>\n\t\t<\/div>\n\t\t\t\t<div class=\"has_eae_slider elementor-column elementor-col-20 elementor-top-column elementor-element elementor-element-f48aefe\" data-eae-slider=\"36420\" data-id=\"f48aefe\" data-element_type=\"column\">\n\t\t\t<div class=\"elementor-widget-wrap elementor-element-populated\">\n\t\t\t\t\t\t<div class=\"elementor-element elementor-element-acc67ac elementor-widget elementor-widget-be-image-box\" data-id=\"acc67ac\" data-element_type=\"widget\" data-widget_type=\"be-image-box.skin-nevado\">\n\t\t\t\t<div class=\"elementor-widget-container\">\n\t\t\t\t\t\t\t\t<div class=\"elementor-image-box elementor-image-box--skin-nevado\">\n\t\t<h3 class=\"elementor-image-box__title\"><a href=\"#\">Membre<\/a><\/h3>\n\t\t<div class=\"elementor-image-box__image\">\n      <div class=\"elementor-image-box__overlay\"><\/div>\n\t\t\t<img decoding=\"async\" src=\"https:\/\/alteriade-clients.alwaysdata.net\/appel\/wp-content\/uploads\/2025\/07\/Notre-equipe-professionnels-benevoles-1-min-scaled.jpg\" alt=\"\"\/><div class=\"elementor-image-box__desc\">Beno\u00eet Mollaret \u00e0 L'Appel depuis 2012<\/div>\t\t<\/div>\n\n    \n\t\t\t\t\t<\/div>\n\t\t\t\t\t\t<\/div>\n\t\t\t\t<\/div>\n\t\t\t\t\t<\/div>\n\t\t<\/div>\n\t\t\t\t\t<\/div>\n\t\t<\/section>\n\t\t\t\t<section class=\"has_eae_slider elementor-section elementor-top-section elementor-element elementor-element-9192081 elementor-hidden-desktop elementor-section-boxed elementor-section-height-default elementor-section-height-default\" data-eae-slider=\"45983\" data-id=\"9192081\" data-element_type=\"section\">\n\t\t\t\t\t\t<div class=\"elementor-container elementor-column-gap-narrow\">\n\t\t\t\t\t<div class=\"has_eae_slider elementor-column elementor-col-20 elementor-top-column elementor-element elementor-element-a709ef5\" data-eae-slider=\"83201\" data-id=\"a709ef5\" data-element_type=\"column\">\n\t\t\t<div class=\"elementor-widget-wrap elementor-element-populated\">\n\t\t\t\t\t\t<div class=\"elementor-element elementor-element-02f2dc6 elementor-widget-mobile__width-auto elementor-widget elementor-widget-be-image-box\" data-id=\"02f2dc6\" data-element_type=\"widget\" data-widget_type=\"be-image-box.skin-nevado\">\n\t\t\t\t<div class=\"elementor-widget-container\">\n\t\t\t\t\t\t\t\t<div class=\"elementor-image-box elementor-image-box--skin-nevado\">\n\t\t<h3 class=\"elementor-image-box__title\"><a href=\"#\">Pr\u00e9sidente<\/a><\/h3>\n\t\t<div class=\"elementor-image-box__image\">\n      <div class=\"elementor-image-box__overlay\"><\/div>\n\t\t\t<img decoding=\"async\" src=\"https:\/\/alteriade-clients.alwaysdata.net\/appel\/wp-content\/uploads\/2025\/07\/Notre-equipe-professionnels-benevoles-6-min-scaled.jpg\" alt=\"\"\/><div class=\"elementor-image-box__desc\">Th\u00e9r\u00e8se Guichard-Gaudin\n\n\u00e0 L'Appel depuis 2017<\/div>\t\t<\/div>\n\n    \n\t\t\t\t\t<\/div>\n\t\t\t\t\t\t<\/div>\n\t\t\t\t<\/div>\n\t\t\t\t\t<\/div>\n\t\t<\/div>\n\t\t\t\t<div class=\"has_eae_slider elementor-column elementor-col-20 elementor-top-column elementor-element elementor-element-fa9da6b\" data-eae-slider=\"67050\" data-id=\"fa9da6b\" data-element_type=\"column\">\n\t\t\t<div class=\"elementor-widget-wrap elementor-element-populated\">\n\t\t\t\t\t\t<div class=\"elementor-element elementor-element-8572e2f elementor-widget elementor-widget-be-image-box\" data-id=\"8572e2f\" data-element_type=\"widget\" data-widget_type=\"be-image-box.skin-nevado\">\n\t\t\t\t<div class=\"elementor-widget-container\">\n\t\t\t\t\t\t\t\t<div class=\"elementor-image-box elementor-image-box--skin-nevado\">\n\t\t<h3 class=\"elementor-image-box__title\"><a href=\"#\">Vice-pr\u00e9sidente<\/a><\/h3>\n\t\t<div class=\"elementor-image-box__image\">\n      <div class=\"elementor-image-box__overlay\"><\/div>\n\t\t\t<img decoding=\"async\" src=\"https:\/\/alteriade-clients.alwaysdata.net\/appel\/wp-content\/uploads\/2025\/07\/Notre-equipe-professionnels-benevoles-3-min-scaled.jpg\" alt=\"\"\/><div class=\"elementor-image-box__desc\">Pascale Guimard \u00e0 L'Appel depuis 2015<\/div>\t\t<\/div>\n\n    \n\t\t\t\t\t<\/div>\n\t\t\t\t\t\t<\/div>\n\t\t\t\t<\/div>\n\t\t\t\t\t<\/div>\n\t\t<\/div>\n\t\t\t\t<div class=\"has_eae_slider elementor-column elementor-col-20 elementor-top-column elementor-element elementor-element-76ba201\" data-eae-slider=\"22822\" data-id=\"76ba201\" data-element_type=\"column\">\n\t\t\t<div class=\"elementor-widget-wrap elementor-element-populated\">\n\t\t\t\t\t\t<div class=\"elementor-element elementor-element-84c204e elementor-widget elementor-widget-be-image-box\" data-id=\"84c204e\" data-element_type=\"widget\" data-widget_type=\"be-image-box.skin-nevado\">\n\t\t\t\t<div class=\"elementor-widget-container\">\n\t\t\t\t\t\t\t\t<div class=\"elementor-image-box elementor-image-box--skin-nevado\">\n\t\t<h3 class=\"elementor-image-box__title\"><a href=\"#\">Tr\u00e9sori\u00e8re<\/a><\/h3>\n\t\t<div class=\"elementor-image-box__image\">\n      <div class=\"elementor-image-box__overlay\"><\/div>\n\t\t\t<img decoding=\"async\" src=\"https:\/\/alteriade-clients.alwaysdata.net\/appel\/wp-content\/uploads\/2025\/07\/Notre-equipe-professionnels-benevoles-5-min-scaled.jpg\" alt=\"\"\/><div class=\"elementor-image-box__desc\">Sylvie Andral \u00e0 L'Appel depuis 2016<\/div>\t\t<\/div>\n\n    \n\t\t\t\t\t<\/div>\n\t\t\t\t\t\t<\/div>\n\t\t\t\t<\/div>\n\t\t\t\t\t<\/div>\n\t\t<\/div>\n\t\t\t\t<div class=\"has_eae_slider elementor-column elementor-col-20 elementor-top-column elementor-element elementor-element-479b816\" data-eae-slider=\"16216\" data-id=\"479b816\" data-element_type=\"column\">\n\t\t\t<div class=\"elementor-widget-wrap elementor-element-populated\">\n\t\t\t\t\t\t<div class=\"elementor-element elementor-element-6bc9795 elementor-widget elementor-widget-be-image-box\" data-id=\"6bc9795\" data-element_type=\"widget\" data-widget_type=\"be-image-box.skin-nevado\">\n\t\t\t\t<div class=\"elementor-widget-container\">\n\t\t\t\t\t\t\t\t<div class=\"elementor-image-box elementor-image-box--skin-nevado\">\n\t\t<h3 class=\"elementor-image-box__title\"><a href=\"#\">Secr\u00e9taire<\/a><\/h3>\n\t\t<div class=\"elementor-image-box__image\">\n      <div class=\"elementor-image-box__overlay\"><\/div>\n\t\t\t<img decoding=\"async\" src=\"https:\/\/alteriade-clients.alwaysdata.net\/appel\/wp-content\/uploads\/2025\/07\/Notre-equipe-professionnels-benevoles-4-min-scaled.jpg\" alt=\"\"\/><div class=\"elementor-image-box__desc\">Patricia Rochelemagne \u00e0 L'Appel depuis 2014<\/div>\t\t<\/div>\n\n    \n\t\t\t\t\t<\/div>\n\t\t\t\t\t\t<\/div>\n\t\t\t\t<\/div>\n\t\t\t\t\t<\/div>\n\t\t<\/div>\n\t\t\t\t<div class=\"has_eae_slider elementor-column elementor-col-20 elementor-top-column elementor-element elementor-element-c9b8c0c\" data-eae-slider=\"98538\" data-id=\"c9b8c0c\" data-element_type=\"column\">\n\t\t\t<div class=\"elementor-widget-wrap elementor-element-populated\">\n\t\t\t\t\t\t<div class=\"elementor-element elementor-element-72da74e elementor-widget elementor-widget-be-image-box\" data-id=\"72da74e\" data-element_type=\"widget\" data-widget_type=\"be-image-box.skin-nevado\">\n\t\t\t\t<div class=\"elementor-widget-container\">\n\t\t\t\t\t\t\t\t<div class=\"elementor-image-box elementor-image-box--skin-nevado\">\n\t\t<h3 class=\"elementor-image-box__title\"><a href=\"#\">Membre<\/a><\/h3>\n\t\t<div class=\"elementor-image-box__image\">\n      <div class=\"elementor-image-box__overlay\"><\/div>\n\t\t\t<img decoding=\"async\" src=\"https:\/\/alteriade-clients.alwaysdata.net\/appel\/wp-content\/uploads\/2025\/07\/Notre-equipe-professionnels-benevoles-1-min-scaled.jpg\" alt=\"\"\/><div class=\"elementor-image-box__desc\">Beno\u00eet Mollaret \u00e0 L'Appel depuis 2012<\/div>\t\t<\/div>\n\n    \n\t\t\t\t\t<\/div>\n\t\t\t\t\t\t<\/div>\n\t\t\t\t<\/div>\n\t\t\t\t\t<\/div>\n\t\t<\/div>\n\t\t\t\t\t<\/div>\n\t\t<\/section>\n\t\t\t\t<section class=\"has_eae_slider elementor-section elementor-top-section elementor-element elementor-element-afb192f elementor-section-boxed elementor-section-height-default elementor-section-height-default\" data-eae-slider=\"89929\" data-id=\"afb192f\" data-element_type=\"section\">\n\t\t\t\t\t\t<div class=\"elementor-container elementor-column-gap-default\">\n\t\t\t\t\t<div class=\"has_eae_slider elementor-column elementor-col-100 elementor-top-column elementor-element elementor-element-0e44f3a\" data-eae-slider=\"82101\" data-id=\"0e44f3a\" data-element_type=\"column\">\n\t\t\t<div class=\"elementor-widget-wrap elementor-element-populated\">\n\t\t\t\t\t\t<div class=\"elementor-element elementor-element-d404a89 elementor-widget elementor-widget-html\" data-id=\"d404a89\" data-element_type=\"widget\" data-widget_type=\"html.default\">\n\t\t\t\t<div class=\"elementor-widget-container\">\n\t\t\t\t\t<style>\r\n  .popup-overlay {\r\n    display: none;\r\n    position: fixed;\r\n    top: 0; left: 0;\r\n    width: 100%; height: 100%;\r\n    background: rgba(0, 0, 0, 0.5);\r\n    z-index: 9999;\r\n    justify-content: center;\r\n    align-items: center;\r\n  }\r\n\r\n  .popup-content {\r\n    background: #fff;\r\n    padding: 30px;\r\n    max-width: 600px;\r\n    border-radius: 10px;\r\n    position: relative;\r\n    font-family: sans-serif;\r\n  }\r\n\r\n  .close-btn {\r\n    position: absolute;\r\n    top: 10px; right: 10px;\r\n    cursor: pointer;\r\n    font-size: 20px;\r\n    background: none;\r\n    border: none;\r\n  }\r\n\r\n  .popup-button {\r\n    display: block;\r\n    margin: 30px auto;\r\n    padding: 12px 24px;\r\n    font-size: 16px;\r\n    cursor: pointer;\r\n    background-color: #0073aa;\r\n    color: white;\r\n    border: none;\r\n    border-radius: 5px;\r\n  }\r\n\r\n  .popup-content ul {\r\n    padding-left: 20px;\r\n  }\r\n<\/style>\r\n\r\n<!-- Le bouton -->\r\n<button class=\"popup-button\" onclick=\"document.getElementById('popup').style.display='flex';\">\r\n  Voir la liste des membres du conseil d'administration\r\n<\/button>\r\n\r\n<!-- Le popup -->\r\n<div id=\"popup\" class=\"popup-overlay\" onclick=\"this.style.display='none'\">\r\n  <div class=\"popup-content\" onclick=\"event.stopPropagation()\">\r\n    <button class=\"close-btn\" onclick=\"document.getElementById('popup').style.display='none';\">&times;<\/button>\r\n    <h3>Administrateurs de L'Appel<\/h3>\r\n    <ul>\r\n      <li>Th\u00e9r\u00e8se Guichard-Gaudin<\/li>\r\n      <li>Pascale Guimard<\/li>\r\n      <li>Sylvie Andral <\/li>\r\n      <li>Patricia Rochelemagne<\/li>\r\n      <li>Fran\u00e7oise Raisson <\/li>\r\n      <li>Beno\u00eet Mollaret<\/li>\r\n      <li>Brigitte Audras<\/li>\r\n      <li>Arlette Le N\u00f4tre<\/li>\r\n      <li>Marcelle Brown-Scheidig<\/li>\r\n      <li>Betty Guerrini <\/li>\r\n      <li>Hubert Chegaray<\/li>\r\n      <li>Annie Dominique Denhez<\/li>\r\n      <li>Caroline Mignot <\/li>\r\n      <li>Odile Oberlin <\/li>\r\n      <li>Anne Vincent<\/li>\r\n      <li>Agn\u00e8s Despoisse <\/li>\r\n      <li>Nadine Lalande<\/li>\r\n      <li>Florence  Landra<\/li>\r\n      <li>Anne Feltz <\/li>\r\n      <li>Myrvine Marcelin<\/li>\r\n      <li>Paul Sanyas<\/li>\r\n    <\/ul>\r\n  <\/div>\r\n<\/div>\t\t\t\t<\/div>\n\t\t\t\t<\/div>\n\t\t\t\t\t<\/div>\n\t\t<\/div>\n\t\t\t\t\t<\/div>\n\t\t<\/section>\n\t\t\t\t<section class=\"has_eae_slider elementor-section elementor-top-section elementor-element elementor-element-50460a7 elementor-section-boxed elementor-section-height-default elementor-section-height-default\" data-eae-slider=\"5561\" data-id=\"50460a7\" data-element_type=\"section\">\n\t\t\t\t\t\t<div class=\"elementor-container elementor-column-gap-default\">\n\t\t\t\t\t<div class=\"has_eae_slider elementor-column elementor-col-100 elementor-top-column elementor-element elementor-element-c6fb193\" data-eae-slider=\"29203\" data-id=\"c6fb193\" data-element_type=\"column\">\n\t\t\t<div class=\"elementor-widget-wrap elementor-element-populated\">\n\t\t\t\t\t\t<div class=\"elementor-element elementor-element-e3e412e elementor-widget elementor-widget-spacer\" data-id=\"e3e412e\" data-element_type=\"widget\" data-widget_type=\"spacer.default\">\n\t\t\t\t<div class=\"elementor-widget-container\">\n\t\t\t\t\t\t\t<div class=\"elementor-spacer\">\n\t\t\t<div class=\"elementor-spacer-inner\"><\/div>\n\t\t<\/div>\n\t\t\t\t\t\t<\/div>\n\t\t\t\t<\/div>\n\t\t\t\t\t<\/div>\n\t\t<\/div>\n\t\t\t\t\t<\/div>\n\t\t<\/section>\n\t\t\t\t<section class=\"has_eae_slider elementor-section elementor-top-section elementor-element elementor-element-5b19660 elementor-hidden-tablet elementor-hidden-mobile elementor-section-boxed elementor-section-height-default elementor-section-height-default\" data-eae-slider=\"61564\" data-id=\"5b19660\" data-element_type=\"section\">\n\t\t\t\t\t\t<div class=\"elementor-container elementor-column-gap-default\">\n\t\t\t\t\t<div class=\"has_eae_slider elementor-column elementor-col-33 elementor-top-column elementor-element elementor-element-a8c65cd\" data-eae-slider=\"78770\" data-id=\"a8c65cd\" data-element_type=\"column\">\n\t\t\t<div class=\"elementor-widget-wrap elementor-element-populated\">\n\t\t\t\t\t\t<div class=\"elementor-element elementor-element-a5cdfb1 elementor-widget elementor-widget-heading\" data-id=\"a5cdfb1\" data-element_type=\"widget\" data-widget_type=\"heading.default\">\n\t\t\t\t<div class=\"elementor-widget-container\">\n\t\t\t\t\t<h2 class=\"elementor-heading-title elementor-size-default\">Une \u00e9quipe salari\u00e9e au c\u0153ur de l'activit\u00e9<\/h2>\t\t\t\t<\/div>\n\t\t\t\t<\/div>\n\t\t\t\t<div class=\"elementor-element elementor-element-dc420d0 elementor-position-top elementor-widget elementor-widget-image-box\" data-id=\"dc420d0\" data-element_type=\"widget\" data-widget_type=\"image-box.default\">\n\t\t\t\t<div class=\"elementor-widget-container\">\n\t\t\t\t\t<div class=\"elementor-image-box-wrapper\"><figure class=\"elementor-image-box-img\"><img decoding=\"async\" src=\"https:\/\/alteriade-clients.alwaysdata.net\/appel\/wp-content\/plugins\/elementor\/assets\/images\/placeholder.png\" title=\"\" alt=\"\" loading=\"lazy\" \/><\/figure><div class=\"elementor-image-box-content\"><p class=\"elementor-image-box-description\">L\u2019Appel dispose d\u2019une <b>\u00e9quipe salari\u00e9e<\/b> restreinte : deux personnes \u00e0 temps partiel, bas\u00e9es dans les locaux de l\u2019association \u00e0 Paris. Elles assurent \u00e0 la fois l\u2019appui administratif et la communication de l\u2019association, le lien avec les b\u00e9n\u00e9voles, la gestion des dons, et le soutien aux porteurs de projets. Leur travail est rendu possible gr\u00e2ce \u00e0 l\u2019engagement d\u2019<b>un r\u00e9seau actif et structur\u00e9 de b\u00e9n\u00e9voles comp\u00e9tents<\/b>.<\/p><\/div><\/div>\t\t\t\t<\/div>\n\t\t\t\t<\/div>\n\t\t\t\t\t<\/div>\n\t\t<\/div>\n\t\t\t\t<div class=\"has_eae_slider elementor-column elementor-col-33 elementor-top-column elementor-element elementor-element-8b39963\" data-eae-slider=\"87438\" data-id=\"8b39963\" data-element_type=\"column\">\n\t\t\t<div class=\"elementor-widget-wrap elementor-element-populated\">\n\t\t\t\t\t\t<div class=\"elementor-element elementor-element-17394ce elementor-widget elementor-widget-heading\" data-id=\"17394ce\" data-element_type=\"widget\" data-widget_type=\"heading.default\">\n\t\t\t\t<div class=\"elementor-widget-container\">\n\t\t\t\t\t<h2 class=\"elementor-heading-title elementor-size-default\">Une expertise comptable pr\u00e9cieuse<\/h2>\t\t\t\t<\/div>\n\t\t\t\t<\/div>\n\t\t\t\t<div class=\"elementor-element elementor-element-18ff030 elementor-position-top elementor-widget elementor-widget-image-box\" data-id=\"18ff030\" data-element_type=\"widget\" data-widget_type=\"image-box.default\">\n\t\t\t\t<div class=\"elementor-widget-container\">\n\t\t\t\t\t<div class=\"elementor-image-box-wrapper\"><figure class=\"elementor-image-box-img\"><img decoding=\"async\" src=\"https:\/\/alteriade-clients.alwaysdata.net\/appel\/wp-content\/plugins\/elementor\/assets\/images\/placeholder.png\" title=\"\" alt=\"\" loading=\"lazy\" \/><\/figure><div class=\"elementor-image-box-content\"><p class=\"elementor-image-box-description\">L'\u00e9quipe salari\u00e9e est accompagn\u00e9e au quotidien par une \u00e9quipe de comptables b\u00e9n\u00e9voles. Elle assure le suivi des projets, l'\u00e9tablissement des bilans financiers, les relations avec les partenaires etc.\nCette expertise b\u00e9n\u00e9vole est une force essentielle de L\u2019Appel. Leur pr\u00e9sence hebdomadaire au si\u00e8ge permet une <b>gestion  financi\u00e8re rigoureuse en lien avec le commissaire aux comptes.<\/b><\/p><\/div><\/div>\t\t\t\t<\/div>\n\t\t\t\t<\/div>\n\t\t\t\t\t<\/div>\n\t\t<\/div>\n\t\t\t\t<div class=\"has_eae_slider elementor-column elementor-col-33 elementor-top-column elementor-element elementor-element-ceadfb7\" data-eae-slider=\"21703\" data-id=\"ceadfb7\" data-element_type=\"column\">\n\t\t\t<div class=\"elementor-widget-wrap elementor-element-populated\">\n\t\t\t\t\t\t<div class=\"elementor-element elementor-element-33dad18 elementor-widget elementor-widget-heading\" data-id=\"33dad18\" data-element_type=\"widget\" data-widget_type=\"heading.default\">\n\t\t\t\t<div class=\"elementor-widget-container\">\n\t\t\t\t\t<h2 class=\"elementor-heading-title elementor-size-default\">Groupe d'Etude des Projets<\/h2>\t\t\t\t<\/div>\n\t\t\t\t<\/div>\n\t\t\t\t<div class=\"elementor-element elementor-element-4b175a9 elementor-position-top elementor-widget elementor-widget-image-box\" data-id=\"4b175a9\" data-element_type=\"widget\" data-widget_type=\"image-box.default\">\n\t\t\t\t<div class=\"elementor-widget-container\">\n\t\t\t\t\t<div class=\"elementor-image-box-wrapper\"><figure class=\"elementor-image-box-img\"><img decoding=\"async\" src=\"https:\/\/alteriade-clients.alwaysdata.net\/appel\/wp-content\/plugins\/elementor\/assets\/images\/placeholder.png\" title=\"\" alt=\"\" loading=\"lazy\" \/><\/figure><div class=\"elementor-image-box-content\"><p class=\"elementor-image-box-description\">L\u2019Appel a mis en place une instance unique : le <b>GEP<\/b> (Groupe d'\u00c9tude des Projets). Compos\u00e9 de b\u00e9n\u00e9voles aux expertises compl\u00e9mentaires ce groupe permet  aux diff\u00e9rents chef.f.es de projets de b\u00e9n\u00e9ficier du <b>partage d'exp\u00e9riences<\/b>, d'\u00e9changer etc.\nLe GEP vise \u00e0 garantir la coh\u00e9rence de toute nouvelle action sur le terrain avec les objectifs de solidarit\u00e9 internationale de L\u2019Appel. <\/p><\/div><\/div>\t\t\t\t<\/div>\n\t\t\t\t<\/div>\n\t\t\t\t\t<\/div>\n\t\t<\/div>\n\t\t\t\t\t<\/div>\n\t\t<\/section>\n\t\t\t\t<section class=\"has_eae_slider elementor-section elementor-top-section elementor-element elementor-element-e401e83 elementor-hidden-desktop elementor-section-boxed elementor-section-height-default elementor-section-height-default\" data-eae-slider=\"544\" data-id=\"e401e83\" data-element_type=\"section\">\n\t\t\t\t\t\t<div class=\"elementor-container elementor-column-gap-default\">\n\t\t\t\t\t<div class=\"has_eae_slider elementor-column elementor-col-33 elementor-top-column elementor-element elementor-element-ba4b1b9\" data-eae-slider=\"89950\" data-id=\"ba4b1b9\" data-element_type=\"column\">\n\t\t\t<div class=\"elementor-widget-wrap elementor-element-populated\">\n\t\t\t\t\t\t<div class=\"elementor-element elementor-element-a39fcbf elementor-widget elementor-widget-heading\" data-id=\"a39fcbf\" data-element_type=\"widget\" data-widget_type=\"heading.default\">\n\t\t\t\t<div class=\"elementor-widget-container\">\n\t\t\t\t\t<h2 class=\"elementor-heading-title elementor-size-default\">Une \u00e9quipe salari\u00e9e au c\u0153ur de l'activit\u00e9<\/h2>\t\t\t\t<\/div>\n\t\t\t\t<\/div>\n\t\t\t\t<div class=\"elementor-element elementor-element-dd73a18 elementor-position-top elementor-widget elementor-widget-image-box\" data-id=\"dd73a18\" data-element_type=\"widget\" data-widget_type=\"image-box.default\">\n\t\t\t\t<div class=\"elementor-widget-container\">\n\t\t\t\t\t<div class=\"elementor-image-box-wrapper\"><figure class=\"elementor-image-box-img\"><img decoding=\"async\" src=\"https:\/\/alteriade-clients.alwaysdata.net\/appel\/wp-content\/plugins\/elementor\/assets\/images\/placeholder.png\" title=\"\" alt=\"\" loading=\"lazy\" \/><\/figure><div class=\"elementor-image-box-content\"><p class=\"elementor-image-box-description\">L\u2019Appel dispose d\u2019une \u00e9quipe salari\u00e9e restreinte : deux personnes \u00e0 temps partiel, bas\u00e9es dans les locaux de l\u2019association \u00e0 Paris. Elles assurent \u00e0 la fois l\u2019appui administratif et la communication de l\u2019association, le lien avec les b\u00e9n\u00e9voles, la gestion des dons, et le soutien aux porteurs de projets. Leur travail est rendu possible gr\u00e2ce \u00e0 l\u2019engagement d\u2019un r\u00e9seau actif et structur\u00e9 de b\u00e9n\u00e9voles comp\u00e9tents.<\/p><\/div><\/div>\t\t\t\t<\/div>\n\t\t\t\t<\/div>\n\t\t\t\t\t<\/div>\n\t\t<\/div>\n\t\t\t\t<div class=\"has_eae_slider elementor-column elementor-col-33 elementor-top-column elementor-element elementor-element-b7c7c79\" data-eae-slider=\"13109\" data-id=\"b7c7c79\" data-element_type=\"column\">\n\t\t\t<div class=\"elementor-widget-wrap elementor-element-populated\">\n\t\t\t\t\t\t<div class=\"elementor-element elementor-element-e20baf1 elementor-widget elementor-widget-spacer\" data-id=\"e20baf1\" data-element_type=\"widget\" data-widget_type=\"spacer.default\">\n\t\t\t\t<div class=\"elementor-widget-container\">\n\t\t\t\t\t\t\t<div class=\"elementor-spacer\">\n\t\t\t<div class=\"elementor-spacer-inner\"><\/div>\n\t\t<\/div>\n\t\t\t\t\t\t<\/div>\n\t\t\t\t<\/div>\n\t\t\t\t<div class=\"elementor-element elementor-element-fa251f2 elementor-widget elementor-widget-heading\" data-id=\"fa251f2\" data-element_type=\"widget\" data-widget_type=\"heading.default\">\n\t\t\t\t<div class=\"elementor-widget-container\">\n\t\t\t\t\t<h2 class=\"elementor-heading-title elementor-size-default\">Une expertise comptable pr\u00e9cieuse<\/h2>\t\t\t\t<\/div>\n\t\t\t\t<\/div>\n\t\t\t\t<div class=\"elementor-element elementor-element-67dadc5 elementor-position-top elementor-widget elementor-widget-image-box\" data-id=\"67dadc5\" data-element_type=\"widget\" data-widget_type=\"image-box.default\">\n\t\t\t\t<div class=\"elementor-widget-container\">\n\t\t\t\t\t<div class=\"elementor-image-box-wrapper\"><figure class=\"elementor-image-box-img\"><img decoding=\"async\" src=\"https:\/\/alteriade-clients.alwaysdata.net\/appel\/wp-content\/plugins\/elementor\/assets\/images\/placeholder.png\" title=\"\" alt=\"\" loading=\"lazy\" \/><\/figure><div class=\"elementor-image-box-content\"><p class=\"elementor-image-box-description\">L'\u00e9quipe salari\u00e9e est accompagn\u00e9e au quotidien par une \u00e9quipe de comptables b\u00e9n\u00e9voles. Elle assure le suivi des projets, l'\u00e9tablissement des bilans financiers, les relations avec les partenaires etc.\nCette expertise b\u00e9n\u00e9vole est une force essentielle de L\u2019Appel. Leur pr\u00e9sence hebdomadaire au si\u00e8ge permet une gestion  financi\u00e8re rigoureuse en lien avec le commissaire aux comptes.<\/p><\/div><\/div>\t\t\t\t<\/div>\n\t\t\t\t<\/div>\n\t\t\t\t\t<\/div>\n\t\t<\/div>\n\t\t\t\t<div class=\"has_eae_slider elementor-column elementor-col-33 elementor-top-column elementor-element elementor-element-cfd5dca\" data-eae-slider=\"46135\" data-id=\"cfd5dca\" data-element_type=\"column\">\n\t\t\t<div class=\"elementor-widget-wrap elementor-element-populated\">\n\t\t\t\t\t\t<div class=\"elementor-element elementor-element-a363556 elementor-widget elementor-widget-spacer\" data-id=\"a363556\" data-element_type=\"widget\" data-widget_type=\"spacer.default\">\n\t\t\t\t<div class=\"elementor-widget-container\">\n\t\t\t\t\t\t\t<div class=\"elementor-spacer\">\n\t\t\t<div class=\"elementor-spacer-inner\"><\/div>\n\t\t<\/div>\n\t\t\t\t\t\t<\/div>\n\t\t\t\t<\/div>\n\t\t\t\t<div class=\"elementor-element elementor-element-00eb6d5 elementor-widget elementor-widget-heading\" data-id=\"00eb6d5\" data-element_type=\"widget\" data-widget_type=\"heading.default\">\n\t\t\t\t<div class=\"elementor-widget-container\">\n\t\t\t\t\t<h2 class=\"elementor-heading-title elementor-size-default\">Groupe d'Etudes des Projets<\/h2>\t\t\t\t<\/div>\n\t\t\t\t<\/div>\n\t\t\t\t<div class=\"elementor-element elementor-element-27a1c9d elementor-position-top elementor-widget elementor-widget-image-box\" data-id=\"27a1c9d\" data-element_type=\"widget\" data-widget_type=\"image-box.default\">\n\t\t\t\t<div class=\"elementor-widget-container\">\n\t\t\t\t\t<div class=\"elementor-image-box-wrapper\"><figure class=\"elementor-image-box-img\"><img decoding=\"async\" src=\"https:\/\/alteriade-clients.alwaysdata.net\/appel\/wp-content\/plugins\/elementor\/assets\/images\/placeholder.png\" title=\"\" alt=\"\" loading=\"lazy\" \/><\/figure><div class=\"elementor-image-box-content\"><p class=\"elementor-image-box-description\">L\u2019Appel a mis en place une instance unique : le GEP (Groupe d'\u00c9tude des Projets). Compos\u00e9 de b\u00e9n\u00e9voles aux expertises compl\u00e9mentaires ce groupe permet  aux diff\u00e9rents chef.f.es de projets de b\u00e9n\u00e9ficier du partage d'exp\u00e9riences, d'\u00e9changer etc.\nLe GEP vise \u00e0 garantir la coh\u00e9rence de toute nouvelle action sur le terrain avec les objectifs de solidarit\u00e9 internationale de L\u2019Appel. <\/p><\/div><\/div>\t\t\t\t<\/div>\n\t\t\t\t<\/div>\n\t\t\t\t\t<\/div>\n\t\t<\/div>\n\t\t\t\t\t<\/div>\n\t\t<\/section>\n\t\t\t\t<section class=\"has_eae_slider elementor-section elementor-top-section elementor-element elementor-element-6130ac8 elementor-section-boxed elementor-section-height-default elementor-section-height-default\" data-eae-slider=\"79300\" data-id=\"6130ac8\" data-element_type=\"section\">\n\t\t\t\t\t\t<div class=\"elementor-container elementor-column-gap-default\">\n\t\t\t\t\t<div class=\"has_eae_slider elementor-column elementor-col-100 elementor-top-column elementor-element elementor-element-aaf968d\" data-eae-slider=\"61844\" data-id=\"aaf968d\" data-element_type=\"column\">\n\t\t\t<div class=\"elementor-widget-wrap elementor-element-populated\">\n\t\t\t\t\t\t<div class=\"elementor-element elementor-element-d6cb9c3 elementor-widget elementor-widget-heading\" data-id=\"d6cb9c3\" data-element_type=\"widget\" data-widget_type=\"heading.default\">\n\t\t\t\t<div class=\"elementor-widget-container\">\n\t\t\t\t\t<h3 class=\"elementor-heading-title elementor-size-default\">Devenir b\u00e9n\u00e9vole :<\/h3>\t\t\t\t<\/div>\n\t\t\t\t<\/div>\n\t\t\t\t\t<\/div>\n\t\t<\/div>\n\t\t\t\t\t<\/div>\n\t\t<\/section>\n\t\t\t\t<section class=\"has_eae_slider elementor-section elementor-top-section elementor-element elementor-element-60d7cc5 elementor-section-boxed elementor-section-height-default elementor-section-height-default\" data-eae-slider=\"26567\" data-id=\"60d7cc5\" data-element_type=\"section\">\n\t\t\t\t\t\t<div class=\"elementor-container elementor-column-gap-default\">\n\t\t\t\t\t<div class=\"has_eae_slider elementor-column elementor-col-100 elementor-top-column elementor-element elementor-element-98d6c7d\" data-eae-slider=\"95\" data-id=\"98d6c7d\" data-element_type=\"column\">\n\t\t\t<div class=\"elementor-widget-wrap elementor-element-populated\">\n\t\t\t\t\t\t<div class=\"elementor-element elementor-element-7ed2b59 elementor-tabs-view-horizontal elementor-widget elementor-widget-tabs\" data-id=\"7ed2b59\" data-element_type=\"widget\" data-widget_type=\"tabs.default\">\n\t\t\t\t<div class=\"elementor-widget-container\">\n\t\t\t\t\t\t\t<div class=\"elementor-tabs\">\n\t\t\t<div class=\"elementor-tabs-wrapper\" role=\"tablist\" >\n\t\t\t\t\t\t\t\t\t<div id=\"elementor-tab-title-1321\" class=\"elementor-tab-title elementor-tab-desktop-title\" aria-selected=\"true\" data-tab=\"1\" role=\"tab\" tabindex=\"0\" aria-controls=\"elementor-tab-content-1321\" aria-expanded=\"false\">Au si\u00e8ge<\/div>\n\t\t\t\t\t\t\t\t\t<div id=\"elementor-tab-title-1322\" class=\"elementor-tab-title elementor-tab-desktop-title\" aria-selected=\"false\" data-tab=\"2\" role=\"tab\" tabindex=\"-1\" aria-controls=\"elementor-tab-content-1322\" aria-expanded=\"false\">En r\u00e9gion<\/div>\n\t\t\t\t\t\t\t<\/div>\n\t\t\t<div class=\"elementor-tabs-content-wrapper\" role=\"tablist\" aria-orientation=\"vertical\">\n\t\t\t\t\t\t\t\t\t<div class=\"elementor-tab-title elementor-tab-mobile-title\" aria-selected=\"true\" data-tab=\"1\" role=\"tab\" tabindex=\"0\" aria-controls=\"elementor-tab-content-1321\" aria-expanded=\"false\">Au si\u00e8ge<\/div>\n\t\t\t\t\t<div id=\"elementor-tab-content-1321\" class=\"elementor-tab-content elementor-clearfix\" data-tab=\"1\" role=\"tabpanel\" aria-labelledby=\"elementor-tab-title-1321\" tabindex=\"0\" hidden=\"false\"><p data-start=\"149\" data-end=\"399\">\u00catre b\u00e9n\u00e9vole au si\u00e8ge, c\u2019est avoir une vision d\u2019ensemble sur les actions de L\u2019Appel \u00e0 travers le monde. Vous travaillez en lien direct avec les chef\u00b7fes de projet pour les accompagner dans la mise en \u0153uvre et le suivi de leurs projets, depuis Paris. C\u2019est un engagement global, transversal, qui demande <strong data-start=\"454\" data-end=\"508\">de la r\u00e9gularit\u00e9 et de la disponibilit\u00e9 en semaine<\/strong>, au sein d\u2019une petite \u00e9quipe dynamique et engag\u00e9e.<\/p><p data-start=\"561\" data-end=\"728\">Et si l\u2019envie vous prend d\u2019aller plus loin, <strong data-start=\"605\" data-end=\"669\">vous pouvez \u00e9galement accompagner une mission sur le terrain<\/strong>, en accord avec le ou la responsable du projet concern\u00e9\u00b7e.<\/p><\/div>\n\t\t\t\t\t\t\t\t\t<div class=\"elementor-tab-title elementor-tab-mobile-title\" aria-selected=\"false\" data-tab=\"2\" role=\"tab\" tabindex=\"-1\" aria-controls=\"elementor-tab-content-1322\" aria-expanded=\"false\">En r\u00e9gion<\/div>\n\t\t\t\t\t<div id=\"elementor-tab-content-1322\" class=\"elementor-tab-content elementor-clearfix\" data-tab=\"2\" role=\"tabpanel\" aria-labelledby=\"elementor-tab-title-1322\" tabindex=\"0\" hidden=\"hidden\"><p data-start=\"166\" data-end=\"312\">Les porteurs de projet de L\u2019Appel sont r\u00e9parti\u00b7es dans toute la France et m\u00e8nent leurs actions en lien avec des partenaires locaux, \u00e0 distance.<\/p><p data-start=\"314\" data-end=\"580\">\u00catre b\u00e9n\u00e9vole en r\u00e9gion, c\u2019est <strong data-start=\"345\" data-end=\"411\">rejoindre une \u00e9quipe d\u00e9j\u00e0 en place ou lancer un nouveau projet<\/strong> avec le soutien du si\u00e8ge. Vous suivez les avanc\u00e9es, \u00e9changez r\u00e9guli\u00e8rement avec les partenaires sur le terrain, et collaborez avec les autres b\u00e9n\u00e9voles de votre groupe. C\u2019est aussi un engagement collectif : <strong data-start=\"620\" data-end=\"704\">chaque projet est visit\u00e9 sur le terrain au moins une fois tous les un \u00e0 deux ans<\/strong>. Les b\u00e9n\u00e9voles s\u2019organisent en \u00e9quipe pour planifier ces missions. Le si\u00e8ge est toujours l\u00e0 pour vous accompagner en cas de besoin.<\/p><p data-start=\"838\" data-end=\"918\" data-is-last-node=\"\" data-is-only-node=\"\">Un engagement de proximit\u00e9, au service d\u2019une solidarit\u00e9 internationale concr\u00e8te.<\/p><\/div>\n\t\t\t\t\t\t\t<\/div>\n\t\t<\/div>\n\t\t\t\t\t\t<\/div>\n\t\t\t\t<\/div>\n\t\t\t\t\t<\/div>\n\t\t<\/div>\n\t\t\t\t\t<\/div>\n\t\t<\/section>\n\t\t<div class=\"has_eae_slider elementor-element elementor-element-8b83ab3 e-flex e-con-boxed e-con e-parent\" data-eae-slider=\"52784\" data-id=\"8b83ab3\" data-element_type=\"container\">\n\t\t\t\t\t<div class=\"e-con-inner\">\n\t\t<div class=\"has_eae_slider elementor-element elementor-element-c90fbe3 e-con-full e-flex e-con e-child\" data-eae-slider=\"41818\" data-id=\"c90fbe3\" data-element_type=\"container\">\n\t\t\t\t<div class=\"elementor-element elementor-element-1f564b6 elementor-widget elementor-widget-gallery\" data-id=\"1f564b6\" data-element_type=\"widget\" data-settings=\"{&quot;gallery_layout&quot;:&quot;masonry&quot;,&quot;columns&quot;:2,&quot;gap&quot;:{&quot;unit&quot;:&quot;px&quot;,&quot;size&quot;:30,&quot;sizes&quot;:[]},&quot;columns_mobile&quot;:2,&quot;gap_tablet&quot;:{&quot;unit&quot;:&quot;px&quot;,&quot;size&quot;:30,&quot;sizes&quot;:[]},&quot;gap_mobile&quot;:{&quot;unit&quot;:&quot;px&quot;,&quot;size&quot;:20,&quot;sizes&quot;:[]},&quot;lazyload&quot;:&quot;yes&quot;,&quot;columns_tablet&quot;:2,&quot;content_hover_animation&quot;:&quot;fade-in&quot;}\" data-widget_type=\"gallery.default\">\n\t\t\t\t<div class=\"elementor-widget-container\">\n\t\t\t\t\t\t\t<div class=\"elementor-gallery__container\">\n\t\t\t\t\t\t\t<div class=\"e-gallery-item elementor-gallery-item elementor-animated-content\">\n\t\t\t\t\t<div class=\"e-gallery-image elementor-gallery-item__image\" data-thumbnail=\"https:\/\/alteriade-clients.alwaysdata.net\/appel\/wp-content\/uploads\/2025\/07\/Notre-equipe-LAppel-professionnels-benevoles-1-scaled-e1753954462814.jpg\" data-width=\"1212\" data-height=\"1707\" aria-label=\"benevole-pediatre-lappel\" role=\"img\" ><\/div>\n\t\t\t\t\t\t\t\t\t\t\t\t\t\t<\/div>\n\t\t\t\t\t\t\t<div class=\"e-gallery-item elementor-gallery-item elementor-animated-content\">\n\t\t\t\t\t<div class=\"e-gallery-image elementor-gallery-item__image\" data-thumbnail=\"https:\/\/alteriade-clients.alwaysdata.net\/appel\/wp-content\/uploads\/2025\/07\/Notre-equipe-LAppel-professionnels-benevoles-3-scaled.jpg\" data-width=\"2560\" data-height=\"1707\" aria-label=\"benevoles-l-appel-lappel-assemblee-generale\" role=\"img\" ><\/div>\n\t\t\t\t\t\t\t\t\t\t\t\t\t\t<\/div>\n\t\t\t\t\t\t\t<div class=\"e-gallery-item elementor-gallery-item elementor-animated-content\">\n\t\t\t\t\t<div class=\"e-gallery-image elementor-gallery-item__image\" data-thumbnail=\"https:\/\/alteriade-clients.alwaysdata.net\/appel\/wp-content\/uploads\/2025\/07\/Notre-equipe-LAppel-professionnels-benevoles-4-scaled.jpg\" data-width=\"2560\" data-height=\"1707\" aria-label=\"esther-duflo-lappel-assemblee-generale\" role=\"img\" ><\/div>\n\t\t\t\t\t\t\t\t\t\t\t\t\t\t<\/div>\n\t\t\t\t\t<\/div>\n\t\t\t\t\t<\/div>\n\t\t\t\t<\/div>\n\t\t\t\t<\/div>\n\t\t<div class=\"has_eae_slider elementor-element elementor-element-264cd9e e-con-full e-flex e-con e-child\" data-eae-slider=\"59195\" data-id=\"264cd9e\" data-element_type=\"container\">\n\t\t\t\t<div class=\"elementor-element elementor-element-01d931a elementor-widget elementor-widget-gallery\" data-id=\"01d931a\" data-element_type=\"widget\" data-settings=\"{&quot;gallery_layout&quot;:&quot;masonry&quot;,&quot;columns&quot;:2,&quot;gap&quot;:{&quot;unit&quot;:&quot;px&quot;,&quot;size&quot;:30,&quot;sizes&quot;:[]},&quot;columns_mobile&quot;:2,&quot;gap_tablet&quot;:{&quot;unit&quot;:&quot;px&quot;,&quot;size&quot;:30,&quot;sizes&quot;:[]},&quot;gap_mobile&quot;:{&quot;unit&quot;:&quot;px&quot;,&quot;size&quot;:20,&quot;sizes&quot;:[]},&quot;lazyload&quot;:&quot;yes&quot;,&quot;columns_tablet&quot;:2,&quot;content_hover_animation&quot;:&quot;fade-in&quot;}\" data-widget_type=\"gallery.default\">\n\t\t\t\t<div class=\"elementor-widget-container\">\n\t\t\t\t\t\t\t<div class=\"elementor-gallery__container\">\n\t\t\t\t\t\t\t<div class=\"e-gallery-item elementor-gallery-item elementor-animated-content\">\n\t\t\t\t\t<div class=\"e-gallery-image elementor-gallery-item__image\" data-thumbnail=\"https:\/\/alteriade-clients.alwaysdata.net\/appel\/wp-content\/uploads\/2025\/07\/Notre-equipe-LAppel-professionnels-benevoles-2-scaled-e1753954591890.jpg\" data-width=\"1216\" data-height=\"1707\" aria-label=\"benevoles-l-appel-lappel-assemblee-generale-notre-equipe\" role=\"img\" ><\/div>\n\t\t\t\t\t\t\t\t\t\t\t\t\t\t<\/div>\n\t\t\t\t\t\t\t<div class=\"e-gallery-item elementor-gallery-item elementor-animated-content\">\n\t\t\t\t\t<div class=\"e-gallery-image elementor-gallery-item__image\" data-thumbnail=\"https:\/\/alteriade-clients.alwaysdata.net\/appel\/wp-content\/uploads\/2025\/07\/Notre-equipe-LAppel-professionnels-benevoles-5-scaled.jpg\" data-width=\"2560\" data-height=\"1707\" aria-label=\"benevoles-l-appel-lappel-assemblee-generale-equipe\" role=\"img\" ><\/div>\n\t\t\t\t\t\t\t\t\t\t\t\t\t\t<\/div>\n\t\t\t\t\t\t\t<div class=\"e-gallery-item elementor-gallery-item elementor-animated-content\">\n\t\t\t\t\t<div class=\"e-gallery-image elementor-gallery-item__image\" data-thumbnail=\"https:\/\/alteriade-clients.alwaysdata.net\/appel\/wp-content\/uploads\/2025\/07\/Notre-equipe-LAppel-professionnels-benevoles-6-scaled.jpg\" data-width=\"2560\" data-height=\"1707\" aria-label=\"portait-enfant-assemblee-generale-lappel\" role=\"img\" ><\/div>\n\t\t\t\t\t\t\t\t\t\t\t\t\t\t<\/div>\n\t\t\t\t\t<\/div>\n\t\t\t\t\t<\/div>\n\t\t\t\t<\/div>\n\t\t\t\t<\/div>\n\t\t\t\t\t<\/div>\n\t\t\t\t<\/div>\n\t\t\t\t<section class=\"has_eae_slider elementor-section elementor-top-section elementor-element elementor-element-aa0e5d5 elementor-section-boxed elementor-section-height-default elementor-section-height-default\" data-eae-slider=\"79917\" data-id=\"aa0e5d5\" data-element_type=\"section\" data-settings=\"{&quot;background_background&quot;:&quot;classic&quot;}\">\n\t\t\t\t\t\t<div class=\"elementor-container elementor-column-gap-extended\">\n\t\t\t\t\t<div class=\"has_eae_slider elementor-column elementor-col-100 elementor-top-column elementor-element elementor-element-8138ac3\" data-eae-slider=\"84709\" data-id=\"8138ac3\" data-element_type=\"column\">\n\t\t\t<div class=\"elementor-widget-wrap elementor-element-populated\">\n\t\t\t\t\t\t<div class=\"elementor-element elementor-element-ade30f0 elementor-invisible elementor-widget elementor-widget-heading\" data-id=\"ade30f0\" data-element_type=\"widget\" data-settings=\"{&quot;_animation&quot;:&quot;fadeIn&quot;,&quot;_animation_delay&quot;:200}\" data-widget_type=\"heading.default\">\n\t\t\t\t<div class=\"elementor-widget-container\">\n\t\t\t\t\t<h2 class=\"elementor-heading-title elementor-size-default\">\u00c0 la une<\/h2>\t\t\t\t<\/div>\n\t\t\t\t<\/div>\n\t\t\t\t<div class=\"elementor-element elementor-element-ea27478 elementor-grid-3 elementor-grid-tablet-1 elementor-grid-mobile-1 elementor-widget elementor-widget-be-posts\" data-id=\"ea27478\" data-element_type=\"widget\" data-widget_type=\"be-posts.skin-grid-yutmaru\">\n\t\t\t\t<div class=\"elementor-widget-container\">\n\t\t\t\t\t\t\t\t\t<div class=\"elementor-filter-wrap elementor-posts--skin-grid-yutmaru\">\n\t\t\t\t\t<ul class=\"elementor-filter\" data-type=\"post\">\n\t\t\t\t\t\t<li>\n\t\t\t\t\t\t\t\t\t\t<a class=\"elementor-filter__link active\" href=\"#\" data-filter=\"all\">Derni\u00e8res actus<\/a>\n\t\t\t\t\t\t\t\t\t<\/li><li>\n\t\t\t\t\t\t\t\t\t\t\t\t<a class=\"elementor-filter__link\" href=\"#\" data-filter=\"education\">\u00c9ducation<\/a>\n\t\t\t\t\t\t\t\t\t\t\t<\/li><li>\n\t\t\t\t\t\t\t\t\t\t\t\t<a class=\"elementor-filter__link\" href=\"#\" data-filter=\"helping\">B\u00e9n\u00e9volat<\/a>\n\t\t\t\t\t\t\t\t\t\t\t<\/li><li>\n\t\t\t\t\t\t\t\t\t\t\t\t<a class=\"elementor-filter__link\" href=\"#\" data-filter=\"health\">Sant\u00e9<\/a>\n\t\t\t\t\t\t\t\t\t\t\t<\/li><li>\n\t\t\t\t\t\t\t\t\t\t\t\t<a class=\"elementor-filter__link\" href=\"#\" data-filter=\"activity\">Conditions de vie<\/a>\n\t\t\t\t\t\t\t\t\t\t\t<\/li>\t\t\t\t\t<\/ul>\n\t\t\t\t<\/div>\n\t\t\t\t\t\t<div class=\"elementor-grid elementor-posts--skin-grid-yutmaru\">\n\t\t\t\t\t<article id=\"post-33227\" class=\"elementor-post elementor-item post-33227 post type-post status-publish format-standard hentry category-uncategorized entry\" data-group=\"uncategorized\" >\n        \t\t\t\t\t<div class=\"elementor-post__thumbnail-wrap\">\n\t          <div class=\"elementor-post__thumbnail\">\n\t            \t          <\/div>\n\t\t\t\t\t<\/div>\n        \n        <div class=\"elementor-post__content\">\n\t\t\t\t\t<h3 class=\"elementor-post__title __max-2-line\"><a href=\"https:\/\/alteriade-clients.alwaysdata.net\/appel\/methode-nutricartes-fondements\/\">Les fondements de la m\u00e9thode Nutricartes<\/a><\/h3>\t\t\t\t\t\t\t\t<div class=\"elementor-post__excerpt\">\n\t\t\t\t\t\t\t\t\tChaque ann\u00e9e, plus de 3 millions d\u2019enfants de moins de 5 ans\t\t\t\t\t\t\t\t<\/div>\n\t\t\t\t\t\t\t<a class=\"elementor-post__read-more\" href=\"https:\/\/alteriade-clients.alwaysdata.net\/appel\/methode-nutricartes-fondements\/\">Lire la suite<svg width=\"24\" height=\"12\" viewBox=\"0 0 24 12\" fill=\"currentColor\" xmlns=\"http:\/\/www.w3.org\/2000\/svg\">\n\t\t\t\t\t\t\t\t<path d=\"M0.937361 5.06249H20.7916L17.5027 1.78949C17.1357 1.42424 17.1343 0.830668 17.4996 0.463684C17.8648 0.096653 18.4584 0.095294 18.8254 0.460497L23.724 5.33549C23.7244 5.33577 23.7246 5.3361 23.7249 5.33638C24.0909 5.70163 24.0921 6.29713 23.725 6.6636C23.7247 6.66388 23.7244 6.66421 23.7241 6.66449L18.8255 11.5395C18.4586 11.9046 17.865 11.9034 17.4997 11.5363C17.1344 11.1693 17.1358 10.5757 17.5028 10.2105L20.7916 6.93749H0.937361C0.41958 6.93749 -0.000139236 6.51777 -0.000139236 5.99999C-0.000139236 5.48221 0.41958 5.06249 0.937361 5.06249Z\"\/>\n\t\t\t\t\t\t\t\t<\/svg><\/a>        <\/div>\n\t\t\t<\/article>\n\t\t\t\t\t<article id=\"post-30063\" class=\"elementor-post elementor-item post-30063 post type-post status-publish format-standard has-post-thumbnail hentry category-education entry\" data-group=\"education\" >\n        \t\t\t\t\t<div class=\"elementor-post__thumbnail-wrap\">\n\t          <div class=\"elementor-post__thumbnail\">\n\t            <img fetchpriority=\"high\" decoding=\"async\" width=\"300\" height=\"192\" src=\"https:\/\/alteriade-clients.alwaysdata.net\/appel\/wp-content\/uploads\/2025\/07\/CONGO-2019-Nelson-MANDELA-5-300x192.jpg\" class=\"attachment-medium size-medium wp-post-image\" alt=\"congo-ecole-associative-parrainage\" srcset=\"https:\/\/alteriade-clients.alwaysdata.net\/appel\/wp-content\/uploads\/2025\/07\/CONGO-2019-Nelson-MANDELA-5-300x192.jpg 300w, https:\/\/alteriade-clients.alwaysdata.net\/appel\/wp-content\/uploads\/2025\/07\/CONGO-2019-Nelson-MANDELA-5-1024x654.jpg 1024w, https:\/\/alteriade-clients.alwaysdata.net\/appel\/wp-content\/uploads\/2025\/07\/CONGO-2019-Nelson-MANDELA-5-768x490.jpg 768w, https:\/\/alteriade-clients.alwaysdata.net\/appel\/wp-content\/uploads\/2025\/07\/CONGO-2019-Nelson-MANDELA-5-1536x981.jpg 1536w, https:\/\/alteriade-clients.alwaysdata.net\/appel\/wp-content\/uploads\/2025\/07\/CONGO-2019-Nelson-MANDELA-5-2048x1308.jpg 2048w, https:\/\/alteriade-clients.alwaysdata.net\/appel\/wp-content\/uploads\/2025\/07\/CONGO-2019-Nelson-MANDELA-5-1568x1001.jpg 1568w\" sizes=\"(max-width: 34.9rem) calc(100vw - 2rem), (max-width: 53rem) calc(8 * (100vw \/ 12)), (min-width: 53rem) calc(6 * (100vw \/ 12)), 100vw\" \/>\t          <\/div>\n\t\t\t\t\t<\/div>\n        \n        <div class=\"elementor-post__content\">\n\t\t\t\t\t<h3 class=\"elementor-post__title __max-2-line\"><a href=\"https:\/\/alteriade-clients.alwaysdata.net\/appel\/vsi-congo\/\">Une VSI pour l\u2019autonomisation financi\u00e8re de l\u2019\u00e9cole Nelson Mandela au Congo<\/a><\/h3>\t\t\t\t\t\t\t\t<div class=\"elementor-post__excerpt\">\n\t\t\t\t\t\t\t\t\tUn projet couronn\u00e9 de succ\u00e8s L\u2019\u00e9cole Nelson Mandela est l\u2019un des rares\t\t\t\t\t\t\t\t<\/div>\n\t\t\t\t\t\t\t<a class=\"elementor-post__read-more\" href=\"https:\/\/alteriade-clients.alwaysdata.net\/appel\/vsi-congo\/\">Lire la suite<svg width=\"24\" height=\"12\" viewBox=\"0 0 24 12\" fill=\"currentColor\" xmlns=\"http:\/\/www.w3.org\/2000\/svg\">\n\t\t\t\t\t\t\t\t<path d=\"M0.937361 5.06249H20.7916L17.5027 1.78949C17.1357 1.42424 17.1343 0.830668 17.4996 0.463684C17.8648 0.096653 18.4584 0.095294 18.8254 0.460497L23.724 5.33549C23.7244 5.33577 23.7246 5.3361 23.7249 5.33638C24.0909 5.70163 24.0921 6.29713 23.725 6.6636C23.7247 6.66388 23.7244 6.66421 23.7241 6.66449L18.8255 11.5395C18.4586 11.9046 17.865 11.9034 17.4997 11.5363C17.1344 11.1693 17.1358 10.5757 17.5028 10.2105L20.7916 6.93749H0.937361C0.41958 6.93749 -0.000139236 6.51777 -0.000139236 5.99999C-0.000139236 5.48221 0.41958 5.06249 0.937361 5.06249Z\"\/>\n\t\t\t\t\t\t\t\t<\/svg><\/a>        <\/div>\n\t\t\t<\/article>\n\t\t\t\t\t<article id=\"post-29916\" class=\"elementor-post elementor-item post-29916 post type-post status-publish format-standard has-post-thumbnail hentry category-activity entry\" data-group=\"activity\" >\n        \t\t\t\t\t<div class=\"elementor-post__thumbnail-wrap\">\n\t          <div class=\"elementor-post__thumbnail\">\n\t            <img decoding=\"async\" width=\"300\" height=\"225\" src=\"https:\/\/alteriade-clients.alwaysdata.net\/appel\/wp-content\/uploads\/2025\/07\/Haiti-2010_Eau-9-300x225.jpg\" class=\"attachment-medium size-medium wp-post-image\" alt=\"haiti-bidon-eau-petites-filles-aller-chercher-leau\" srcset=\"https:\/\/alteriade-clients.alwaysdata.net\/appel\/wp-content\/uploads\/2025\/07\/Haiti-2010_Eau-9-300x225.jpg 300w, https:\/\/alteriade-clients.alwaysdata.net\/appel\/wp-content\/uploads\/2025\/07\/Haiti-2010_Eau-9-768x576.jpg 768w, https:\/\/alteriade-clients.alwaysdata.net\/appel\/wp-content\/uploads\/2025\/07\/Haiti-2010_Eau-9.jpg 886w\" sizes=\"(max-width: 34.9rem) calc(100vw - 2rem), (max-width: 53rem) calc(8 * (100vw \/ 12)), (min-width: 53rem) calc(6 * (100vw \/ 12)), 100vw\" \/>\t          <\/div>\n\t\t\t\t\t<\/div>\n        \n        <div class=\"elementor-post__content\">\n\t\t\t\t\t<h3 class=\"elementor-post__title __max-2-line\"><a href=\"https:\/\/alteriade-clients.alwaysdata.net\/appel\/dossier-eau-techniques\/\">Faire venir l&rsquo;eau, comment \u00e7a marche ?<\/a><\/h3>\t\t\t\t\t\t\t\t<div class=\"elementor-post__excerpt\">\n\t\t\t\t\t\t\t\t\tAu d\u00e9part on \u00ab crapahute \u00bb beaucoup sur le terrain ! Plusieurs\t\t\t\t\t\t\t\t<\/div>\n\t\t\t\t\t\t\t<a class=\"elementor-post__read-more\" href=\"https:\/\/alteriade-clients.alwaysdata.net\/appel\/dossier-eau-techniques\/\">Lire la suite<svg width=\"24\" height=\"12\" viewBox=\"0 0 24 12\" fill=\"currentColor\" xmlns=\"http:\/\/www.w3.org\/2000\/svg\">\n\t\t\t\t\t\t\t\t<path d=\"M0.937361 5.06249H20.7916L17.5027 1.78949C17.1357 1.42424 17.1343 0.830668 17.4996 0.463684C17.8648 0.096653 18.4584 0.095294 18.8254 0.460497L23.724 5.33549C23.7244 5.33577 23.7246 5.3361 23.7249 5.33638C24.0909 5.70163 24.0921 6.29713 23.725 6.6636C23.7247 6.66388 23.7244 6.66421 23.7241 6.66449L18.8255 11.5395C18.4586 11.9046 17.865 11.9034 17.4997 11.5363C17.1344 11.1693 17.1358 10.5757 17.5028 10.2105L20.7916 6.93749H0.937361C0.41958 6.93749 -0.000139236 6.51777 -0.000139236 5.99999C-0.000139236 5.48221 0.41958 5.06249 0.937361 5.06249Z\"\/>\n\t\t\t\t\t\t\t\t<\/svg><\/a>        <\/div>\n\t\t\t<\/article>\n\t\t\t\t\t<\/div>\n\t\t\t\t\t\t<\/div>\n\t\t\t\t<\/div>\n\t\t\t\t<div class=\"elementor-element elementor-element-1c28ccb elementor-align-center elementor-widget elementor-widget-button\" data-id=\"1c28ccb\" data-element_type=\"widget\" data-widget_type=\"button.default\">\n\t\t\t\t<div class=\"elementor-widget-container\">\n\t\t\t\t\t\t\t\t\t<div class=\"elementor-button-wrapper\">\n\t\t\t\t\t<a class=\"elementor-button elementor-button-link elementor-size-sm\" href=\"https:\/\/alteriade-clients.alwaysdata.net\/appel\/actualites\/\">\n\t\t\t\t\t\t<span class=\"elementor-button-content-wrapper\">\n\t\t\t\t\t\t\t\t\t<span class=\"elementor-button-text\">Voir toutes les actualit\u00e9s terrain<\/span>\n\t\t\t\t\t<\/span>\n\t\t\t\t\t<\/a>\n\t\t\t\t<\/div>\n\t\t\t\t\t\t\t\t<\/div>\n\t\t\t\t<\/div>\n\t\t\t\t\t<\/div>\n\t\t<\/div>\n\t\t\t\t\t<\/div>\n\t\t<\/section>\n\t\t\t\t<\/div>\n\t\t","protected":false},"excerpt":{"rendered":"<p>Equipe et gouvernance Notre \u00e9quipe de b\u00e9n\u00e9voles engag\u00e9s toute l&rsquo;ann\u00e9e Notre bureau et notre gouvernance Pr\u00e9sidente Th\u00e9r\u00e8se Guichard-Gaudin \u00e0 L&rsquo;Appel depuis 2017 Vice-pr\u00e9sidente Pascale Guimard \u00e0 L&rsquo;Appel depuis 2015 Tr\u00e9sori\u00e8re Sylvie Andral \u00e0 L&rsquo;Appel depuis 2016 Secr\u00e9taire Patricia Rochelemagne \u00e0 L&rsquo;Appel depuis 2014 Membre Beno\u00eet Mollaret \u00e0 L&rsquo;Appel depuis 2012 Pr\u00e9sidente Th\u00e9r\u00e8se Guichard-Gaudin \u00e0 L&rsquo;Appel [&hellip;]<\/p>\n","protected":false},"author":1,"featured_media":26341,"parent":23133,"menu_order":0,"comment_status":"closed","ping_status":"closed","template":"elementor_header_footer","meta":{"_acf_changed":false,"footnotes":""},"class_list":["post-23141","page","type-page","status-publish","has-post-thumbnail","hentry","entry"],"acf":[],"yoast_head":"<!-- This site is optimized with the Yoast SEO plugin v26.1 - https:\/\/yoast.com\/wordpress\/plugins\/seo\/ -->\n<title>Notre \u00e9quipe - Association humanitaire L&#039;Appel et parrainages d&#039;enfants<\/title>\n<meta name=\"description\" content=\"Notre \u00e9quipe est compos\u00e9e de professionnels tr\u00e8s engag\u00e9s qui mettent leurs comp\u00e9tences b\u00e9n\u00e9volement au service des projets de...\" \/>\n<meta name=\"robots\" content=\"noindex, follow, max-snippet:-1, max-image-preview:large, max-video-preview:-1\" \/>\n<meta property=\"og:locale\" content=\"fr_FR\" \/>\n<meta property=\"og:type\" content=\"article\" \/>\n<meta property=\"og:title\" content=\"Notre \u00e9quipe - Association humanitaire L&#039;Appel et parrainages d&#039;enfants\" \/>\n<meta property=\"og:description\" content=\"Notre \u00e9quipe est compos\u00e9e de professionnels tr\u00e8s engag\u00e9s qui mettent leurs comp\u00e9tences b\u00e9n\u00e9volement au service des projets de...\" \/>\n<meta property=\"og:url\" content=\"https:\/\/alteriade-clients.alwaysdata.net\/appel\/qui-sommes-nous\/notre-equipe\/\" \/>\n<meta property=\"og:site_name\" content=\"Association humanitaire L&#039;Appel et parrainages d&#039;enfants\" \/>\n<meta property=\"article:modified_time\" content=\"2025-10-07T09:27:12+00:00\" \/>\n<meta property=\"og:image\" content=\"https:\/\/alteriade-clients.alwaysdata.net\/appel\/wp-content\/uploads\/2025\/07\/Photo_Herve_VINCENT-112-scaled-e1759238687903.jpg\" \/>\n\t<meta property=\"og:image:width\" content=\"2560\" \/>\n\t<meta property=\"og:image:height\" content=\"1050\" \/>\n\t<meta property=\"og:image:type\" content=\"image\/jpeg\" \/>\n<meta name=\"twitter:card\" content=\"summary_large_image\" \/>\n<meta name=\"twitter:label1\" content=\"Dur\u00e9e de lecture estim\u00e9e\" \/>\n\t<meta name=\"twitter:data1\" content=\"8 minutes\" \/>\n<script type=\"application\/ld+json\" class=\"yoast-schema-graph\">{\"@context\":\"https:\/\/schema.org\",\"@graph\":[{\"@type\":\"WebPage\",\"@id\":\"https:\/\/alteriade-clients.alwaysdata.net\/appel\/qui-sommes-nous\/notre-equipe\/\",\"url\":\"https:\/\/alteriade-clients.alwaysdata.net\/appel\/qui-sommes-nous\/notre-equipe\/\",\"name\":\"Notre \u00e9quipe - Association humanitaire L&#039;Appel et parrainages d&#039;enfants\",\"isPartOf\":{\"@id\":\"https:\/\/alteriade-clients.alwaysdata.net\/appel\/#website\"},\"primaryImageOfPage\":{\"@id\":\"https:\/\/alteriade-clients.alwaysdata.net\/appel\/qui-sommes-nous\/notre-equipe\/#primaryimage\"},\"image\":{\"@id\":\"https:\/\/alteriade-clients.alwaysdata.net\/appel\/qui-sommes-nous\/notre-equipe\/#primaryimage\"},\"thumbnailUrl\":\"https:\/\/alteriade-clients.alwaysdata.net\/appel\/wp-content\/uploads\/2025\/07\/Photo_Herve_VINCENT-112-scaled-e1759238687903.jpg\",\"datePublished\":\"2025-06-04T12:37:08+00:00\",\"dateModified\":\"2025-10-07T09:27:12+00:00\",\"description\":\"Notre \u00e9quipe est compos\u00e9e de professionnels tr\u00e8s engag\u00e9s qui mettent leurs comp\u00e9tences b\u00e9n\u00e9volement au service des projets de...\",\"breadcrumb\":{\"@id\":\"https:\/\/alteriade-clients.alwaysdata.net\/appel\/qui-sommes-nous\/notre-equipe\/#breadcrumb\"},\"inLanguage\":\"fr-FR\",\"potentialAction\":[{\"@type\":\"ReadAction\",\"target\":[\"https:\/\/alteriade-clients.alwaysdata.net\/appel\/qui-sommes-nous\/notre-equipe\/\"]}]},{\"@type\":\"ImageObject\",\"inLanguage\":\"fr-FR\",\"@id\":\"https:\/\/alteriade-clients.alwaysdata.net\/appel\/qui-sommes-nous\/notre-equipe\/#primaryimage\",\"url\":\"https:\/\/alteriade-clients.alwaysdata.net\/appel\/wp-content\/uploads\/2025\/07\/Photo_Herve_VINCENT-112-scaled-e1759238687903.jpg\",\"contentUrl\":\"https:\/\/alteriade-clients.alwaysdata.net\/appel\/wp-content\/uploads\/2025\/07\/Photo_Herve_VINCENT-112-scaled-e1759238687903.jpg\",\"width\":2560,\"height\":1050,\"caption\":\"benevoles-association-solidarite-internationale\"},{\"@type\":\"BreadcrumbList\",\"@id\":\"https:\/\/alteriade-clients.alwaysdata.net\/appel\/qui-sommes-nous\/notre-equipe\/#breadcrumb\",\"itemListElement\":[{\"@type\":\"ListItem\",\"position\":1,\"name\":\"Accueil\",\"item\":\"https:\/\/alteriade-clients.alwaysdata.net\/appel\/\"},{\"@type\":\"ListItem\",\"position\":2,\"name\":\"Qui sommes-nous ?\",\"item\":\"https:\/\/alteriade-clients.alwaysdata.net\/appel\/qui-sommes-nous\/\"},{\"@type\":\"ListItem\",\"position\":3,\"name\":\"Notre \u00e9quipe\"}]},{\"@type\":\"WebSite\",\"@id\":\"https:\/\/alteriade-clients.alwaysdata.net\/appel\/#website\",\"url\":\"https:\/\/alteriade-clients.alwaysdata.net\/appel\/\",\"name\":\"Association humanitaire l'Appel et parrainages d'enfants\",\"description\":\"Solidarit\u00e9 avec les enfants du monde\",\"publisher\":{\"@id\":\"https:\/\/alteriade-clients.alwaysdata.net\/appel\/#organization\"},\"alternateName\":\"L'Appel\",\"potentialAction\":[{\"@type\":\"SearchAction\",\"target\":{\"@type\":\"EntryPoint\",\"urlTemplate\":\"https:\/\/alteriade-clients.alwaysdata.net\/appel\/?s={search_term_string}\"},\"query-input\":{\"@type\":\"PropertyValueSpecification\",\"valueRequired\":true,\"valueName\":\"search_term_string\"}}],\"inLanguage\":\"fr-FR\"},{\"@type\":\"Organization\",\"@id\":\"https:\/\/alteriade-clients.alwaysdata.net\/appel\/#organization\",\"name\":\"Association humanitaire L'Appel et parrainages d'enfants\",\"url\":\"https:\/\/alteriade-clients.alwaysdata.net\/appel\/\",\"logo\":{\"@type\":\"ImageObject\",\"inLanguage\":\"fr-FR\",\"@id\":\"https:\/\/alteriade-clients.alwaysdata.net\/appel\/#\/schema\/logo\/image\/\",\"url\":\"https:\/\/alteriade-clients.alwaysdata.net\/appel\/wp-content\/uploads\/2020\/09\/Logo-web.png\",\"contentUrl\":\"https:\/\/alteriade-clients.alwaysdata.net\/appel\/wp-content\/uploads\/2020\/09\/Logo-web.png\",\"width\":1834,\"height\":1333,\"caption\":\"Association humanitaire L'Appel et parrainages d'enfants\"},\"image\":{\"@id\":\"https:\/\/alteriade-clients.alwaysdata.net\/appel\/#\/schema\/logo\/image\/\"}}]}<\/script>\n<!-- \/ Yoast SEO plugin. -->","yoast_head_json":{"title":"Notre \u00e9quipe - Association humanitaire L&#039;Appel et parrainages d&#039;enfants","description":"Notre \u00e9quipe est compos\u00e9e de professionnels tr\u00e8s engag\u00e9s qui mettent leurs comp\u00e9tences b\u00e9n\u00e9volement au service des projets de...","robots":{"index":"noindex","follow":"follow","max-snippet":"max-snippet:-1","max-image-preview":"max-image-preview:large","max-video-preview":"max-video-preview:-1"},"og_locale":"fr_FR","og_type":"article","og_title":"Notre \u00e9quipe - Association humanitaire L&#039;Appel et parrainages d&#039;enfants","og_description":"Notre \u00e9quipe est compos\u00e9e de professionnels tr\u00e8s engag\u00e9s qui mettent leurs comp\u00e9tences b\u00e9n\u00e9volement au service des projets de...","og_url":"https:\/\/alteriade-clients.alwaysdata.net\/appel\/qui-sommes-nous\/notre-equipe\/","og_site_name":"Association humanitaire L&#039;Appel et parrainages d&#039;enfants","article_modified_time":"2025-10-07T09:27:12+00:00","og_image":[{"width":2560,"height":1050,"url":"https:\/\/alteriade-clients.alwaysdata.net\/appel\/wp-content\/uploads\/2025\/07\/Photo_Herve_VINCENT-112-scaled-e1759238687903.jpg","type":"image\/jpeg"}],"twitter_card":"summary_large_image","twitter_misc":{"Dur\u00e9e de lecture estim\u00e9e":"8 minutes"},"schema":{"@context":"https:\/\/schema.org","@graph":[{"@type":"WebPage","@id":"https:\/\/alteriade-clients.alwaysdata.net\/appel\/qui-sommes-nous\/notre-equipe\/","url":"https:\/\/alteriade-clients.alwaysdata.net\/appel\/qui-sommes-nous\/notre-equipe\/","name":"Notre \u00e9quipe - Association humanitaire L&#039;Appel et parrainages d&#039;enfants","isPartOf":{"@id":"https:\/\/alteriade-clients.alwaysdata.net\/appel\/#website"},"primaryImageOfPage":{"@id":"https:\/\/alteriade-clients.alwaysdata.net\/appel\/qui-sommes-nous\/notre-equipe\/#primaryimage"},"image":{"@id":"https:\/\/alteriade-clients.alwaysdata.net\/appel\/qui-sommes-nous\/notre-equipe\/#primaryimage"},"thumbnailUrl":"https:\/\/alteriade-clients.alwaysdata.net\/appel\/wp-content\/uploads\/2025\/07\/Photo_Herve_VINCENT-112-scaled-e1759238687903.jpg","datePublished":"2025-06-04T12:37:08+00:00","dateModified":"2025-10-07T09:27:12+00:00","description":"Notre \u00e9quipe est compos\u00e9e de professionnels tr\u00e8s engag\u00e9s qui mettent leurs comp\u00e9tences b\u00e9n\u00e9volement au service des projets de...","breadcrumb":{"@id":"https:\/\/alteriade-clients.alwaysdata.net\/appel\/qui-sommes-nous\/notre-equipe\/#breadcrumb"},"inLanguage":"fr-FR","potentialAction":[{"@type":"ReadAction","target":["https:\/\/alteriade-clients.alwaysdata.net\/appel\/qui-sommes-nous\/notre-equipe\/"]}]},{"@type":"ImageObject","inLanguage":"fr-FR","@id":"https:\/\/alteriade-clients.alwaysdata.net\/appel\/qui-sommes-nous\/notre-equipe\/#primaryimage","url":"https:\/\/alteriade-clients.alwaysdata.net\/appel\/wp-content\/uploads\/2025\/07\/Photo_Herve_VINCENT-112-scaled-e1759238687903.jpg","contentUrl":"https:\/\/alteriade-clients.alwaysdata.net\/appel\/wp-content\/uploads\/2025\/07\/Photo_Herve_VINCENT-112-scaled-e1759238687903.jpg","width":2560,"height":1050,"caption":"benevoles-association-solidarite-internationale"},{"@type":"BreadcrumbList","@id":"https:\/\/alteriade-clients.alwaysdata.net\/appel\/qui-sommes-nous\/notre-equipe\/#breadcrumb","itemListElement":[{"@type":"ListItem","position":1,"name":"Accueil","item":"https:\/\/alteriade-clients.alwaysdata.net\/appel\/"},{"@type":"ListItem","position":2,"name":"Qui sommes-nous ?","item":"https:\/\/alteriade-clients.alwaysdata.net\/appel\/qui-sommes-nous\/"},{"@type":"ListItem","position":3,"name":"Notre \u00e9quipe"}]},{"@type":"WebSite","@id":"https:\/\/alteriade-clients.alwaysdata.net\/appel\/#website","url":"https:\/\/alteriade-clients.alwaysdata.net\/appel\/","name":"Association humanitaire l'Appel et parrainages d'enfants","description":"Solidarit\u00e9 avec les enfants du monde","publisher":{"@id":"https:\/\/alteriade-clients.alwaysdata.net\/appel\/#organization"},"alternateName":"L'Appel","potentialAction":[{"@type":"SearchAction","target":{"@type":"EntryPoint","urlTemplate":"https:\/\/alteriade-clients.alwaysdata.net\/appel\/?s={search_term_string}"},"query-input":{"@type":"PropertyValueSpecification","valueRequired":true,"valueName":"search_term_string"}}],"inLanguage":"fr-FR"},{"@type":"Organization","@id":"https:\/\/alteriade-clients.alwaysdata.net\/appel\/#organization","name":"Association humanitaire L'Appel et parrainages d'enfants","url":"https:\/\/alteriade-clients.alwaysdata.net\/appel\/","logo":{"@type":"ImageObject","inLanguage":"fr-FR","@id":"https:\/\/alteriade-clients.alwaysdata.net\/appel\/#\/schema\/logo\/image\/","url":"https:\/\/alteriade-clients.alwaysdata.net\/appel\/wp-content\/uploads\/2020\/09\/Logo-web.png","contentUrl":"https:\/\/alteriade-clients.alwaysdata.net\/appel\/wp-content\/uploads\/2020\/09\/Logo-web.png","width":1834,"height":1333,"caption":"Association humanitaire L'Appel et parrainages d'enfants"},"image":{"@id":"https:\/\/alteriade-clients.alwaysdata.net\/appel\/#\/schema\/logo\/image\/"}}]}},"_links":{"self":[{"href":"https:\/\/alteriade-clients.alwaysdata.net\/appel\/wp-json\/wp\/v2\/pages\/23141","targetHints":{"allow":["GET"]}}],"collection":[{"href":"https:\/\/alteriade-clients.alwaysdata.net\/appel\/wp-json\/wp\/v2\/pages"}],"about":[{"href":"https:\/\/alteriade-clients.alwaysdata.net\/appel\/wp-json\/wp\/v2\/types\/page"}],"author":[{"embeddable":true,"href":"https:\/\/alteriade-clients.alwaysdata.net\/appel\/wp-json\/wp\/v2\/users\/1"}],"replies":[{"embeddable":true,"href":"https:\/\/alteriade-clients.alwaysdata.net\/appel\/wp-json\/wp\/v2\/comments?post=23141"}],"version-history":[{"count":205,"href":"https:\/\/alteriade-clients.alwaysdata.net\/appel\/wp-json\/wp\/v2\/pages\/23141\/revisions"}],"predecessor-version":[{"id":33459,"href":"https:\/\/alteriade-clients.alwaysdata.net\/appel\/wp-json\/wp\/v2\/pages\/23141\/revisions\/33459"}],"up":[{"embeddable":true,"href":"https:\/\/alteriade-clients.alwaysdata.net\/appel\/wp-json\/wp\/v2\/pages\/23133"}],"wp:featuredmedia":[{"embeddable":true,"href":"https:\/\/alteriade-clients.alwaysdata.net\/appel\/wp-json\/wp\/v2\/media\/26341"}],"wp:attachment":[{"href":"https:\/\/alteriade-clients.alwaysdata.net\/appel\/wp-json\/wp\/v2\/media?parent=23141"}],"curies":[{"name":"wp","href":"https:\/\/api.w.org\/{rel}","templated":true}]}}