{"id":23139,"date":"2025-06-04T14:36:46","date_gmt":"2025-06-04T12:36:46","guid":{"rendered":"https:\/\/alteriade-clients.alwaysdata.net\/appel\/?page_id=23139"},"modified":"2025-10-07T11:24:04","modified_gmt":"2025-10-07T09:24:04","slug":"notre-histoire","status":"publish","type":"page","link":"https:\/\/alteriade-clients.alwaysdata.net\/appel\/qui-sommes-nous\/notre-histoire\/","title":{"rendered":"Notre histoire"},"content":{"rendered":"\t\t<div data-elementor-type=\"wp-page\" data-elementor-id=\"23139\" class=\"elementor elementor-23139\" data-elementor-post-type=\"page\">\n\t\t\t\t\t\t<header class=\"has_eae_slider elementor-section elementor-top-section elementor-element elementor-element-6b6adf3 elementor-section-full_width elementor-section-height-min-height elementor-section-content-middle elementor-section-height-default elementor-section-items-middle\" data-eae-slider=\"76253\" data-id=\"6b6adf3\" data-element_type=\"section\" data-settings=\"{&quot;background_background&quot;:&quot;classic&quot;,&quot;background_motion_fx_motion_fx_scrolling&quot;:&quot;yes&quot;,&quot;background_motion_fx_translateY_effect&quot;:&quot;yes&quot;,&quot;background_motion_fx_scale_effect&quot;:&quot;yes&quot;,&quot;background_motion_fx_devices&quot;:[&quot;tablet&quot;,&quot;mobile&quot;],&quot;background_motion_fx_translateY_speed&quot;:{&quot;unit&quot;:&quot;px&quot;,&quot;size&quot;:4,&quot;sizes&quot;:[]},&quot;background_motion_fx_translateY_affectedRange&quot;:{&quot;unit&quot;:&quot;%&quot;,&quot;size&quot;:&quot;&quot;,&quot;sizes&quot;:{&quot;start&quot;:0,&quot;end&quot;:100}},&quot;background_motion_fx_scale_direction&quot;:&quot;out-in&quot;,&quot;background_motion_fx_scale_speed&quot;:{&quot;unit&quot;:&quot;px&quot;,&quot;size&quot;:4,&quot;sizes&quot;:[]},&quot;background_motion_fx_scale_range&quot;:{&quot;unit&quot;:&quot;%&quot;,&quot;size&quot;:&quot;&quot;,&quot;sizes&quot;:{&quot;start&quot;:20,&quot;end&quot;:80}}}\">\n\t\t\t\t\t\t\t<div class=\"elementor-background-overlay\"><\/div>\n\t\t\t\t\t\t\t<div class=\"elementor-container elementor-column-gap-default\">\n\t\t\t\t\t<div class=\"has_eae_slider elementor-column elementor-col-100 elementor-top-column elementor-element elementor-element-d3523a5\" data-eae-slider=\"40911\" data-id=\"d3523a5\" data-element_type=\"column\">\n\t\t\t<div class=\"elementor-widget-wrap elementor-element-populated\">\n\t\t\t\t\t\t<section class=\"has_eae_slider elementor-section elementor-inner-section elementor-element elementor-element-506fabd elementor-section-boxed elementor-section-height-default elementor-section-height-default\" data-eae-slider=\"88823\" data-id=\"506fabd\" data-element_type=\"section\">\n\t\t\t\t\t\t<div class=\"elementor-container elementor-column-gap-default\">\n\t\t\t\t\t<div class=\"has_eae_slider elementor-column elementor-col-100 elementor-inner-column elementor-element elementor-element-015e270\" data-eae-slider=\"64465\" data-id=\"015e270\" data-element_type=\"column\">\n\t\t\t<div class=\"elementor-widget-wrap elementor-element-populated\">\n\t\t\t\t\t\t<div class=\"elementor-element elementor-element-576bd60 elementor-widget__width-inherit elementor-widget elementor-widget-heading\" data-id=\"576bd60\" data-element_type=\"widget\" data-widget_type=\"heading.default\">\n\t\t\t\t<div class=\"elementor-widget-container\">\n\t\t\t\t\t<h1 class=\"elementor-heading-title elementor-size-default\">Notre histoire<\/h1>\t\t\t\t<\/div>\n\t\t\t\t<\/div>\n\t\t\t\t<div class=\"elementor-element elementor-element-7f53645 elementor-widget elementor-widget-text-editor\" data-id=\"7f53645\" data-element_type=\"widget\" data-widget_type=\"text-editor.default\">\n\t\t\t\t<div class=\"elementor-widget-container\">\n\t\t\t\t\t\t\t\t\t<p>de l&rsquo;association humanitaire \u00e0 l&rsquo;organisation de solidarit\u00e9 internationale toujours en aide aux enfants vuln\u00e9rables<\/p>\t\t\t\t\t\t\t\t<\/div>\n\t\t\t\t<\/div>\n\t\t\t\t\t<\/div>\n\t\t<\/div>\n\t\t\t\t\t<\/div>\n\t\t<\/section>\n\t\t\t\t\t<\/div>\n\t\t<\/div>\n\t\t\t\t\t<\/div>\n\t\t<\/header>\n\t\t\t\t<section class=\"has_eae_slider elementor-section elementor-top-section elementor-element elementor-element-e3ef050 elementor-section-full_width elementor-section-height-default elementor-section-height-default\" data-eae-slider=\"55914\" data-id=\"e3ef050\" data-element_type=\"section\">\n\t\t\t\t\t\t<div class=\"elementor-container elementor-column-gap-default\">\n\t\t\t\t\t<div class=\"has_eae_slider elementor-column elementor-col-100 elementor-top-column elementor-element elementor-element-687b893\" data-eae-slider=\"71234\" data-id=\"687b893\" data-element_type=\"column\">\n\t\t\t<div class=\"elementor-widget-wrap elementor-element-populated\">\n\t\t\t\t\t\t<div class=\"elementor-element elementor-element-748d75f elementor-widget elementor-widget-breadcrumbs\" data-id=\"748d75f\" data-element_type=\"widget\" data-widget_type=\"breadcrumbs.default\">\n\t\t\t\t<div class=\"elementor-widget-container\">\n\t\t\t\t\t<p id=\"breadcrumbs\"><span><span><a href=\"https:\/\/alteriade-clients.alwaysdata.net\/appel\/\">Accueil<\/a><\/span><\/span><\/p>\t\t\t\t<\/div>\n\t\t\t\t<\/div>\n\t\t\t\t\t<\/div>\n\t\t<\/div>\n\t\t\t\t\t<\/div>\n\t\t<\/section>\n\t\t\t\t<section class=\"has_eae_slider elementor-section elementor-top-section elementor-element elementor-element-c8d2bef elementor-section-boxed elementor-section-height-default elementor-section-height-default\" data-eae-slider=\"62533\" data-id=\"c8d2bef\" data-element_type=\"section\">\n\t\t\t\t\t\t<div class=\"elementor-container elementor-column-gap-default\">\n\t\t\t\t\t<div class=\"has_eae_slider elementor-column elementor-col-100 elementor-top-column elementor-element elementor-element-4bda38b\" data-eae-slider=\"58797\" data-id=\"4bda38b\" data-element_type=\"column\">\n\t\t\t<div class=\"elementor-widget-wrap elementor-element-populated\">\n\t\t\t\t\t\t<div class=\"elementor-element elementor-element-1759242 elementor-widget elementor-widget-text-editor\" data-id=\"1759242\" data-element_type=\"widget\" data-widget_type=\"text-editor.default\">\n\t\t\t\t<div class=\"elementor-widget-container\">\n\t\t\t\t\t\t\t\t\t<p data-start=\"117\" data-end=\"468\">Depuis 1968, L\u2019Appel agit aux c\u00f4t\u00e9s des enfants vuln\u00e9rables dans le monde. Cr\u00e9\u00e9e par des professionnels convaincus que chacun peut mettre ses comp\u00e9tences au service d\u2019une solidarit\u00e9 durable, l\u2019association agit avec les familles pour am\u00e9liorer les conditions de vie des enfants, en respectant les cultures locales et en favorisant leur autonomie. Active dans une dizaine de pays, L\u2019Appel d\u00e9veloppe des projets en <strong>sant\u00e9, \u00e9ducation, et am\u00e9lioration des conditions de vie,<\/strong> toujours en lien \u00e9troit avec des partenaires locaux.<\/p><p data-start=\"651\" data-end=\"830\"><strong>Prot\u00e9ger, soigner, accompagner les enfants<\/strong>, c\u2019est investir dans un avenir plus juste. Une solidarit\u00e9 sinc\u00e8re se construit dans le temps, avec humilit\u00e9, dialogue et engagement.<\/p>\t\t\t\t\t\t\t\t<\/div>\n\t\t\t\t<\/div>\n\t\t\t\t<div class=\"elementor-element elementor-element-afcd48c elementor-widget elementor-widget-spacer\" data-id=\"afcd48c\" data-element_type=\"widget\" data-widget_type=\"spacer.default\">\n\t\t\t\t<div class=\"elementor-widget-container\">\n\t\t\t\t\t\t\t<div class=\"elementor-spacer\">\n\t\t\t<div class=\"elementor-spacer-inner\"><\/div>\n\t\t<\/div>\n\t\t\t\t\t\t<\/div>\n\t\t\t\t<\/div>\n\t\t\t\t\t<\/div>\n\t\t<\/div>\n\t\t\t\t\t<\/div>\n\t\t<\/section>\n\t\t\t\t<section class=\"has_eae_slider elementor-section elementor-top-section elementor-element elementor-element-5e2e31e elementor-hidden-tablet elementor-hidden-mobile elementor-section-boxed elementor-section-height-default elementor-section-height-default\" data-eae-slider=\"17339\" data-id=\"5e2e31e\" data-element_type=\"section\" data-settings=\"{&quot;background_background&quot;:&quot;classic&quot;}\">\n\t\t\t\t\t\t<div class=\"elementor-container elementor-column-gap-default\">\n\t\t\t\t\t<div class=\"has_eae_slider elementor-column elementor-col-33 elementor-top-column elementor-element elementor-element-d83b1ab\" data-eae-slider=\"98547\" data-id=\"d83b1ab\" data-element_type=\"column\">\n\t\t\t<div class=\"elementor-widget-wrap elementor-element-populated\">\n\t\t\t\t\t\t<section class=\"has_eae_slider elementor-section elementor-inner-section elementor-element elementor-element-4cbaadc elementor-section-boxed elementor-section-height-default elementor-section-height-default\" data-eae-slider=\"54233\" data-id=\"4cbaadc\" data-element_type=\"section\">\n\t\t\t\t\t\t<div class=\"elementor-container elementor-column-gap-default\">\n\t\t\t\t\t<div class=\"has_eae_slider elementor-column elementor-col-100 elementor-inner-column elementor-element elementor-element-ed895e4\" data-eae-slider=\"68917\" data-id=\"ed895e4\" data-element_type=\"column\">\n\t\t\t<div class=\"elementor-widget-wrap elementor-element-populated\">\n\t\t\t\t\t\t<div class=\"elementor-element elementor-element-ec9d369 elementor-widget elementor-widget-heading\" data-id=\"ec9d369\" data-element_type=\"widget\" data-widget_type=\"heading.default\">\n\t\t\t\t<div class=\"elementor-widget-container\">\n\t\t\t\t\t<h2 class=\"elementor-heading-title elementor-size-default\">Parole de Pr\u00e9sident<\/h2>\t\t\t\t<\/div>\n\t\t\t\t<\/div>\n\t\t\t\t<div class=\"elementor-element elementor-element-a681ed4 elementor-widget elementor-widget-text-editor\" data-id=\"a681ed4\" data-element_type=\"widget\" data-widget_type=\"text-editor.default\">\n\t\t\t\t<div class=\"elementor-widget-container\">\n\t\t\t\t\t\t\t\t\t<p>\u00ab\u00a0L\u2019ann\u00e9e 1968, par ses combats acharn\u00e9s, fut terrible pour les familles et les enfants du Vietnam. Un consensus international permit d\u2019accueillir les enfants vietnamiens malades, br\u00fbl\u00e9s ou bless\u00e9s, notamment en France, o\u00f9 fut cr\u00e9\u00e9e \u00ab L\u2019Appel &#8211; aide m\u00e9dicale et sanitaire aux enfants victimes de la guerre \u00bb. Pr\u00e8s de 200 familles fran\u00e7aises re\u00e7urent 110 enfants venus de Sa\u00efgon, g\u00e9n\u00e9rant des \u00e9changes, mariages et amiti\u00e9s durables. Apr\u00e8s 10 ans au Vietnam, L\u2019Appel \u00e9tendit progressivement son action \u00e0 de nombreux pays, atteignant 14 pays sur 4 continents en 2004, toujours dans un esprit de fraternit\u00e9 et de confiance avec ses partenaires.\u00a0\u00bb<\/p><p>Jacques Lalande, ancien pr\u00e9sident, engag\u00e9 \u00e0 L&rsquo;Appel depuis toujours<\/p>\t\t\t\t\t\t\t\t<\/div>\n\t\t\t\t<\/div>\n\t\t\t\t\t<\/div>\n\t\t<\/div>\n\t\t\t\t\t<\/div>\n\t\t<\/section>\n\t\t\t\t\t<\/div>\n\t\t<\/div>\n\t\t\t\t<div class=\"has_eae_slider elementor-column elementor-col-66 elementor-top-column elementor-element elementor-element-db5cef2\" data-eae-slider=\"74961\" data-id=\"db5cef2\" data-element_type=\"column\">\n\t\t\t<div class=\"elementor-widget-wrap\">\n\t\t\t\t\t\t\t<\/div>\n\t\t<\/div>\n\t\t\t\t\t<\/div>\n\t\t<\/section>\n\t\t<div class=\"has_eae_slider elementor-element elementor-element-f7f955d e-flex e-con-boxed e-con e-parent\" data-eae-slider=\"17284\" data-id=\"f7f955d\" data-element_type=\"container\">\n\t\t\t\t\t<div class=\"e-con-inner\">\n\t\t\t\t<div class=\"elementor-element elementor-element-c6084af elementor-widget elementor-widget-spacer\" data-id=\"c6084af\" data-element_type=\"widget\" data-widget_type=\"spacer.default\">\n\t\t\t\t<div class=\"elementor-widget-container\">\n\t\t\t\t\t\t\t<div class=\"elementor-spacer\">\n\t\t\t<div class=\"elementor-spacer-inner\"><\/div>\n\t\t<\/div>\n\t\t\t\t\t\t<\/div>\n\t\t\t\t<\/div>\n\t\t\t\t\t<\/div>\n\t\t\t\t<\/div>\n\t\t<div class=\"has_eae_slider elementor-element elementor-element-2b5028d e-flex e-con-boxed e-con e-parent\" data-eae-slider=\"60881\" data-id=\"2b5028d\" data-element_type=\"container\">\n\t\t\t\t\t<div class=\"e-con-inner\">\n\t\t<div class=\"has_eae_slider elementor-element elementor-element-24c53bc e-con-full e-flex e-con e-child\" data-eae-slider=\"45748\" data-id=\"24c53bc\" data-element_type=\"container\" data-settings=\"{&quot;background_background&quot;:&quot;classic&quot;}\">\n\t\t\t\t<div class=\"elementor-element elementor-element-d21fc9c elementor-widget elementor-widget-text-editor\" data-id=\"d21fc9c\" data-element_type=\"widget\" data-widget_type=\"text-editor.default\">\n\t\t\t\t<div class=\"elementor-widget-container\">\n\t\t\t\t\t\t\t\t\t<h2>1968 : cr\u00e9ation de L&rsquo;Appel<\/h2>\t\t\t\t\t\t\t\t<\/div>\n\t\t\t\t<\/div>\n\t\t\t\t<div class=\"elementor-element elementor-element-163e8e5 elementor-widget elementor-widget-text-editor\" data-id=\"163e8e5\" data-element_type=\"widget\" data-widget_type=\"text-editor.default\">\n\t\t\t\t<div class=\"elementor-widget-container\">\n\t\t\t\t\t\t\t\t\t<p>En avril 1968, au plus fort de la guerre du Vietnam, un groupe de m\u00e9decins et d\u2019amis fonde \u00e0 Paris l\u2019association <strong data-start=\"220\" data-end=\"272\">L\u2019Appel &#8211; aide m\u00e9dicale et sanitaire aux enfants victimes de la guerre<\/strong>. Face \u00e0 l\u2019urgence humanitaire, ils organisent une cha\u00eene de solidarit\u00e9 pour permettre \u00e0 une centaine d\u2019enfants vietnamiens gravement malades d\u2019\u00eatre soign\u00e9s en France. Accueillis dans des h\u00f4pitaux parisiens, ces enfants sont ensuite plac\u00e9s en convalescence dans des familles fran\u00e7aises b\u00e9n\u00e9voles. Une fois r\u00e9tablis, ils sont raccompagn\u00e9s au Vietnam, dans leur pays et aupr\u00e8s de leurs proches.\u00a0<\/p>\t\t\t\t\t\t\t\t<\/div>\n\t\t\t\t<\/div>\n\t\t\t\t<\/div>\n\t\t<div class=\"has_eae_slider elementor-element elementor-element-f2af537 e-con-full e-flex e-con e-child\" data-eae-slider=\"85858\" data-id=\"f2af537\" data-element_type=\"container\">\n\t\t\t\t<div class=\"elementor-element elementor-element-584312f elementor-widget-divider--view-line_icon elementor-fixed elementor-view-default elementor-widget-divider--element-align-center elementor-widget elementor-widget-divider\" data-id=\"584312f\" data-element_type=\"widget\" data-settings=\"{&quot;_position&quot;:&quot;fixed&quot;}\" data-widget_type=\"divider.default\">\n\t\t\t\t<div class=\"elementor-widget-container\">\n\t\t\t\t\t\t\t<div class=\"elementor-divider\">\n\t\t\t<span class=\"elementor-divider-separator\">\n\t\t\t\t\t\t\t<div class=\"elementor-icon elementor-divider__element\">\n\t\t\t\t\t<i aria-hidden=\"true\" class=\"fas fa-star\"><\/i><\/div>\n\t\t\t\t\t\t<\/span>\n\t\t<\/div>\n\t\t\t\t\t\t<\/div>\n\t\t\t\t<\/div>\n\t\t\t\t<\/div>\n\t\t<div class=\"has_eae_slider elementor-element elementor-element-b9c1d0a e-con-full e-flex e-con e-child\" data-eae-slider=\"82300\" data-id=\"b9c1d0a\" data-element_type=\"container\">\n\t\t\t\t<div class=\"elementor-element elementor-element-84660c0 elementor-widget elementor-widget-image\" data-id=\"84660c0\" data-element_type=\"widget\" data-widget_type=\"image.default\">\n\t\t\t\t<div class=\"elementor-widget-container\">\n\t\t\t\t\t\t\t\t\t\t\t\t\t\t\t<img fetchpriority=\"high\" decoding=\"async\" width=\"1024\" height=\"768\" src=\"https:\/\/alteriade-clients.alwaysdata.net\/appel\/wp-content\/uploads\/2025\/08\/Vietnam-1ere-mission-de-Jacques-LALANDE-1-1024x768.jpg\" class=\"attachment-large size-large wp-image-27499\" alt=\"aide-medicale-et-sanitaire-enfants-victimes-de-la-guerre-vietnam\" srcset=\"https:\/\/alteriade-clients.alwaysdata.net\/appel\/wp-content\/uploads\/2025\/08\/Vietnam-1ere-mission-de-Jacques-LALANDE-1-1024x768.jpg 1024w, https:\/\/alteriade-clients.alwaysdata.net\/appel\/wp-content\/uploads\/2025\/08\/Vietnam-1ere-mission-de-Jacques-LALANDE-1-300x225.jpg 300w, https:\/\/alteriade-clients.alwaysdata.net\/appel\/wp-content\/uploads\/2025\/08\/Vietnam-1ere-mission-de-Jacques-LALANDE-1-768x576.jpg 768w, https:\/\/alteriade-clients.alwaysdata.net\/appel\/wp-content\/uploads\/2025\/08\/Vietnam-1ere-mission-de-Jacques-LALANDE-1-1536x1152.jpg 1536w, https:\/\/alteriade-clients.alwaysdata.net\/appel\/wp-content\/uploads\/2025\/08\/Vietnam-1ere-mission-de-Jacques-LALANDE-1-2048x1536.jpg 2048w, https:\/\/alteriade-clients.alwaysdata.net\/appel\/wp-content\/uploads\/2025\/08\/Vietnam-1ere-mission-de-Jacques-LALANDE-1-1568x1176.jpg 1568w\" sizes=\"(max-width: 34.9rem) calc(100vw - 2rem), (max-width: 53rem) calc(8 * (100vw \/ 12)), (min-width: 53rem) calc(6 * (100vw \/ 12)), 100vw\" \/>\t\t\t\t\t\t\t\t\t\t\t\t\t\t\t<\/div>\n\t\t\t\t<\/div>\n\t\t\t\t<\/div>\n\t\t\t\t\t<\/div>\n\t\t\t\t<\/div>\n\t\t<div class=\"has_eae_slider elementor-element elementor-element-6960ae1 e-flex e-con-boxed e-con e-parent\" data-eae-slider=\"76158\" data-id=\"6960ae1\" data-element_type=\"container\">\n\t\t\t\t\t<div class=\"e-con-inner\">\n\t\t<div class=\"has_eae_slider elementor-element elementor-element-23c249b e-con-full e-flex e-con e-child\" data-eae-slider=\"23178\" data-id=\"23c249b\" data-element_type=\"container\">\n\t\t\t\t<div class=\"elementor-element elementor-element-50e23c9 elementor-widget elementor-widget-image\" data-id=\"50e23c9\" data-element_type=\"widget\" data-widget_type=\"image.default\">\n\t\t\t\t<div class=\"elementor-widget-container\">\n\t\t\t\t\t\t\t\t\t\t\t\t\t\t\t<img decoding=\"async\" width=\"1024\" height=\"672\" src=\"https:\/\/alteriade-clients.alwaysdata.net\/appel\/wp-content\/uploads\/2025\/08\/1979-vietnam-1024x672.jpg\" class=\"attachment-large size-large wp-image-27552\" alt=\"1979-guerre-du-vietnam-soutien-aux-enfants-crise-humanitaire\" srcset=\"https:\/\/alteriade-clients.alwaysdata.net\/appel\/wp-content\/uploads\/2025\/08\/1979-vietnam-1024x672.jpg 1024w, https:\/\/alteriade-clients.alwaysdata.net\/appel\/wp-content\/uploads\/2025\/08\/1979-vietnam-300x197.jpg 300w, https:\/\/alteriade-clients.alwaysdata.net\/appel\/wp-content\/uploads\/2025\/08\/1979-vietnam-768x504.jpg 768w, https:\/\/alteriade-clients.alwaysdata.net\/appel\/wp-content\/uploads\/2025\/08\/1979-vietnam.jpg 1357w\" sizes=\"(max-width: 34.9rem) calc(100vw - 2rem), (max-width: 53rem) calc(8 * (100vw \/ 12)), (min-width: 53rem) calc(6 * (100vw \/ 12)), 100vw\" \/>\t\t\t\t\t\t\t\t\t\t\t\t\t\t\t<\/div>\n\t\t\t\t<\/div>\n\t\t\t\t<\/div>\n\t\t<div class=\"has_eae_slider elementor-element elementor-element-c7a1c24 e-con-full e-flex e-con e-child\" data-eae-slider=\"80529\" data-id=\"c7a1c24\" data-element_type=\"container\">\n\t\t\t\t<div class=\"elementor-element elementor-element-3c48e63 elementor-widget-divider--view-line_icon elementor-fixed elementor-view-default elementor-widget-divider--element-align-center elementor-widget elementor-widget-divider\" data-id=\"3c48e63\" data-element_type=\"widget\" data-settings=\"{&quot;_position&quot;:&quot;fixed&quot;}\" data-widget_type=\"divider.default\">\n\t\t\t\t<div class=\"elementor-widget-container\">\n\t\t\t\t\t\t\t<div class=\"elementor-divider\">\n\t\t\t<span class=\"elementor-divider-separator\">\n\t\t\t\t\t\t\t<div class=\"elementor-icon elementor-divider__element\">\n\t\t\t\t\t<i aria-hidden=\"true\" class=\"fas fa-star\"><\/i><\/div>\n\t\t\t\t\t\t<\/span>\n\t\t<\/div>\n\t\t\t\t\t\t<\/div>\n\t\t\t\t<\/div>\n\t\t\t\t<\/div>\n\t\t<div class=\"has_eae_slider elementor-element elementor-element-84436bc e-con-full e-flex e-con e-child\" data-eae-slider=\"7478\" data-id=\"84436bc\" data-element_type=\"container\">\n\t\t\t\t<div class=\"elementor-element elementor-element-04d729d elementor-widget elementor-widget-text-editor\" data-id=\"04d729d\" data-element_type=\"widget\" data-widget_type=\"text-editor.default\">\n\t\t\t\t<div class=\"elementor-widget-container\">\n\t\t\t\t\t\t\t\t\t<h2>1979 : r\u00e9pondre \u00e0 des appels<\/h2>\t\t\t\t\t\t\t\t<\/div>\n\t\t\t\t<\/div>\n\t\t\t\t<div class=\"elementor-element elementor-element-4712495 elementor-widget elementor-widget-text-editor\" data-id=\"4712495\" data-element_type=\"widget\" data-widget_type=\"text-editor.default\">\n\t\t\t\t<div class=\"elementor-widget-container\">\n\t\t\t\t\t\t\t\t\t<p>\u00c0 partir de 1979, L\u2019Appel re\u00e7oit des demandes d\u2019aide venues de nombreux pays confront\u00e9s \u00e0 des crises humanitaires majeures.<br data-start=\"255\" data-end=\"258\" \/>De l\u2019Asie \u00e0 l\u2019Am\u00e9rique latine au Moyen-Orient, nos actions s\u2019\u00e9tendent progressivement bien au-del\u00e0 du Vietnam.<br data-start=\"558\" data-end=\"561\" \/>Ces initiatives naissent souvent de partenariats avec des associations locales, de minorit\u00e9s en difficult\u00e9, ou d\u2019autres ONG.<\/p>\t\t\t\t\t\t\t\t<\/div>\n\t\t\t\t<\/div>\n\t\t\t\t<\/div>\n\t\t\t\t\t<\/div>\n\t\t\t\t<\/div>\n\t\t<div class=\"has_eae_slider elementor-element elementor-element-7ed3ab0 e-flex e-con-boxed e-con e-parent\" data-eae-slider=\"77601\" data-id=\"7ed3ab0\" data-element_type=\"container\">\n\t\t\t\t\t<div class=\"e-con-inner\">\n\t\t<div class=\"has_eae_slider elementor-element elementor-element-e40a341 e-con-full e-flex e-con e-child\" data-eae-slider=\"65540\" data-id=\"e40a341\" data-element_type=\"container\">\n\t\t\t\t<div class=\"elementor-element elementor-element-be557a4 elementor-widget elementor-widget-text-editor\" data-id=\"be557a4\" data-element_type=\"widget\" data-widget_type=\"text-editor.default\">\n\t\t\t\t<div class=\"elementor-widget-container\">\n\t\t\t\t\t\t\t\t\t<h2>1983 : direction l&rsquo;Afrique<\/h2>\t\t\t\t\t\t\t\t<\/div>\n\t\t\t\t<\/div>\n\t\t\t\t<div class=\"elementor-element elementor-element-bbba67c elementor-widget elementor-widget-text-editor\" data-id=\"bbba67c\" data-element_type=\"widget\" data-widget_type=\"text-editor.default\">\n\t\t\t\t<div class=\"elementor-widget-container\">\n\t\t\t\t\t\t\t\t\t<p>L\u2019Appel est sollicit\u00e9 pour intervenir en Afrique et s\u2019oriente vers la lutte contre le VIH, encore mal connu \u00e0 l\u2019\u00e9poque. L\u2019association agit au Cameroun, au Congo et au Burkina Faso, en particulier aupr\u00e8s des enfants. On ignore alors que le virus peut se transmettre de la m\u00e8re \u00e0 l\u2019enfant. Par la suite, des projets de sant\u00e9 voient le jour au Tchad et \u00e0 Madagascar, mais tr\u00e8s vite, d&rsquo;autres besoins essentiels \u00e9mergent, notamment en mati\u00e8re d\u2019\u00e9ducation et d\u2019acc\u00e8s \u00e0 l\u2019eau potable.<\/p>\t\t\t\t\t\t\t\t<\/div>\n\t\t\t\t<\/div>\n\t\t\t\t<\/div>\n\t\t<div class=\"has_eae_slider elementor-element elementor-element-efd5abd e-con-full e-flex e-con e-child\" data-eae-slider=\"48748\" data-id=\"efd5abd\" data-element_type=\"container\">\n\t\t\t\t<div class=\"elementor-element elementor-element-9809259 elementor-widget-divider--view-line_icon elementor-fixed elementor-view-default elementor-widget-divider--element-align-center elementor-widget elementor-widget-divider\" data-id=\"9809259\" data-element_type=\"widget\" data-settings=\"{&quot;_position&quot;:&quot;fixed&quot;}\" data-widget_type=\"divider.default\">\n\t\t\t\t<div class=\"elementor-widget-container\">\n\t\t\t\t\t\t\t<div class=\"elementor-divider\">\n\t\t\t<span class=\"elementor-divider-separator\">\n\t\t\t\t\t\t\t<div class=\"elementor-icon elementor-divider__element\">\n\t\t\t\t\t<i aria-hidden=\"true\" class=\"fas fa-star\"><\/i><\/div>\n\t\t\t\t\t\t<\/span>\n\t\t<\/div>\n\t\t\t\t\t\t<\/div>\n\t\t\t\t<\/div>\n\t\t\t\t<\/div>\n\t\t<div class=\"has_eae_slider elementor-element elementor-element-f275070 e-con-full e-flex e-con e-child\" data-eae-slider=\"47690\" data-id=\"f275070\" data-element_type=\"container\">\n\t\t\t\t<div class=\"elementor-element elementor-element-7523a23 elementor-widget elementor-widget-image\" data-id=\"7523a23\" data-element_type=\"widget\" data-widget_type=\"image.default\">\n\t\t\t\t<div class=\"elementor-widget-container\">\n\t\t\t\t\t\t\t\t\t\t\t\t\t\t\t<img decoding=\"async\" width=\"1024\" height=\"766\" src=\"https:\/\/alteriade-clients.alwaysdata.net\/appel\/wp-content\/uploads\/2025\/08\/1983-afrique-1024x766.jpg\" class=\"attachment-large size-large wp-image-27607\" alt=\"afrique-1983-lutte-contre-le-vih\" srcset=\"https:\/\/alteriade-clients.alwaysdata.net\/appel\/wp-content\/uploads\/2025\/08\/1983-afrique-1024x766.jpg 1024w, https:\/\/alteriade-clients.alwaysdata.net\/appel\/wp-content\/uploads\/2025\/08\/1983-afrique-300x224.jpg 300w, https:\/\/alteriade-clients.alwaysdata.net\/appel\/wp-content\/uploads\/2025\/08\/1983-afrique-768x574.jpg 768w, https:\/\/alteriade-clients.alwaysdata.net\/appel\/wp-content\/uploads\/2025\/08\/1983-afrique.jpg 1371w\" sizes=\"(max-width: 34.9rem) calc(100vw - 2rem), (max-width: 53rem) calc(8 * (100vw \/ 12)), (min-width: 53rem) calc(6 * (100vw \/ 12)), 100vw\" \/>\t\t\t\t\t\t\t\t\t\t\t\t\t\t\t<\/div>\n\t\t\t\t<\/div>\n\t\t\t\t<\/div>\n\t\t\t\t\t<\/div>\n\t\t\t\t<\/div>\n\t\t<div class=\"has_eae_slider elementor-element elementor-element-5abca7c e-flex e-con-boxed e-con e-parent\" data-eae-slider=\"74195\" data-id=\"5abca7c\" data-element_type=\"container\">\n\t\t\t\t\t<div class=\"e-con-inner\">\n\t\t<div class=\"has_eae_slider elementor-element elementor-element-b2eafd3 e-con-full e-flex e-con e-child\" data-eae-slider=\"88564\" data-id=\"b2eafd3\" data-element_type=\"container\">\n\t\t\t\t<div class=\"elementor-element elementor-element-277e359 elementor-widget elementor-widget-image\" data-id=\"277e359\" data-element_type=\"widget\" data-widget_type=\"image.default\">\n\t\t\t\t<div class=\"elementor-widget-container\">\n\t\t\t\t\t\t\t\t\t\t\t\t\t\t\t<img loading=\"lazy\" decoding=\"async\" width=\"1024\" height=\"715\" src=\"https:\/\/alteriade-clients.alwaysdata.net\/appel\/wp-content\/uploads\/2025\/08\/1991-1024x715.jpg\" class=\"attachment-large size-large wp-image-27580\" alt=\"1993-mostar-bosnie-soutenir-les-enfants\" srcset=\"https:\/\/alteriade-clients.alwaysdata.net\/appel\/wp-content\/uploads\/2025\/08\/1991-1024x715.jpg 1024w, https:\/\/alteriade-clients.alwaysdata.net\/appel\/wp-content\/uploads\/2025\/08\/1991-300x209.jpg 300w, https:\/\/alteriade-clients.alwaysdata.net\/appel\/wp-content\/uploads\/2025\/08\/1991-768x536.jpg 768w, https:\/\/alteriade-clients.alwaysdata.net\/appel\/wp-content\/uploads\/2025\/08\/1991.jpg 1292w\" sizes=\"(max-width: 34.9rem) calc(100vw - 2rem), (max-width: 53rem) calc(8 * (100vw \/ 12)), (min-width: 53rem) calc(6 * (100vw \/ 12)), 100vw\" \/>\t\t\t\t\t\t\t\t\t\t\t\t\t\t\t<\/div>\n\t\t\t\t<\/div>\n\t\t\t\t<\/div>\n\t\t<div class=\"has_eae_slider elementor-element elementor-element-fb406cd e-con-full e-flex e-con e-child\" data-eae-slider=\"88031\" data-id=\"fb406cd\" data-element_type=\"container\">\n\t\t\t\t<div class=\"elementor-element elementor-element-0a7217a elementor-widget-divider--view-line_icon elementor-fixed elementor-view-default elementor-widget-divider--element-align-center elementor-widget elementor-widget-divider\" data-id=\"0a7217a\" data-element_type=\"widget\" data-settings=\"{&quot;_position&quot;:&quot;fixed&quot;}\" data-widget_type=\"divider.default\">\n\t\t\t\t<div class=\"elementor-widget-container\">\n\t\t\t\t\t\t\t<div class=\"elementor-divider\">\n\t\t\t<span class=\"elementor-divider-separator\">\n\t\t\t\t\t\t\t<div class=\"elementor-icon elementor-divider__element\">\n\t\t\t\t\t<i aria-hidden=\"true\" class=\"fas fa-star\"><\/i><\/div>\n\t\t\t\t\t\t<\/span>\n\t\t<\/div>\n\t\t\t\t\t\t<\/div>\n\t\t\t\t<\/div>\n\t\t\t\t<\/div>\n\t\t<div class=\"has_eae_slider elementor-element elementor-element-1133f5c e-con-full e-flex e-con e-child\" data-eae-slider=\"10082\" data-id=\"1133f5c\" data-element_type=\"container\">\n\t\t\t\t<div class=\"elementor-element elementor-element-d545b59 elementor-widget elementor-widget-text-editor\" data-id=\"d545b59\" data-element_type=\"widget\" data-widget_type=\"text-editor.default\">\n\t\t\t\t<div class=\"elementor-widget-container\">\n\t\t\t\t\t\t\t\t\t<h2>1993 : agir partout<\/h2>\t\t\t\t\t\t\t\t<\/div>\n\t\t\t\t<\/div>\n\t\t\t\t<div class=\"elementor-element elementor-element-c2b32c0 elementor-widget elementor-widget-text-editor\" data-id=\"c2b32c0\" data-element_type=\"widget\" data-widget_type=\"text-editor.default\">\n\t\t\t\t<div class=\"elementor-widget-container\">\n\t\t\t\t\t\t\t\t\t<p>En pleine guerre de Bosnie, L\u2019Appel se mobilise pour soutenir les enfants de Mostar, touch\u00e9s de plein fouet par le conflit. Cette action humanitaire marque un tournant : L&rsquo;Appel affirme son engagement \u00e0 intervenir l\u00e0 o\u00f9 les besoins sont les plus pressants, sans distinction d\u2019origine, de religion ou d\u2019appartenance politique. Elle porte l\u2019espoir que la solidarit\u00e9 permette aux populations divis\u00e9es de se retrouver autour de l\u2019essentiel.<\/p>\t\t\t\t\t\t\t\t<\/div>\n\t\t\t\t<\/div>\n\t\t\t\t<\/div>\n\t\t\t\t\t<\/div>\n\t\t\t\t<\/div>\n\t\t<div class=\"has_eae_slider elementor-element elementor-element-32d54c9 e-flex e-con-boxed e-con e-parent\" data-eae-slider=\"45027\" data-id=\"32d54c9\" data-element_type=\"container\" data-settings=\"{&quot;background_background&quot;:&quot;classic&quot;}\">\n\t\t\t\t\t<div class=\"e-con-inner\">\n\t\t<div class=\"has_eae_slider elementor-element elementor-element-cfd4e69 e-con-full e-flex e-con e-child\" data-eae-slider=\"86786\" data-id=\"cfd4e69\" data-element_type=\"container\" data-settings=\"{&quot;background_background&quot;:&quot;classic&quot;}\">\n\t\t\t\t<div class=\"elementor-element elementor-element-ff554c0 elementor-widget elementor-widget-text-editor\" data-id=\"ff554c0\" data-element_type=\"widget\" data-widget_type=\"text-editor.default\">\n\t\t\t\t<div class=\"elementor-widget-container\">\n\t\t\t\t\t\t\t\t\t<h2>2007 : Nutricartes\u00ae<\/h2>\t\t\t\t\t\t\t\t<\/div>\n\t\t\t\t<\/div>\n\t\t\t\t<div class=\"elementor-element elementor-element-dd2435d elementor-widget elementor-widget-text-editor\" data-id=\"dd2435d\" data-element_type=\"widget\" data-widget_type=\"text-editor.default\">\n\t\t\t\t<div class=\"elementor-widget-container\">\n\t\t\t\t\t\t\t\t\t<p>Cr\u00e9\u00e9e en 2007 par L\u2019Appel, la m\u00e9thode <strong data-start=\"148\" data-end=\"164\">Nutricartes\u00ae<\/strong> est une approche ludique et participative d\u2019\u00e9ducation nutritionnelle. Elle aide \u00e0 pr\u00e9venir la malnutrition infantile en s\u2019adaptant aux r\u00e9alit\u00e9s locales (alimentation disponible, budget, croyances). L\u2019Appel contribue ainsi \u00e0 l&rsquo;atteinte des Objectifs de D\u00e9veloppement Durable (ODD) 2 et 3 : \u00ab\u00a0Faim z\u00e9ro\u00a0\u00bb et \u00ab\u00a0Bonne sant\u00e9 et bien \u00eatre\u00a0\u00bb.<\/p>\t\t\t\t\t\t\t\t<\/div>\n\t\t\t\t<\/div>\n\t\t\t\t<\/div>\n\t\t<div class=\"has_eae_slider elementor-element elementor-element-d5c345e e-con-full e-flex e-con e-child\" data-eae-slider=\"64466\" data-id=\"d5c345e\" data-element_type=\"container\">\n\t\t\t\t<div class=\"elementor-element elementor-element-35062a7 elementor-widget-divider--view-line_icon elementor-fixed elementor-view-default elementor-widget-divider--element-align-center elementor-widget elementor-widget-divider\" data-id=\"35062a7\" data-element_type=\"widget\" data-settings=\"{&quot;_position&quot;:&quot;fixed&quot;}\" data-widget_type=\"divider.default\">\n\t\t\t\t<div class=\"elementor-widget-container\">\n\t\t\t\t\t\t\t<div class=\"elementor-divider\">\n\t\t\t<span class=\"elementor-divider-separator\">\n\t\t\t\t\t\t\t<div class=\"elementor-icon elementor-divider__element\">\n\t\t\t\t\t<i aria-hidden=\"true\" class=\"fas fa-star\"><\/i><\/div>\n\t\t\t\t\t\t<\/span>\n\t\t<\/div>\n\t\t\t\t\t\t<\/div>\n\t\t\t\t<\/div>\n\t\t\t\t<\/div>\n\t\t<div class=\"has_eae_slider elementor-element elementor-element-4cf1575 e-con-full e-flex e-con e-child\" data-eae-slider=\"97128\" data-id=\"4cf1575\" data-element_type=\"container\">\n\t\t\t\t<div class=\"elementor-element elementor-element-da2a8f4 elementor-widget elementor-widget-image\" data-id=\"da2a8f4\" data-element_type=\"widget\" data-widget_type=\"image.default\">\n\t\t\t\t<div class=\"elementor-widget-container\">\n\t\t\t\t\t\t\t\t\t\t\t\t\t\t\t<img loading=\"lazy\" decoding=\"async\" width=\"1024\" height=\"685\" src=\"https:\/\/alteriade-clients.alwaysdata.net\/appel\/wp-content\/uploads\/2025\/08\/Nutricartes_Plateau-3-1024x685.jpg\" class=\"attachment-large size-large wp-image-28302\" alt=\"education-nutritionnelle-afrique-lutte-contre-la-malnutrition-nutricartes-parents-enfants\" srcset=\"https:\/\/alteriade-clients.alwaysdata.net\/appel\/wp-content\/uploads\/2025\/08\/Nutricartes_Plateau-3-1024x685.jpg 1024w, https:\/\/alteriade-clients.alwaysdata.net\/appel\/wp-content\/uploads\/2025\/08\/Nutricartes_Plateau-3-300x201.jpg 300w, https:\/\/alteriade-clients.alwaysdata.net\/appel\/wp-content\/uploads\/2025\/08\/Nutricartes_Plateau-3-768x514.jpg 768w, https:\/\/alteriade-clients.alwaysdata.net\/appel\/wp-content\/uploads\/2025\/08\/Nutricartes_Plateau-3-1536x1028.jpg 1536w, https:\/\/alteriade-clients.alwaysdata.net\/appel\/wp-content\/uploads\/2025\/08\/Nutricartes_Plateau-3-2048x1371.jpg 2048w, https:\/\/alteriade-clients.alwaysdata.net\/appel\/wp-content\/uploads\/2025\/08\/Nutricartes_Plateau-3-1568x1050.jpg 1568w\" sizes=\"(max-width: 34.9rem) calc(100vw - 2rem), (max-width: 53rem) calc(8 * (100vw \/ 12)), (min-width: 53rem) calc(6 * (100vw \/ 12)), 100vw\" \/>\t\t\t\t\t\t\t\t\t\t\t\t\t\t\t<\/div>\n\t\t\t\t<\/div>\n\t\t\t\t<\/div>\n\t\t\t\t\t<\/div>\n\t\t\t\t<\/div>\n\t\t<div class=\"has_eae_slider elementor-element elementor-element-67acd7e e-flex e-con-boxed e-con e-parent\" data-eae-slider=\"60389\" data-id=\"67acd7e\" data-element_type=\"container\">\n\t\t\t\t\t<div class=\"e-con-inner\">\n\t\t<div class=\"has_eae_slider elementor-element elementor-element-6f75d58 e-con-full e-flex e-con e-child\" data-eae-slider=\"71901\" data-id=\"6f75d58\" data-element_type=\"container\">\n\t\t\t\t<div class=\"elementor-element elementor-element-649f64d elementor-widget elementor-widget-image\" data-id=\"649f64d\" data-element_type=\"widget\" data-widget_type=\"image.default\">\n\t\t\t\t<div class=\"elementor-widget-container\">\n\t\t\t\t\t\t\t\t\t\t\t\t\t\t\t<img loading=\"lazy\" decoding=\"async\" width=\"1024\" height=\"683\" src=\"https:\/\/alteriade-clients.alwaysdata.net\/appel\/wp-content\/uploads\/2025\/07\/Notre-equipe-LAppel-professionnels-benevoles-4-1024x683.jpg\" class=\"attachment-large size-large wp-image-26363\" alt=\"esther-duflo-lappel-assemblee-generale\" srcset=\"https:\/\/alteriade-clients.alwaysdata.net\/appel\/wp-content\/uploads\/2025\/07\/Notre-equipe-LAppel-professionnels-benevoles-4-1024x683.jpg 1024w, https:\/\/alteriade-clients.alwaysdata.net\/appel\/wp-content\/uploads\/2025\/07\/Notre-equipe-LAppel-professionnels-benevoles-4-300x200.jpg 300w, https:\/\/alteriade-clients.alwaysdata.net\/appel\/wp-content\/uploads\/2025\/07\/Notre-equipe-LAppel-professionnels-benevoles-4-768x512.jpg 768w, https:\/\/alteriade-clients.alwaysdata.net\/appel\/wp-content\/uploads\/2025\/07\/Notre-equipe-LAppel-professionnels-benevoles-4-1536x1024.jpg 1536w, https:\/\/alteriade-clients.alwaysdata.net\/appel\/wp-content\/uploads\/2025\/07\/Notre-equipe-LAppel-professionnels-benevoles-4-2048x1365.jpg 2048w, https:\/\/alteriade-clients.alwaysdata.net\/appel\/wp-content\/uploads\/2025\/07\/Notre-equipe-LAppel-professionnels-benevoles-4-1568x1045.jpg 1568w\" sizes=\"(max-width: 34.9rem) calc(100vw - 2rem), (max-width: 53rem) calc(8 * (100vw \/ 12)), (min-width: 53rem) calc(6 * (100vw \/ 12)), 100vw\" \/>\t\t\t\t\t\t\t\t\t\t\t\t\t\t\t<\/div>\n\t\t\t\t<\/div>\n\t\t\t\t<\/div>\n\t\t<div class=\"has_eae_slider elementor-element elementor-element-fa90cde e-con-full e-flex e-con e-child\" data-eae-slider=\"73204\" data-id=\"fa90cde\" data-element_type=\"container\">\n\t\t\t\t<\/div>\n\t\t<div class=\"has_eae_slider elementor-element elementor-element-77ef80c e-con-full e-flex e-con e-child\" data-eae-slider=\"28129\" data-id=\"77ef80c\" data-element_type=\"container\">\n\t\t\t\t<div class=\"elementor-element elementor-element-8c611a2 elementor-widget elementor-widget-text-editor\" data-id=\"8c611a2\" data-element_type=\"widget\" data-widget_type=\"text-editor.default\">\n\t\t\t\t<div class=\"elementor-widget-container\">\n\t\t\t\t\t\t\t\t\t<h2>2018 : le demi-si\u00e8cle<\/h2>\t\t\t\t\t\t\t\t<\/div>\n\t\t\t\t<\/div>\n\t\t\t\t<div class=\"elementor-element elementor-element-4068577 elementor-widget elementor-widget-text-editor\" data-id=\"4068577\" data-element_type=\"widget\" data-widget_type=\"text-editor.default\">\n\t\t\t\t<div class=\"elementor-widget-container\">\n\t\t\t\t\t\t\t\t\t<p>En 2018, L\u2019Appel c\u00e9l\u00e8bre 50 ans d\u2019actions solidaires aupr\u00e8s des enfants. \u00c0 cette occasion, <strong>Esther Duflo<\/strong>, prix Nobel d&rsquo;\u00e9conomie en 2019,\u00a0 dresse un tableau de la malnutrition dans le monde dans le cadre d&rsquo;une conf\u00e9rence-d\u00e9bat. Ce moment fort permet de rappeler que, depuis 1968, chaque projet men\u00e9 par L\u2019Appel repose sur des valeurs d\u2019autonomie, de respect mutuel et de coop\u00e9ration durable.<\/p>\t\t\t\t\t\t\t\t<\/div>\n\t\t\t\t<\/div>\n\t\t\t\t<\/div>\n\t\t\t\t\t<\/div>\n\t\t\t\t<\/div>\n\t\t<div class=\"has_eae_slider elementor-element elementor-element-3ad1835 e-flex e-con-boxed e-con e-parent\" data-eae-slider=\"44522\" data-id=\"3ad1835\" data-element_type=\"container\">\n\t\t\t\t\t<div class=\"e-con-inner\">\n\t\t\t\t<div class=\"elementor-element elementor-element-0b3ce9a elementor-widget elementor-widget-spacer\" data-id=\"0b3ce9a\" data-element_type=\"widget\" data-widget_type=\"spacer.default\">\n\t\t\t\t<div class=\"elementor-widget-container\">\n\t\t\t\t\t\t\t<div class=\"elementor-spacer\">\n\t\t\t<div class=\"elementor-spacer-inner\"><\/div>\n\t\t<\/div>\n\t\t\t\t\t\t<\/div>\n\t\t\t\t<\/div>\n\t\t\t\t\t<\/div>\n\t\t\t\t<\/div>\n\t\t\t\t<section class=\"has_eae_slider elementor-section elementor-top-section elementor-element elementor-element-e32d1b4 elementor-section-boxed elementor-section-height-default elementor-section-height-default\" data-eae-slider=\"71917\" data-id=\"e32d1b4\" data-element_type=\"section\" data-settings=\"{&quot;background_background&quot;:&quot;classic&quot;}\">\n\t\t\t\t\t\t<div class=\"elementor-container elementor-column-gap-default\">\n\t\t\t\t\t<div class=\"has_eae_slider elementor-column elementor-col-100 elementor-top-column elementor-element elementor-element-e283ffd\" data-eae-slider=\"1542\" data-id=\"e283ffd\" data-element_type=\"column\">\n\t\t\t<div class=\"elementor-widget-wrap elementor-element-populated\">\n\t\t\t\t\t\t<div class=\"elementor-element elementor-element-380db4b elementor-widget elementor-widget-heading\" data-id=\"380db4b\" data-element_type=\"widget\" data-widget_type=\"heading.default\">\n\t\t\t\t<div class=\"elementor-widget-container\">\n\t\t\t\t\t<h2 class=\"elementor-heading-title elementor-size-default\">Des actions transversales en faveur du d\u00e9veloppement durable<\/h2>\t\t\t\t<\/div>\n\t\t\t\t<\/div>\n\t\t<div class=\"has_eae_slider elementor-element elementor-element-69b08c6 e-grid e-con-boxed e-con e-parent\" data-eae-slider=\"97375\" data-id=\"69b08c6\" data-element_type=\"container\">\n\t\t\t\t\t<div class=\"e-con-inner\">\n\t\t\t\t<div class=\"elementor-element elementor-element-77bae1f elementor-widget elementor-widget-text-editor\" data-id=\"77bae1f\" data-element_type=\"widget\" data-widget_type=\"text-editor.default\">\n\t\t\t\t<div class=\"elementor-widget-container\">\n\t\t\t\t\t\t\t\t\t<p>Depuis leur adoption en 2015 par les Nations Unies, les 17 Objectifs de D\u00e9veloppement Durable (ODD) offrent un cadre essentiel pour guider les acteurs de la solidarit\u00e9 internationale vers un d\u00e9veloppement \u00e9quilibr\u00e9, \u00e9quitable et p\u00e9renne. Pour L&rsquo;Appel, le d\u00e9veloppement durable ne se limite pas \u00e0 un objectif \u00e0 atteindre : il est le socle de chaque projet, la boussole qui oriente les actions et garantit leur impact sur le long terme. Chaque jour, nous continuons \u00e0 inscrire notre d\u00e9marche dans cette logique en r\u00e9pondant \u00e0 8 des 17 ODD pour venir en aide aux enfants vuln\u00e9rables. (voir ci-contre)<\/p>\t\t\t\t\t\t\t\t<\/div>\n\t\t\t\t<\/div>\n\t\t\t\t<div class=\"elementor-element elementor-element-079680b elementor-widget elementor-widget-gallery\" data-id=\"079680b\" data-element_type=\"widget\" data-settings=\"{&quot;gap&quot;:{&quot;unit&quot;:&quot;px&quot;,&quot;size&quot;:4,&quot;sizes&quot;:[]},&quot;aspect_ratio&quot;:&quot;1:1&quot;,&quot;lazyload&quot;:&quot;yes&quot;,&quot;gallery_layout&quot;:&quot;grid&quot;,&quot;columns&quot;:4,&quot;columns_tablet&quot;:2,&quot;columns_mobile&quot;:1,&quot;gap_tablet&quot;:{&quot;unit&quot;:&quot;px&quot;,&quot;size&quot;:10,&quot;sizes&quot;:[]},&quot;gap_mobile&quot;:{&quot;unit&quot;:&quot;px&quot;,&quot;size&quot;:10,&quot;sizes&quot;:[]},&quot;link_to&quot;:&quot;file&quot;,&quot;overlay_background&quot;:&quot;yes&quot;,&quot;content_hover_animation&quot;:&quot;fade-in&quot;}\" data-widget_type=\"gallery.default\">\n\t\t\t\t<div class=\"elementor-widget-container\">\n\t\t\t\t\t\t\t<div class=\"elementor-gallery__container\">\n\t\t\t\t\t\t\t<a class=\"e-gallery-item elementor-gallery-item elementor-animated-content\" href=\"https:\/\/alteriade-clients.alwaysdata.net\/appel\/wp-content\/uploads\/2025\/07\/F-WEB-Goal-01.png\" data-elementor-open-lightbox=\"yes\" data-elementor-lightbox-slideshow=\"079680b\" data-elementor-lightbox-title=\"F-WEB-Goal-01\" data-e-action-hash=\"#elementor-action%3Aaction%3Dlightbox%26settings%3DeyJpZCI6MjQxNDQsInVybCI6Imh0dHBzOlwvXC9hbHRlcmlhZGUtY2xpZW50cy5hbHdheXNkYXRhLm5ldFwvYXBwZWxcL3dwLWNvbnRlbnRcL3VwbG9hZHNcLzIwMjVcLzA3XC9GLVdFQi1Hb2FsLTAxLnBuZyIsInNsaWRlc2hvdyI6IjA3OTY4MGIifQ%3D%3D\">\n\t\t\t\t\t<div class=\"e-gallery-image elementor-gallery-item__image\" data-thumbnail=\"https:\/\/alteriade-clients.alwaysdata.net\/appel\/wp-content\/uploads\/2025\/07\/F-WEB-Goal-01-300x300.png\" data-width=\"300\" data-height=\"300\" aria-label=\"odd-developpement-durable-solidarite-internationale-odd-1-pas-de-pauvrete\" role=\"img\" ><\/div>\n\t\t\t\t\t\t\t\t\t\t\t<div class=\"elementor-gallery-item__overlay\"><\/div>\n\t\t\t\t\t\t\t\t\t\t\t\t\t\t<\/a>\n\t\t\t\t\t\t\t<a class=\"e-gallery-item elementor-gallery-item elementor-animated-content\" href=\"https:\/\/alteriade-clients.alwaysdata.net\/appel\/wp-content\/uploads\/2025\/07\/F-WEB-Goal-02.png\" data-elementor-open-lightbox=\"yes\" data-elementor-lightbox-slideshow=\"079680b\" data-elementor-lightbox-title=\"F-WEB-Goal-02\" data-e-action-hash=\"#elementor-action%3Aaction%3Dlightbox%26settings%3DeyJpZCI6MjQxNDUsInVybCI6Imh0dHBzOlwvXC9hbHRlcmlhZGUtY2xpZW50cy5hbHdheXNkYXRhLm5ldFwvYXBwZWxcL3dwLWNvbnRlbnRcL3VwbG9hZHNcLzIwMjVcLzA3XC9GLVdFQi1Hb2FsLTAyLnBuZyIsInNsaWRlc2hvdyI6IjA3OTY4MGIifQ%3D%3D\">\n\t\t\t\t\t<div class=\"e-gallery-image elementor-gallery-item__image\" data-thumbnail=\"https:\/\/alteriade-clients.alwaysdata.net\/appel\/wp-content\/uploads\/2025\/07\/F-WEB-Goal-02-300x300.png\" data-width=\"300\" data-height=\"300\" aria-label=\"odd-developpement-durable-solidarite-internationale-odd-2-faim-zero\" role=\"img\" ><\/div>\n\t\t\t\t\t\t\t\t\t\t\t<div class=\"elementor-gallery-item__overlay\"><\/div>\n\t\t\t\t\t\t\t\t\t\t\t\t\t\t<\/a>\n\t\t\t\t\t\t\t<a class=\"e-gallery-item elementor-gallery-item elementor-animated-content\" href=\"https:\/\/alteriade-clients.alwaysdata.net\/appel\/wp-content\/uploads\/2025\/07\/F-WEB-Goal-03.png\" data-elementor-open-lightbox=\"yes\" data-elementor-lightbox-slideshow=\"079680b\" data-elementor-lightbox-title=\"F-WEB-Goal-03\" data-e-action-hash=\"#elementor-action%3Aaction%3Dlightbox%26settings%3DeyJpZCI6MjQxNDYsInVybCI6Imh0dHBzOlwvXC9hbHRlcmlhZGUtY2xpZW50cy5hbHdheXNkYXRhLm5ldFwvYXBwZWxcL3dwLWNvbnRlbnRcL3VwbG9hZHNcLzIwMjVcLzA3XC9GLVdFQi1Hb2FsLTAzLnBuZyIsInNsaWRlc2hvdyI6IjA3OTY4MGIifQ%3D%3D\">\n\t\t\t\t\t<div class=\"e-gallery-image elementor-gallery-item__image\" data-thumbnail=\"https:\/\/alteriade-clients.alwaysdata.net\/appel\/wp-content\/uploads\/2025\/07\/F-WEB-Goal-03-300x300.png\" data-width=\"300\" data-height=\"300\" aria-label=\"\" role=\"img\" ><\/div>\n\t\t\t\t\t\t\t\t\t\t\t<div class=\"elementor-gallery-item__overlay\"><\/div>\n\t\t\t\t\t\t\t\t\t\t\t\t\t\t<\/a>\n\t\t\t\t\t\t\t<a class=\"e-gallery-item elementor-gallery-item elementor-animated-content\" href=\"https:\/\/alteriade-clients.alwaysdata.net\/appel\/wp-content\/uploads\/2025\/07\/F-WEB-Goal-04.png\" data-elementor-open-lightbox=\"yes\" data-elementor-lightbox-slideshow=\"079680b\" data-elementor-lightbox-title=\"F-WEB-Goal-04\" data-e-action-hash=\"#elementor-action%3Aaction%3Dlightbox%26settings%3DeyJpZCI6MjQxNDcsInVybCI6Imh0dHBzOlwvXC9hbHRlcmlhZGUtY2xpZW50cy5hbHdheXNkYXRhLm5ldFwvYXBwZWxcL3dwLWNvbnRlbnRcL3VwbG9hZHNcLzIwMjVcLzA3XC9GLVdFQi1Hb2FsLTA0LnBuZyIsInNsaWRlc2hvdyI6IjA3OTY4MGIifQ%3D%3D\">\n\t\t\t\t\t<div class=\"e-gallery-image elementor-gallery-item__image\" data-thumbnail=\"https:\/\/alteriade-clients.alwaysdata.net\/appel\/wp-content\/uploads\/2025\/07\/F-WEB-Goal-04-300x300.png\" data-width=\"300\" data-height=\"300\" aria-label=\"odd-developpement-durable-solidarite-internationale-odd-4-education-de-qualite-\" role=\"img\" ><\/div>\n\t\t\t\t\t\t\t\t\t\t\t<div class=\"elementor-gallery-item__overlay\"><\/div>\n\t\t\t\t\t\t\t\t\t\t\t\t\t\t<\/a>\n\t\t\t\t\t\t\t<a class=\"e-gallery-item elementor-gallery-item elementor-animated-content\" href=\"https:\/\/alteriade-clients.alwaysdata.net\/appel\/wp-content\/uploads\/2025\/07\/F-WEB-Goal-05.png\" data-elementor-open-lightbox=\"yes\" data-elementor-lightbox-slideshow=\"079680b\" data-elementor-lightbox-title=\"F-WEB-Goal-05\" data-e-action-hash=\"#elementor-action%3Aaction%3Dlightbox%26settings%3DeyJpZCI6MjQxNDgsInVybCI6Imh0dHBzOlwvXC9hbHRlcmlhZGUtY2xpZW50cy5hbHdheXNkYXRhLm5ldFwvYXBwZWxcL3dwLWNvbnRlbnRcL3VwbG9hZHNcLzIwMjVcLzA3XC9GLVdFQi1Hb2FsLTA1LnBuZyIsInNsaWRlc2hvdyI6IjA3OTY4MGIifQ%3D%3D\">\n\t\t\t\t\t<div class=\"e-gallery-image elementor-gallery-item__image\" data-thumbnail=\"https:\/\/alteriade-clients.alwaysdata.net\/appel\/wp-content\/uploads\/2025\/07\/F-WEB-Goal-05-300x300.png\" data-width=\"300\" data-height=\"300\" aria-label=\"odd-developpement-durable-solidarite-internationale-odd-5-egalite-entre-les-sexes\" role=\"img\" ><\/div>\n\t\t\t\t\t\t\t\t\t\t\t<div class=\"elementor-gallery-item__overlay\"><\/div>\n\t\t\t\t\t\t\t\t\t\t\t\t\t\t<\/a>\n\t\t\t\t\t\t\t<a class=\"e-gallery-item elementor-gallery-item elementor-animated-content\" href=\"https:\/\/alteriade-clients.alwaysdata.net\/appel\/wp-content\/uploads\/2025\/07\/F-WEB-Goal-06.png\" data-elementor-open-lightbox=\"yes\" data-elementor-lightbox-slideshow=\"079680b\" data-elementor-lightbox-title=\"F-WEB-Goal-06\" data-e-action-hash=\"#elementor-action%3Aaction%3Dlightbox%26settings%3DeyJpZCI6MjQxNDksInVybCI6Imh0dHBzOlwvXC9hbHRlcmlhZGUtY2xpZW50cy5hbHdheXNkYXRhLm5ldFwvYXBwZWxcL3dwLWNvbnRlbnRcL3VwbG9hZHNcLzIwMjVcLzA3XC9GLVdFQi1Hb2FsLTA2LnBuZyIsInNsaWRlc2hvdyI6IjA3OTY4MGIifQ%3D%3D\">\n\t\t\t\t\t<div class=\"e-gallery-image elementor-gallery-item__image\" data-thumbnail=\"https:\/\/alteriade-clients.alwaysdata.net\/appel\/wp-content\/uploads\/2025\/07\/F-WEB-Goal-06-300x300.png\" data-width=\"300\" data-height=\"300\" aria-label=\"odd-developpement-durable-solidarite-internationale-odd-6-eau-propre-assainissement\" role=\"img\" ><\/div>\n\t\t\t\t\t\t\t\t\t\t\t<div class=\"elementor-gallery-item__overlay\"><\/div>\n\t\t\t\t\t\t\t\t\t\t\t\t\t\t<\/a>\n\t\t\t\t\t\t\t<a class=\"e-gallery-item elementor-gallery-item elementor-animated-content\" href=\"https:\/\/alteriade-clients.alwaysdata.net\/appel\/wp-content\/uploads\/2025\/07\/F-WEB-Goal-08.png\" data-elementor-open-lightbox=\"yes\" data-elementor-lightbox-slideshow=\"079680b\" data-elementor-lightbox-title=\"F-WEB-Goal-08\" data-e-action-hash=\"#elementor-action%3Aaction%3Dlightbox%26settings%3DeyJpZCI6MjQxNTAsInVybCI6Imh0dHBzOlwvXC9hbHRlcmlhZGUtY2xpZW50cy5hbHdheXNkYXRhLm5ldFwvYXBwZWxcL3dwLWNvbnRlbnRcL3VwbG9hZHNcLzIwMjVcLzA3XC9GLVdFQi1Hb2FsLTA4LnBuZyIsInNsaWRlc2hvdyI6IjA3OTY4MGIifQ%3D%3D\">\n\t\t\t\t\t<div class=\"e-gallery-image elementor-gallery-item__image\" data-thumbnail=\"https:\/\/alteriade-clients.alwaysdata.net\/appel\/wp-content\/uploads\/2025\/07\/F-WEB-Goal-08-300x300.png\" data-width=\"300\" data-height=\"300\" aria-label=\"odd-developpement-durable-solidarite-internationale-odd-8-travail-decent-croissance-economique\" role=\"img\" ><\/div>\n\t\t\t\t\t\t\t\t\t\t\t<div class=\"elementor-gallery-item__overlay\"><\/div>\n\t\t\t\t\t\t\t\t\t\t\t\t\t\t<\/a>\n\t\t\t\t\t\t\t<a class=\"e-gallery-item elementor-gallery-item elementor-animated-content\" href=\"https:\/\/alteriade-clients.alwaysdata.net\/appel\/wp-content\/uploads\/2025\/07\/F-WEB-Goal-10.png\" data-elementor-open-lightbox=\"yes\" data-elementor-lightbox-slideshow=\"079680b\" data-elementor-lightbox-title=\"F-WEB-Goal-10\" data-e-action-hash=\"#elementor-action%3Aaction%3Dlightbox%26settings%3DeyJpZCI6MjQxNTEsInVybCI6Imh0dHBzOlwvXC9hbHRlcmlhZGUtY2xpZW50cy5hbHdheXNkYXRhLm5ldFwvYXBwZWxcL3dwLWNvbnRlbnRcL3VwbG9hZHNcLzIwMjVcLzA3XC9GLVdFQi1Hb2FsLTEwLnBuZyIsInNsaWRlc2hvdyI6IjA3OTY4MGIifQ%3D%3D\">\n\t\t\t\t\t<div class=\"e-gallery-image elementor-gallery-item__image\" data-thumbnail=\"https:\/\/alteriade-clients.alwaysdata.net\/appel\/wp-content\/uploads\/2025\/07\/F-WEB-Goal-10-300x300.png\" data-width=\"300\" data-height=\"300\" aria-label=\"odd-developpement-durable-solidarite-internationale-inegalites-reduites\" role=\"img\" ><\/div>\n\t\t\t\t\t\t\t\t\t\t\t<div class=\"elementor-gallery-item__overlay\"><\/div>\n\t\t\t\t\t\t\t\t\t\t\t\t\t\t<\/a>\n\t\t\t\t\t<\/div>\n\t\t\t\t\t<\/div>\n\t\t\t\t<\/div>\n\t\t\t\t\t<\/div>\n\t\t\t\t<\/div>\n\t\t\t\t\t<\/div>\n\t\t<\/div>\n\t\t\t\t\t<\/div>\n\t\t<\/section>\n\t\t\t\t<section class=\"has_eae_slider elementor-section elementor-top-section elementor-element elementor-element-f873877 elementor-section-boxed elementor-section-height-default elementor-section-height-default\" data-eae-slider=\"78355\" data-id=\"f873877\" data-element_type=\"section\" data-settings=\"{&quot;background_background&quot;:&quot;classic&quot;}\">\n\t\t\t\t\t\t<div class=\"elementor-container elementor-column-gap-extended\">\n\t\t\t\t\t<div class=\"has_eae_slider elementor-column elementor-col-100 elementor-top-column elementor-element elementor-element-9292c6b\" data-eae-slider=\"61261\" data-id=\"9292c6b\" data-element_type=\"column\">\n\t\t\t<div class=\"elementor-widget-wrap elementor-element-populated\">\n\t\t\t\t\t\t<div class=\"elementor-element elementor-element-50b64c7 elementor-invisible elementor-widget elementor-widget-heading\" data-id=\"50b64c7\" data-element_type=\"widget\" data-settings=\"{&quot;_animation&quot;:&quot;fadeIn&quot;,&quot;_animation_delay&quot;:200}\" data-widget_type=\"heading.default\">\n\t\t\t\t<div class=\"elementor-widget-container\">\n\t\t\t\t\t<h2 class=\"elementor-heading-title elementor-size-default\">\u00c0 la une<\/h2>\t\t\t\t<\/div>\n\t\t\t\t<\/div>\n\t\t\t\t<div class=\"elementor-element elementor-element-bec756f elementor-grid-3 elementor-grid-tablet-1 elementor-grid-mobile-1 elementor-widget elementor-widget-be-posts\" data-id=\"bec756f\" data-element_type=\"widget\" data-widget_type=\"be-posts.skin-grid-yutmaru\">\n\t\t\t\t<div class=\"elementor-widget-container\">\n\t\t\t\t\t\t\t\t\t<div class=\"elementor-filter-wrap elementor-posts--skin-grid-yutmaru\">\n\t\t\t\t\t<ul class=\"elementor-filter\" data-type=\"post\">\n\t\t\t\t\t\t<li>\n\t\t\t\t\t\t\t\t\t\t<a class=\"elementor-filter__link active\" href=\"#\" data-filter=\"all\">Derni\u00e8res actus<\/a>\n\t\t\t\t\t\t\t\t\t<\/li><li>\n\t\t\t\t\t\t\t\t\t\t\t\t<a class=\"elementor-filter__link\" href=\"#\" data-filter=\"education\">\u00c9ducation<\/a>\n\t\t\t\t\t\t\t\t\t\t\t<\/li><li>\n\t\t\t\t\t\t\t\t\t\t\t\t<a class=\"elementor-filter__link\" href=\"#\" data-filter=\"helping\">B\u00e9n\u00e9volat<\/a>\n\t\t\t\t\t\t\t\t\t\t\t<\/li><li>\n\t\t\t\t\t\t\t\t\t\t\t\t<a class=\"elementor-filter__link\" href=\"#\" data-filter=\"health\">Sant\u00e9<\/a>\n\t\t\t\t\t\t\t\t\t\t\t<\/li><li>\n\t\t\t\t\t\t\t\t\t\t\t\t<a class=\"elementor-filter__link\" href=\"#\" data-filter=\"activity\">Conditions de vie<\/a>\n\t\t\t\t\t\t\t\t\t\t\t<\/li>\t\t\t\t\t<\/ul>\n\t\t\t\t<\/div>\n\t\t\t\t\t\t<div class=\"elementor-grid elementor-posts--skin-grid-yutmaru\">\n\t\t\t\t\t<article id=\"post-33227\" class=\"elementor-post elementor-item post-33227 post type-post status-publish format-standard hentry category-uncategorized entry\" data-group=\"uncategorized\" >\n        \t\t\t\t\t<div class=\"elementor-post__thumbnail-wrap\">\n\t          <div class=\"elementor-post__thumbnail\">\n\t            \t          <\/div>\n\t\t\t\t\t<\/div>\n        \n        <div class=\"elementor-post__content\">\n\t\t\t\t\t<h3 class=\"elementor-post__title __max-2-line\"><a href=\"https:\/\/alteriade-clients.alwaysdata.net\/appel\/methode-nutricartes-fondements\/\">Les fondements de la m\u00e9thode Nutricartes<\/a><\/h3>\t\t\t\t\t\t\t\t<div class=\"elementor-post__excerpt\">\n\t\t\t\t\t\t\t\t\tChaque ann\u00e9e, plus de 3 millions d\u2019enfants de moins de 5 ans\t\t\t\t\t\t\t\t<\/div>\n\t\t\t\t\t\t\t<a class=\"elementor-post__read-more\" href=\"https:\/\/alteriade-clients.alwaysdata.net\/appel\/methode-nutricartes-fondements\/\">Lire la suite<svg width=\"24\" height=\"12\" viewBox=\"0 0 24 12\" fill=\"currentColor\" xmlns=\"http:\/\/www.w3.org\/2000\/svg\">\n\t\t\t\t\t\t\t\t<path d=\"M0.937361 5.06249H20.7916L17.5027 1.78949C17.1357 1.42424 17.1343 0.830668 17.4996 0.463684C17.8648 0.096653 18.4584 0.095294 18.8254 0.460497L23.724 5.33549C23.7244 5.33577 23.7246 5.3361 23.7249 5.33638C24.0909 5.70163 24.0921 6.29713 23.725 6.6636C23.7247 6.66388 23.7244 6.66421 23.7241 6.66449L18.8255 11.5395C18.4586 11.9046 17.865 11.9034 17.4997 11.5363C17.1344 11.1693 17.1358 10.5757 17.5028 10.2105L20.7916 6.93749H0.937361C0.41958 6.93749 -0.000139236 6.51777 -0.000139236 5.99999C-0.000139236 5.48221 0.41958 5.06249 0.937361 5.06249Z\"\/>\n\t\t\t\t\t\t\t\t<\/svg><\/a>        <\/div>\n\t\t\t<\/article>\n\t\t\t\t\t<article id=\"post-30063\" class=\"elementor-post elementor-item post-30063 post type-post status-publish format-standard has-post-thumbnail hentry category-education entry\" data-group=\"education\" >\n        \t\t\t\t\t<div class=\"elementor-post__thumbnail-wrap\">\n\t          <div class=\"elementor-post__thumbnail\">\n\t            <img loading=\"lazy\" decoding=\"async\" width=\"300\" height=\"192\" src=\"https:\/\/alteriade-clients.alwaysdata.net\/appel\/wp-content\/uploads\/2025\/07\/CONGO-2019-Nelson-MANDELA-5-300x192.jpg\" class=\"attachment-medium size-medium wp-post-image\" alt=\"congo-ecole-associative-parrainage\" srcset=\"https:\/\/alteriade-clients.alwaysdata.net\/appel\/wp-content\/uploads\/2025\/07\/CONGO-2019-Nelson-MANDELA-5-300x192.jpg 300w, https:\/\/alteriade-clients.alwaysdata.net\/appel\/wp-content\/uploads\/2025\/07\/CONGO-2019-Nelson-MANDELA-5-1024x654.jpg 1024w, https:\/\/alteriade-clients.alwaysdata.net\/appel\/wp-content\/uploads\/2025\/07\/CONGO-2019-Nelson-MANDELA-5-768x490.jpg 768w, https:\/\/alteriade-clients.alwaysdata.net\/appel\/wp-content\/uploads\/2025\/07\/CONGO-2019-Nelson-MANDELA-5-1536x981.jpg 1536w, https:\/\/alteriade-clients.alwaysdata.net\/appel\/wp-content\/uploads\/2025\/07\/CONGO-2019-Nelson-MANDELA-5-2048x1308.jpg 2048w, https:\/\/alteriade-clients.alwaysdata.net\/appel\/wp-content\/uploads\/2025\/07\/CONGO-2019-Nelson-MANDELA-5-1568x1001.jpg 1568w\" sizes=\"(max-width: 34.9rem) calc(100vw - 2rem), (max-width: 53rem) calc(8 * (100vw \/ 12)), (min-width: 53rem) calc(6 * (100vw \/ 12)), 100vw\" \/>\t          <\/div>\n\t\t\t\t\t<\/div>\n        \n        <div class=\"elementor-post__content\">\n\t\t\t\t\t<h3 class=\"elementor-post__title __max-2-line\"><a href=\"https:\/\/alteriade-clients.alwaysdata.net\/appel\/vsi-congo\/\">Une VSI pour l\u2019autonomisation financi\u00e8re de l\u2019\u00e9cole Nelson Mandela au Congo<\/a><\/h3>\t\t\t\t\t\t\t\t<div class=\"elementor-post__excerpt\">\n\t\t\t\t\t\t\t\t\tUn projet couronn\u00e9 de succ\u00e8s L\u2019\u00e9cole Nelson Mandela est l\u2019un des rares\t\t\t\t\t\t\t\t<\/div>\n\t\t\t\t\t\t\t<a class=\"elementor-post__read-more\" href=\"https:\/\/alteriade-clients.alwaysdata.net\/appel\/vsi-congo\/\">Lire la suite<svg width=\"24\" height=\"12\" viewBox=\"0 0 24 12\" fill=\"currentColor\" xmlns=\"http:\/\/www.w3.org\/2000\/svg\">\n\t\t\t\t\t\t\t\t<path d=\"M0.937361 5.06249H20.7916L17.5027 1.78949C17.1357 1.42424 17.1343 0.830668 17.4996 0.463684C17.8648 0.096653 18.4584 0.095294 18.8254 0.460497L23.724 5.33549C23.7244 5.33577 23.7246 5.3361 23.7249 5.33638C24.0909 5.70163 24.0921 6.29713 23.725 6.6636C23.7247 6.66388 23.7244 6.66421 23.7241 6.66449L18.8255 11.5395C18.4586 11.9046 17.865 11.9034 17.4997 11.5363C17.1344 11.1693 17.1358 10.5757 17.5028 10.2105L20.7916 6.93749H0.937361C0.41958 6.93749 -0.000139236 6.51777 -0.000139236 5.99999C-0.000139236 5.48221 0.41958 5.06249 0.937361 5.06249Z\"\/>\n\t\t\t\t\t\t\t\t<\/svg><\/a>        <\/div>\n\t\t\t<\/article>\n\t\t\t\t\t<article id=\"post-29916\" class=\"elementor-post elementor-item post-29916 post type-post status-publish format-standard has-post-thumbnail hentry category-activity entry\" data-group=\"activity\" >\n        \t\t\t\t\t<div class=\"elementor-post__thumbnail-wrap\">\n\t          <div class=\"elementor-post__thumbnail\">\n\t            <img loading=\"lazy\" decoding=\"async\" width=\"300\" height=\"225\" src=\"https:\/\/alteriade-clients.alwaysdata.net\/appel\/wp-content\/uploads\/2025\/07\/Haiti-2010_Eau-9-300x225.jpg\" class=\"attachment-medium size-medium wp-post-image\" alt=\"haiti-bidon-eau-petites-filles-aller-chercher-leau\" srcset=\"https:\/\/alteriade-clients.alwaysdata.net\/appel\/wp-content\/uploads\/2025\/07\/Haiti-2010_Eau-9-300x225.jpg 300w, https:\/\/alteriade-clients.alwaysdata.net\/appel\/wp-content\/uploads\/2025\/07\/Haiti-2010_Eau-9-768x576.jpg 768w, https:\/\/alteriade-clients.alwaysdata.net\/appel\/wp-content\/uploads\/2025\/07\/Haiti-2010_Eau-9.jpg 886w\" sizes=\"(max-width: 34.9rem) calc(100vw - 2rem), (max-width: 53rem) calc(8 * (100vw \/ 12)), (min-width: 53rem) calc(6 * (100vw \/ 12)), 100vw\" \/>\t          <\/div>\n\t\t\t\t\t<\/div>\n        \n        <div class=\"elementor-post__content\">\n\t\t\t\t\t<h3 class=\"elementor-post__title __max-2-line\"><a href=\"https:\/\/alteriade-clients.alwaysdata.net\/appel\/dossier-eau-techniques\/\">Faire venir l&rsquo;eau, comment \u00e7a marche ?<\/a><\/h3>\t\t\t\t\t\t\t\t<div class=\"elementor-post__excerpt\">\n\t\t\t\t\t\t\t\t\tAu d\u00e9part on \u00ab crapahute \u00bb beaucoup sur le terrain ! Plusieurs\t\t\t\t\t\t\t\t<\/div>\n\t\t\t\t\t\t\t<a class=\"elementor-post__read-more\" href=\"https:\/\/alteriade-clients.alwaysdata.net\/appel\/dossier-eau-techniques\/\">Lire la suite<svg width=\"24\" height=\"12\" viewBox=\"0 0 24 12\" fill=\"currentColor\" xmlns=\"http:\/\/www.w3.org\/2000\/svg\">\n\t\t\t\t\t\t\t\t<path d=\"M0.937361 5.06249H20.7916L17.5027 1.78949C17.1357 1.42424 17.1343 0.830668 17.4996 0.463684C17.8648 0.096653 18.4584 0.095294 18.8254 0.460497L23.724 5.33549C23.7244 5.33577 23.7246 5.3361 23.7249 5.33638C24.0909 5.70163 24.0921 6.29713 23.725 6.6636C23.7247 6.66388 23.7244 6.66421 23.7241 6.66449L18.8255 11.5395C18.4586 11.9046 17.865 11.9034 17.4997 11.5363C17.1344 11.1693 17.1358 10.5757 17.5028 10.2105L20.7916 6.93749H0.937361C0.41958 6.93749 -0.000139236 6.51777 -0.000139236 5.99999C-0.000139236 5.48221 0.41958 5.06249 0.937361 5.06249Z\"\/>\n\t\t\t\t\t\t\t\t<\/svg><\/a>        <\/div>\n\t\t\t<\/article>\n\t\t\t\t\t<\/div>\n\t\t\t\t\t\t<\/div>\n\t\t\t\t<\/div>\n\t\t\t\t<div class=\"elementor-element elementor-element-ee01a40 elementor-align-center elementor-widget elementor-widget-button\" data-id=\"ee01a40\" data-element_type=\"widget\" data-widget_type=\"button.default\">\n\t\t\t\t<div class=\"elementor-widget-container\">\n\t\t\t\t\t\t\t\t\t<div class=\"elementor-button-wrapper\">\n\t\t\t\t\t<a class=\"elementor-button elementor-button-link elementor-size-sm\" href=\"https:\/\/alteriade-clients.alwaysdata.net\/appel\/actualites\/\">\n\t\t\t\t\t\t<span class=\"elementor-button-content-wrapper\">\n\t\t\t\t\t\t\t\t\t<span class=\"elementor-button-text\">Voir toutes les actualit\u00e9s terrain<\/span>\n\t\t\t\t\t<\/span>\n\t\t\t\t\t<\/a>\n\t\t\t\t<\/div>\n\t\t\t\t\t\t\t\t<\/div>\n\t\t\t\t<\/div>\n\t\t\t\t\t<\/div>\n\t\t<\/div>\n\t\t\t\t\t<\/div>\n\t\t<\/section>\n\t\t\t\t<\/div>\n\t\t","protected":false},"excerpt":{"rendered":"<p>Notre histoire de l&rsquo;association humanitaire \u00e0 l&rsquo;organisation de solidarit\u00e9 internationale toujours en aide aux enfants vuln\u00e9rables Depuis 1968, L\u2019Appel agit aux c\u00f4t\u00e9s des enfants vuln\u00e9rables dans le monde. Cr\u00e9\u00e9e par des professionnels convaincus que chacun peut mettre ses comp\u00e9tences au service d\u2019une solidarit\u00e9 durable, l\u2019association agit avec les familles pour am\u00e9liorer les conditions de vie [&hellip;]<\/p>\n","protected":false},"author":1,"featured_media":0,"parent":23133,"menu_order":0,"comment_status":"closed","ping_status":"closed","template":"elementor_header_footer","meta":{"_acf_changed":false,"footnotes":""},"class_list":["post-23139","page","type-page","status-publish","hentry","entry"],"acf":[],"yoast_head":"<!-- This site is optimized with the Yoast SEO plugin v26.1 - https:\/\/yoast.com\/wordpress\/plugins\/seo\/ -->\n<title>Notre histoire - Association humanitaire L&#039;Appel et parrainages d&#039;enfants<\/title>\n<meta name=\"description\" content=\"L\u2019Appel cr\u00e9\u00e9e en 1968 \u00e0 Paris par des p\u00e9diatres fran\u00e7ais vient en aide aux enfants vuln\u00e9rables du Vietnam qui n\u2019ont plus acc\u00e8s aux soins.\" \/>\n<meta name=\"robots\" content=\"noindex, follow, max-snippet:-1, max-image-preview:large, max-video-preview:-1\" \/>\n<meta property=\"og:locale\" content=\"fr_FR\" \/>\n<meta property=\"og:type\" content=\"article\" \/>\n<meta property=\"og:title\" content=\"Notre histoire - Association humanitaire L&#039;Appel et parrainages d&#039;enfants\" \/>\n<meta property=\"og:description\" content=\"L\u2019Appel cr\u00e9\u00e9e en 1968 \u00e0 Paris par des p\u00e9diatres fran\u00e7ais vient en aide aux enfants vuln\u00e9rables du Vietnam qui n\u2019ont plus acc\u00e8s aux soins.\" \/>\n<meta property=\"og:url\" content=\"https:\/\/alteriade-clients.alwaysdata.net\/appel\/qui-sommes-nous\/notre-histoire\/\" \/>\n<meta property=\"og:site_name\" content=\"Association humanitaire L&#039;Appel et parrainages d&#039;enfants\" \/>\n<meta property=\"article:modified_time\" content=\"2025-10-07T09:24:04+00:00\" \/>\n<meta property=\"og:image\" content=\"https:\/\/alteriade-clients.alwaysdata.net\/appel\/wp-content\/uploads\/2025\/08\/Vietnam-1ere-mission-de-Jacques-LALANDE-1-scaled.jpg\" \/>\n\t<meta property=\"og:image:width\" content=\"2560\" \/>\n\t<meta property=\"og:image:height\" content=\"1920\" \/>\n\t<meta property=\"og:image:type\" content=\"image\/jpeg\" \/>\n<meta name=\"twitter:card\" content=\"summary_large_image\" \/>\n<meta name=\"twitter:label1\" content=\"Dur\u00e9e de lecture estim\u00e9e\" \/>\n\t<meta name=\"twitter:data1\" content=\"6 minutes\" \/>\n<script type=\"application\/ld+json\" class=\"yoast-schema-graph\">{\"@context\":\"https:\/\/schema.org\",\"@graph\":[{\"@type\":\"WebPage\",\"@id\":\"https:\/\/alteriade-clients.alwaysdata.net\/appel\/qui-sommes-nous\/notre-histoire\/\",\"url\":\"https:\/\/alteriade-clients.alwaysdata.net\/appel\/qui-sommes-nous\/notre-histoire\/\",\"name\":\"Notre histoire - Association humanitaire L&#039;Appel et parrainages d&#039;enfants\",\"isPartOf\":{\"@id\":\"https:\/\/alteriade-clients.alwaysdata.net\/appel\/#website\"},\"primaryImageOfPage\":{\"@id\":\"https:\/\/alteriade-clients.alwaysdata.net\/appel\/qui-sommes-nous\/notre-histoire\/#primaryimage\"},\"image\":{\"@id\":\"https:\/\/alteriade-clients.alwaysdata.net\/appel\/qui-sommes-nous\/notre-histoire\/#primaryimage\"},\"thumbnailUrl\":\"https:\/\/alteriade-clients.alwaysdata.net\/appel\/wp-content\/uploads\/2025\/08\/Vietnam-1ere-mission-de-Jacques-LALANDE-1-1024x768.jpg\",\"datePublished\":\"2025-06-04T12:36:46+00:00\",\"dateModified\":\"2025-10-07T09:24:04+00:00\",\"description\":\"L\u2019Appel cr\u00e9\u00e9e en 1968 \u00e0 Paris par des p\u00e9diatres fran\u00e7ais vient en aide aux enfants vuln\u00e9rables du Vietnam qui n\u2019ont plus acc\u00e8s aux soins.\",\"breadcrumb\":{\"@id\":\"https:\/\/alteriade-clients.alwaysdata.net\/appel\/qui-sommes-nous\/notre-histoire\/#breadcrumb\"},\"inLanguage\":\"fr-FR\",\"potentialAction\":[{\"@type\":\"ReadAction\",\"target\":[\"https:\/\/alteriade-clients.alwaysdata.net\/appel\/qui-sommes-nous\/notre-histoire\/\"]}]},{\"@type\":\"ImageObject\",\"inLanguage\":\"fr-FR\",\"@id\":\"https:\/\/alteriade-clients.alwaysdata.net\/appel\/qui-sommes-nous\/notre-histoire\/#primaryimage\",\"url\":\"https:\/\/alteriade-clients.alwaysdata.net\/appel\/wp-content\/uploads\/2025\/08\/Vietnam-1ere-mission-de-Jacques-LALANDE-1-scaled.jpg\",\"contentUrl\":\"https:\/\/alteriade-clients.alwaysdata.net\/appel\/wp-content\/uploads\/2025\/08\/Vietnam-1ere-mission-de-Jacques-LALANDE-1-scaled.jpg\",\"width\":2560,\"height\":1920,\"caption\":\"aide-medicale-et-sanitaire-enfants-victimes-de-la-guerre-vietnam\"},{\"@type\":\"BreadcrumbList\",\"@id\":\"https:\/\/alteriade-clients.alwaysdata.net\/appel\/qui-sommes-nous\/notre-histoire\/#breadcrumb\",\"itemListElement\":[{\"@type\":\"ListItem\",\"position\":1,\"name\":\"Accueil\",\"item\":\"https:\/\/alteriade-clients.alwaysdata.net\/appel\/\"},{\"@type\":\"ListItem\",\"position\":2,\"name\":\"Qui sommes-nous ?\",\"item\":\"https:\/\/alteriade-clients.alwaysdata.net\/appel\/qui-sommes-nous\/\"},{\"@type\":\"ListItem\",\"position\":3,\"name\":\"Notre histoire\"}]},{\"@type\":\"WebSite\",\"@id\":\"https:\/\/alteriade-clients.alwaysdata.net\/appel\/#website\",\"url\":\"https:\/\/alteriade-clients.alwaysdata.net\/appel\/\",\"name\":\"Association humanitaire l'Appel et parrainages d'enfants\",\"description\":\"Solidarit\u00e9 avec les enfants du monde\",\"publisher\":{\"@id\":\"https:\/\/alteriade-clients.alwaysdata.net\/appel\/#organization\"},\"alternateName\":\"L'Appel\",\"potentialAction\":[{\"@type\":\"SearchAction\",\"target\":{\"@type\":\"EntryPoint\",\"urlTemplate\":\"https:\/\/alteriade-clients.alwaysdata.net\/appel\/?s={search_term_string}\"},\"query-input\":{\"@type\":\"PropertyValueSpecification\",\"valueRequired\":true,\"valueName\":\"search_term_string\"}}],\"inLanguage\":\"fr-FR\"},{\"@type\":\"Organization\",\"@id\":\"https:\/\/alteriade-clients.alwaysdata.net\/appel\/#organization\",\"name\":\"Association humanitaire L'Appel et parrainages d'enfants\",\"url\":\"https:\/\/alteriade-clients.alwaysdata.net\/appel\/\",\"logo\":{\"@type\":\"ImageObject\",\"inLanguage\":\"fr-FR\",\"@id\":\"https:\/\/alteriade-clients.alwaysdata.net\/appel\/#\/schema\/logo\/image\/\",\"url\":\"https:\/\/alteriade-clients.alwaysdata.net\/appel\/wp-content\/uploads\/2020\/09\/Logo-web.png\",\"contentUrl\":\"https:\/\/alteriade-clients.alwaysdata.net\/appel\/wp-content\/uploads\/2020\/09\/Logo-web.png\",\"width\":1834,\"height\":1333,\"caption\":\"Association humanitaire L'Appel et parrainages d'enfants\"},\"image\":{\"@id\":\"https:\/\/alteriade-clients.alwaysdata.net\/appel\/#\/schema\/logo\/image\/\"}}]}<\/script>\n<!-- \/ Yoast SEO plugin. -->","yoast_head_json":{"title":"Notre histoire - Association humanitaire L&#039;Appel et parrainages d&#039;enfants","description":"L\u2019Appel cr\u00e9\u00e9e en 1968 \u00e0 Paris par des p\u00e9diatres fran\u00e7ais vient en aide aux enfants vuln\u00e9rables du Vietnam qui n\u2019ont plus acc\u00e8s aux soins.","robots":{"index":"noindex","follow":"follow","max-snippet":"max-snippet:-1","max-image-preview":"max-image-preview:large","max-video-preview":"max-video-preview:-1"},"og_locale":"fr_FR","og_type":"article","og_title":"Notre histoire - Association humanitaire L&#039;Appel et parrainages d&#039;enfants","og_description":"L\u2019Appel cr\u00e9\u00e9e en 1968 \u00e0 Paris par des p\u00e9diatres fran\u00e7ais vient en aide aux enfants vuln\u00e9rables du Vietnam qui n\u2019ont plus acc\u00e8s aux soins.","og_url":"https:\/\/alteriade-clients.alwaysdata.net\/appel\/qui-sommes-nous\/notre-histoire\/","og_site_name":"Association humanitaire L&#039;Appel et parrainages d&#039;enfants","article_modified_time":"2025-10-07T09:24:04+00:00","og_image":[{"width":2560,"height":1920,"url":"https:\/\/alteriade-clients.alwaysdata.net\/appel\/wp-content\/uploads\/2025\/08\/Vietnam-1ere-mission-de-Jacques-LALANDE-1-scaled.jpg","type":"image\/jpeg"}],"twitter_card":"summary_large_image","twitter_misc":{"Dur\u00e9e de lecture estim\u00e9e":"6 minutes"},"schema":{"@context":"https:\/\/schema.org","@graph":[{"@type":"WebPage","@id":"https:\/\/alteriade-clients.alwaysdata.net\/appel\/qui-sommes-nous\/notre-histoire\/","url":"https:\/\/alteriade-clients.alwaysdata.net\/appel\/qui-sommes-nous\/notre-histoire\/","name":"Notre histoire - Association humanitaire L&#039;Appel et parrainages d&#039;enfants","isPartOf":{"@id":"https:\/\/alteriade-clients.alwaysdata.net\/appel\/#website"},"primaryImageOfPage":{"@id":"https:\/\/alteriade-clients.alwaysdata.net\/appel\/qui-sommes-nous\/notre-histoire\/#primaryimage"},"image":{"@id":"https:\/\/alteriade-clients.alwaysdata.net\/appel\/qui-sommes-nous\/notre-histoire\/#primaryimage"},"thumbnailUrl":"https:\/\/alteriade-clients.alwaysdata.net\/appel\/wp-content\/uploads\/2025\/08\/Vietnam-1ere-mission-de-Jacques-LALANDE-1-1024x768.jpg","datePublished":"2025-06-04T12:36:46+00:00","dateModified":"2025-10-07T09:24:04+00:00","description":"L\u2019Appel cr\u00e9\u00e9e en 1968 \u00e0 Paris par des p\u00e9diatres fran\u00e7ais vient en aide aux enfants vuln\u00e9rables du Vietnam qui n\u2019ont plus acc\u00e8s aux soins.","breadcrumb":{"@id":"https:\/\/alteriade-clients.alwaysdata.net\/appel\/qui-sommes-nous\/notre-histoire\/#breadcrumb"},"inLanguage":"fr-FR","potentialAction":[{"@type":"ReadAction","target":["https:\/\/alteriade-clients.alwaysdata.net\/appel\/qui-sommes-nous\/notre-histoire\/"]}]},{"@type":"ImageObject","inLanguage":"fr-FR","@id":"https:\/\/alteriade-clients.alwaysdata.net\/appel\/qui-sommes-nous\/notre-histoire\/#primaryimage","url":"https:\/\/alteriade-clients.alwaysdata.net\/appel\/wp-content\/uploads\/2025\/08\/Vietnam-1ere-mission-de-Jacques-LALANDE-1-scaled.jpg","contentUrl":"https:\/\/alteriade-clients.alwaysdata.net\/appel\/wp-content\/uploads\/2025\/08\/Vietnam-1ere-mission-de-Jacques-LALANDE-1-scaled.jpg","width":2560,"height":1920,"caption":"aide-medicale-et-sanitaire-enfants-victimes-de-la-guerre-vietnam"},{"@type":"BreadcrumbList","@id":"https:\/\/alteriade-clients.alwaysdata.net\/appel\/qui-sommes-nous\/notre-histoire\/#breadcrumb","itemListElement":[{"@type":"ListItem","position":1,"name":"Accueil","item":"https:\/\/alteriade-clients.alwaysdata.net\/appel\/"},{"@type":"ListItem","position":2,"name":"Qui sommes-nous ?","item":"https:\/\/alteriade-clients.alwaysdata.net\/appel\/qui-sommes-nous\/"},{"@type":"ListItem","position":3,"name":"Notre histoire"}]},{"@type":"WebSite","@id":"https:\/\/alteriade-clients.alwaysdata.net\/appel\/#website","url":"https:\/\/alteriade-clients.alwaysdata.net\/appel\/","name":"Association humanitaire l'Appel et parrainages d'enfants","description":"Solidarit\u00e9 avec les enfants du monde","publisher":{"@id":"https:\/\/alteriade-clients.alwaysdata.net\/appel\/#organization"},"alternateName":"L'Appel","potentialAction":[{"@type":"SearchAction","target":{"@type":"EntryPoint","urlTemplate":"https:\/\/alteriade-clients.alwaysdata.net\/appel\/?s={search_term_string}"},"query-input":{"@type":"PropertyValueSpecification","valueRequired":true,"valueName":"search_term_string"}}],"inLanguage":"fr-FR"},{"@type":"Organization","@id":"https:\/\/alteriade-clients.alwaysdata.net\/appel\/#organization","name":"Association humanitaire L'Appel et parrainages d'enfants","url":"https:\/\/alteriade-clients.alwaysdata.net\/appel\/","logo":{"@type":"ImageObject","inLanguage":"fr-FR","@id":"https:\/\/alteriade-clients.alwaysdata.net\/appel\/#\/schema\/logo\/image\/","url":"https:\/\/alteriade-clients.alwaysdata.net\/appel\/wp-content\/uploads\/2020\/09\/Logo-web.png","contentUrl":"https:\/\/alteriade-clients.alwaysdata.net\/appel\/wp-content\/uploads\/2020\/09\/Logo-web.png","width":1834,"height":1333,"caption":"Association humanitaire L'Appel et parrainages d'enfants"},"image":{"@id":"https:\/\/alteriade-clients.alwaysdata.net\/appel\/#\/schema\/logo\/image\/"}}]}},"_links":{"self":[{"href":"https:\/\/alteriade-clients.alwaysdata.net\/appel\/wp-json\/wp\/v2\/pages\/23139","targetHints":{"allow":["GET"]}}],"collection":[{"href":"https:\/\/alteriade-clients.alwaysdata.net\/appel\/wp-json\/wp\/v2\/pages"}],"about":[{"href":"https:\/\/alteriade-clients.alwaysdata.net\/appel\/wp-json\/wp\/v2\/types\/page"}],"author":[{"embeddable":true,"href":"https:\/\/alteriade-clients.alwaysdata.net\/appel\/wp-json\/wp\/v2\/users\/1"}],"replies":[{"embeddable":true,"href":"https:\/\/alteriade-clients.alwaysdata.net\/appel\/wp-json\/wp\/v2\/comments?post=23139"}],"version-history":[{"count":268,"href":"https:\/\/alteriade-clients.alwaysdata.net\/appel\/wp-json\/wp\/v2\/pages\/23139\/revisions"}],"predecessor-version":[{"id":33453,"href":"https:\/\/alteriade-clients.alwaysdata.net\/appel\/wp-json\/wp\/v2\/pages\/23139\/revisions\/33453"}],"up":[{"embeddable":true,"href":"https:\/\/alteriade-clients.alwaysdata.net\/appel\/wp-json\/wp\/v2\/pages\/23133"}],"wp:attachment":[{"href":"https:\/\/alteriade-clients.alwaysdata.net\/appel\/wp-json\/wp\/v2\/media?parent=23139"}],"curies":[{"name":"wp","href":"https:\/\/api.w.org\/{rel}","templated":true}]}}